{"version":"1.0","provider_name":"Av. Deniz Can K\u0131z\u0131l","provider_url":"http:\/\/denizcankizil.tr\/uk","author_name":"admin","author_url":"http:\/\/denizcankizil.tr\/uk\/author\/admin\/","title":"Hatay'da Otomobil ile Kamyonet \u00c7arp\u0131\u015ft\u0131...","type":"rich","width":600,"height":338,"html":"<blockquote class=\"wp-embedded-content\" data-secret=\"ZYCN2cXhDF\"><a href=\"http:\/\/denizcankizil.tr\/uk\/haberler\/gundem\/hatayda-otomobil-ile-kamyonet-carpisti\/\">Hatay&#8217;da Otomobil ile Kamyonet \u00c7arp\u0131\u015ft\u0131&#8230;<\/a><\/blockquote><iframe sandbox=\"allow-scripts\" security=\"restricted\" src=\"http:\/\/denizcankizil.tr\/uk\/haberler\/gundem\/hatayda-otomobil-ile-kamyonet-carpisti\/embed\/#?secret=ZYCN2cXhDF\" width=\"600\" height=\"338\" title=\"&#8220;Hatay&#8217;da Otomobil ile Kamyonet \u00c7arp\u0131\u015ft\u0131&#8230;&#8221; &#8212; Av. Deniz Can K\u0131z\u0131l\" data-secret=\"ZYCN2cXhDF\" frameborder=\"0\" marginwidth=\"0\" marginheight=\"0\" scrolling=\"no\" class=\"wp-embedded-content\"><\/iframe><script>\n\/*! This file is auto-generated *\/\n!function(d,l){\"use strict\";l.querySelector&&d.addEventListener&&\"undefined\"!=typeof URL&&(d.wp=d.wp||{},d.wp.receiveEmbedMessage||(d.wp.receiveEmbedMessage=function(e){var t=e.data;if((t||t.secret||t.message||t.value)&&!\/[^a-zA-Z0-9]\/.test(t.secret)){for(var s,r,n,a=l.querySelectorAll('iframe[data-secret=\"'+t.secret+'\"]'),o=l.querySelectorAll('blockquote[data-secret=\"'+t.secret+'\"]'),c=new RegExp(\"^https?:$\",\"i\"),i=0;i<o.length;i++)o[i].style.display=\"none\";for(i=0;i<a.length;i++)s=a[i],e.source===s.contentWindow&&(s.removeAttribute(\"style\"),\"height\"===t.message?(1e3<(r=parseInt(t.value,10))?r=1e3:~~r<200&&(r=200),s.height=r):\"link\"===t.message&&(r=new URL(s.getAttribute(\"src\")),n=new URL(t.value),c.test(n.protocol))&&n.host===r.host&&l.activeElement===s&&(d.top.location.href=t.value))}},d.addEventListener(\"message\",d.wp.receiveEmbedMessage,!1),l.addEventListener(\"DOMContentLoaded\",function(){for(var e,t,s=l.querySelectorAll(\"iframe.wp-embedded-content\"),r=0;r<s.length;r++)(t=(e=s[r]).getAttribute(\"data-secret\"))||(t=Math.random().toString(36).substring(2,12),e.src+=\"#?secret=\"+t,e.setAttribute(\"data-secret\",t)),e.contentWindow.postMessage({message:\"ready\",secret:t},\"*\")},!1)))}(window,document);\n\/\/# sourceURL=http:\/\/denizcankizil.tr\/wp-includes\/js\/wp-embed.min.js\n<\/script>","description":"Edinilen bilgiye g\u00f6re, Cumhuriyet Mahallesi Atat\u00fcrk Caddesi\u2019nde A.G. y\u00f6netimindeki plakas\u0131 \u00f6\u011frenilemeyen otomobil, viraj\u0131 alamayarak kontrolden \u00e7\u0131kt\u0131 ve kar\u015f\u0131 y\u00f6nden gelen S.R. idaresindeki kamyonetle \u00e7arp\u0131\u015ft\u0131. Kazan\u0131n ard\u0131ndan \u00e7evredeki vatanda\u015flar\u0131n ihbar\u0131 \u00fczerine olay yerine 112 Acil Sa\u011fl\u0131k ve polis ekipleri sevk edildi. \u00c7arp\u0131\u015fma sonucu otomobil s\u00fcr\u00fcc\u00fcs\u00fc A.G. ile ara\u00e7ta bulunan A.A. ve \u0130.K. yaraland\u0131. Yaral\u0131lar, ambulanslarla \u00e7evredeki hastanelere kald\u0131r\u0131larak tedavi alt\u0131na al\u0131nd\u0131. Polis ekiplerinin yapt\u0131\u011f\u0131 kontrolde otomobil s\u00fcr\u00fcc\u00fcs\u00fc A.G.\u2019nin 0.51 promil alkoll\u00fc oldu\u011fu tespit edildi. S\u00fcr\u00fcc\u00fcye alkoll\u00fc ara\u00e7 kullanmaktan cezai i\u015flem uyguland\u0131. \u00d6te yandan, kaza an\u0131 \u00e7evredeki bir i\u015f yerinin g\u00fcvenlik kameras\u0131 taraf\u0131ndan saniye saniye kaydedildi. G\u00f6r\u00fcnt\u00fclerde, otomobilin viraj\u0131 alamay\u0131p kontrolden \u00e7\u0131karak kar\u015f\u0131 \u015feride ge\u00e7mesi ve kamyonetle \u00e7arp\u0131\u015fmas\u0131 yer ald\u0131. Kazayla ilgili soru\u015fturma s\u00fcr\u00fcyor. \u200bHatay\u2019\u0131n Arsuz il\u00e7esinde otomobil ile kamyonetin \u00e7arp\u0131\u015fmas\u0131 sonucu 3 ki\u015fi yaraland\u0131. Kazaya kar\u0131\u015fan otomobil s\u00fcr\u00fcc\u00fcs\u00fcn\u00fcn alkoll\u00fc oldu\u011fu belirlendi.\u00a0 \u200bHaberin Al\u0131nt\u0131land\u0131\u011f\u0131 Kaynak: www.iskenderun.org","thumbnail_url":"https:\/\/iskenderunorg.teimg.com\/iskenderun-org\/uploads\/2025\/07\/2025\/07\/whatsapp-video-2025-07-17-at-090759mp4-snapshot-0008476.jpg"}