{"version":"1.0","provider_name":"Av. Deniz Can K\u0131z\u0131l","provider_url":"http:\/\/denizcankizil.tr\/uk","author_name":"admin","author_url":"http:\/\/denizcankizil.tr\/uk\/author\/admin\/","title":"Hatay-Osmaniye Yol Ayr\u0131m\u0131nda Feci Kaza...","type":"rich","width":600,"height":338,"html":"<blockquote class=\"wp-embedded-content\" data-secret=\"glAAlNF0NR\"><a href=\"http:\/\/denizcankizil.tr\/uk\/haberler\/gundem\/hatay-osmaniye-yol-ayriminda-feci-kaza\/\">Hatay-Osmaniye Yol Ayr\u0131m\u0131nda Feci Kaza&#8230;<\/a><\/blockquote><iframe sandbox=\"allow-scripts\" security=\"restricted\" src=\"http:\/\/denizcankizil.tr\/uk\/haberler\/gundem\/hatay-osmaniye-yol-ayriminda-feci-kaza\/embed\/#?secret=glAAlNF0NR\" width=\"600\" height=\"338\" title=\"&#8220;Hatay-Osmaniye Yol Ayr\u0131m\u0131nda Feci Kaza&#8230;&#8221; &#8212; Av. Deniz Can K\u0131z\u0131l\" data-secret=\"glAAlNF0NR\" frameborder=\"0\" marginwidth=\"0\" marginheight=\"0\" scrolling=\"no\" class=\"wp-embedded-content\"><\/iframe><script>\n\/*! This file is auto-generated *\/\n!function(d,l){\"use strict\";l.querySelector&&d.addEventListener&&\"undefined\"!=typeof URL&&(d.wp=d.wp||{},d.wp.receiveEmbedMessage||(d.wp.receiveEmbedMessage=function(e){var t=e.data;if((t||t.secret||t.message||t.value)&&!\/[^a-zA-Z0-9]\/.test(t.secret)){for(var s,r,n,a=l.querySelectorAll('iframe[data-secret=\"'+t.secret+'\"]'),o=l.querySelectorAll('blockquote[data-secret=\"'+t.secret+'\"]'),c=new RegExp(\"^https?:$\",\"i\"),i=0;i<o.length;i++)o[i].style.display=\"none\";for(i=0;i<a.length;i++)s=a[i],e.source===s.contentWindow&&(s.removeAttribute(\"style\"),\"height\"===t.message?(1e3<(r=parseInt(t.value,10))?r=1e3:~~r<200&&(r=200),s.height=r):\"link\"===t.message&&(r=new URL(s.getAttribute(\"src\")),n=new URL(t.value),c.test(n.protocol))&&n.host===r.host&&l.activeElement===s&&(d.top.location.href=t.value))}},d.addEventListener(\"message\",d.wp.receiveEmbedMessage,!1),l.addEventListener(\"DOMContentLoaded\",function(){for(var e,t,s=l.querySelectorAll(\"iframe.wp-embedded-content\"),r=0;r<s.length;r++)(t=(e=s[r]).getAttribute(\"data-secret\"))||(t=Math.random().toString(36).substring(2,12),e.src+=\"#?secret=\"+t,e.setAttribute(\"data-secret\",t)),e.contentWindow.postMessage({message:\"ready\",secret:t},\"*\")},!1)))}(window,document);\n\/\/# sourceURL=http:\/\/denizcankizil.tr\/wp-includes\/js\/wp-embed.min.js\n<\/script>","description":"Edinilen bilgilere g\u00f6re, seyir halindeki bir otomobil, yol \u00fczerindeki \u00e7at\u0131 ayr\u0131m\u0131nda \u00f6n\u00fcnde ilerleyen TIR\u2019a arkadan \u00e7arpt\u0131. \u00c7arpman\u0131n etkisiyle otomobilde bulunan s\u00fcr\u00fcc\u00fc ara\u00e7 i\u00e7inde s\u0131k\u0131\u015ft\u0131. Kazay\u0131 g\u00f6ren di\u011fer s\u00fcr\u00fcc\u00fcler, korna \u00e7alarak TIR \u015fof\u00f6r\u00fcn\u00fc uyard\u0131. Olay yerine k\u0131sa s\u00fcrede sa\u011fl\u0131k ve itfaiye ekipleri sevk edildi. Ekiplerin yapt\u0131\u011f\u0131 kontrolde, otomobil s\u00fcr\u00fcc\u00fcs\u00fcn\u00fcn olay yerinde ya\u015fam\u0131n\u0131 yitirdi\u011fi belirlendi. Hayat\u0131n\u0131 kaybeden s\u00fcr\u00fcc\u00fcn\u00fcn kimli\u011fi hen\u00fcz a\u00e7\u0131klanmazken, kazayla ilgili soru\u015fturma ba\u015flat\u0131ld\u0131\u011f\u0131 bildirildi. \u200bHatay-Osmaniye yol ayr\u0131m\u0131nda sabah saatlerinde meydana gelen trafik kazas\u0131nda bir ki\u015fi hayat\u0131n\u0131 kaybetti.\u00a0 \u200bHaberin Al\u0131nt\u0131land\u0131\u011f\u0131 Kaynak: www.iskenderun.org"}