{"version":"1.0","provider_name":"Av. Deniz Can K\u0131z\u0131l","provider_url":"http:\/\/denizcankizil.tr\/uk","author_name":"Antalya K\u00f6rfez","author_url":"http:\/\/denizcankizil.tr\/uk\/author\/www-antalyakorfez-com\/","title":"Greta Thunberg Ka\u00e7 Ya\u015f\u0131nda? \u00dcnl\u00fc Aktivist Nereli?","type":"rich","width":600,"height":338,"html":"<blockquote class=\"wp-embedded-content\" data-secret=\"UfubJIhpKO\"><a href=\"http:\/\/denizcankizil.tr\/uk\/haberler\/gundem\/greta-thunberg-kac-yasinda-unlu-aktivist-nereli\/\">Greta Thunberg Ka\u00e7 Ya\u015f\u0131nda? \u00dcnl\u00fc Aktivist Nereli?<\/a><\/blockquote><iframe sandbox=\"allow-scripts\" security=\"restricted\" src=\"http:\/\/denizcankizil.tr\/uk\/haberler\/gundem\/greta-thunberg-kac-yasinda-unlu-aktivist-nereli\/embed\/#?secret=UfubJIhpKO\" width=\"600\" height=\"338\" title=\"&#8220;Greta Thunberg Ka\u00e7 Ya\u015f\u0131nda? \u00dcnl\u00fc Aktivist Nereli?&#8221; &#8212; Av. Deniz Can K\u0131z\u0131l\" data-secret=\"UfubJIhpKO\" frameborder=\"0\" marginwidth=\"0\" marginheight=\"0\" scrolling=\"no\" class=\"wp-embedded-content\"><\/iframe><script>\n\/*! This file is auto-generated *\/\n!function(d,l){\"use strict\";l.querySelector&&d.addEventListener&&\"undefined\"!=typeof URL&&(d.wp=d.wp||{},d.wp.receiveEmbedMessage||(d.wp.receiveEmbedMessage=function(e){var t=e.data;if((t||t.secret||t.message||t.value)&&!\/[^a-zA-Z0-9]\/.test(t.secret)){for(var s,r,n,a=l.querySelectorAll('iframe[data-secret=\"'+t.secret+'\"]'),o=l.querySelectorAll('blockquote[data-secret=\"'+t.secret+'\"]'),c=new RegExp(\"^https?:$\",\"i\"),i=0;i<o.length;i++)o[i].style.display=\"none\";for(i=0;i<a.length;i++)s=a[i],e.source===s.contentWindow&&(s.removeAttribute(\"style\"),\"height\"===t.message?(1e3<(r=parseInt(t.value,10))?r=1e3:~~r<200&&(r=200),s.height=r):\"link\"===t.message&&(r=new URL(s.getAttribute(\"src\")),n=new URL(t.value),c.test(n.protocol))&&n.host===r.host&&l.activeElement===s&&(d.top.location.href=t.value))}},d.addEventListener(\"message\",d.wp.receiveEmbedMessage,!1),l.addEventListener(\"DOMContentLoaded\",function(){for(var e,t,s=l.querySelectorAll(\"iframe.wp-embedded-content\"),r=0;r<s.length;r++)(t=(e=s[r]).getAttribute(\"data-secret\"))||(t=Math.random().toString(36).substring(2,12),e.src+=\"#?secret=\"+t,e.setAttribute(\"data-secret\",t)),e.contentWindow.postMessage({message:\"ready\",secret:t},\"*\")},!1)))}(window,document);\n\/\/# sourceURL=http:\/\/denizcankizil.tr\/wp-includes\/js\/wp-embed.min.js\n<\/script>","description":"Greta Thunberg, d\u00fcnya \u00e7ap\u0131nda tan\u0131nan bir iklim aktivisti olarak kararl\u0131 duru\u015fuyla dikkat \u00e7ekiyor. Peki, Greta Thunberg ka\u00e7 ya\u015f\u0131nda? Bu yaz\u0131m\u0131zda, \u00fcnl\u00fc aktivistin hayat\u0131na dair merak edilen t\u00fcm detaylar\u0131 ele al\u0131yoruz! Greta Thunberg Ka\u00e7 Ya\u015f\u0131nda? Greta Thunberg, 3 Ocak 2003 tarihinde do\u011fmu\u015ftur. 2025 y\u0131l\u0131 itibar\u0131yla Greta Thunberg 22 ya\u015f\u0131ndad\u0131r. Gen\u00e7 ya\u015f\u0131na ra\u011fmen, iklim de\u011fi\u015fikli\u011fi konusunda k\u00fcresel bir hareket ba\u015flatm\u0131\u015f ve milyonlarca insan\u0131 harekete ge\u00e7irmi\u015ftir. 15 ya\u015f\u0131nda \u0130sve\u00e7 Parlamentosu \u00f6n\u00fcnde ba\u015flatt\u0131\u011f\u0131 \u201c\u0130klim i\u00e7in Okul Grevi\u201d (Skolstrejk f\u00f6r klimatet) ile d\u00fcnya g\u00fcndemine oturan Thunberg, o g\u00fcnden beri \u00e7evre bilincini art\u0131rmak i\u00e7in \u00e7e\u015fitli eylemlerde bulunuyor. Greta Thunberg Nereli? Greta Thunberg ka\u00e7 ya\u015f\u0131nda sorusunun ard\u0131ndan \u00fcnl\u00fc aktivist hakk\u0131nda merak edilen di\u011fer detaylara ge\u00e7elim. Greta Thunberg, \u0130sve\u00e7 vatanda\u015f\u0131d\u0131r ve Stockholm \u015fehrinde do\u011fmu\u015ftur. \u0130sve\u00e7\u2019in \u00e7evre dostu politikalar\u0131 ve s\u00fcrd\u00fcr\u00fclebilirlik konusundaki fark\u0131ndal\u0131\u011f\u0131, Greta\u2019n\u0131n aktivizminin temelini olu\u015fturmu\u015ftur. Ailesi de sanat d\u00fcnyas\u0131nda tan\u0131nm\u0131\u015f isimlerden olu\u015fuyor; annesi Malena Ernman bir opera sanat\u00e7\u0131s\u0131, babas\u0131 Svante Thunberg ise bir akt\u00f6rd\u00fcr. Greta Thunberg Kimdir? Greta Tintin Eleonora Ernman Thunberg, 2018 y\u0131l\u0131nda iklim de\u011fi\u015fikli\u011fine kar\u015f\u0131 harekete ge\u00e7ilmesi gerekti\u011fini vurgulayan protestolar\u0131yla tan\u0131nan bir aktivisttir. Hen\u00fcz 15 ya\u015f\u0131ndayken, \u0130sve\u00e7\u2019in 2018 genel se\u00e7imleri \u00f6ncesinde okulunu boykot ederek parlamentonun \u00f6n\u00fcnde oturma eylemi yapm\u0131\u015ft\u0131r. Elinde \u201c\u0130klim i\u00e7in Okul Grevi\u201d yazan bir pankartla ba\u015flayan bu eylem, k\u0131sa s\u00fcrede k\u00fcresel bir harekete &hellip;"}