{"version":"1.0","provider_name":"Av. Deniz Can K\u0131z\u0131l","provider_url":"http:\/\/denizcankizil.tr\/uk","author_name":"admin","author_url":"http:\/\/denizcankizil.tr\/uk\/author\/admin\/","title":"Erzincan-Kelkit karayolu g\u00f6\u00e7t\u00fc!","type":"rich","width":600,"height":338,"html":"<blockquote class=\"wp-embedded-content\" data-secret=\"qslB0OIzl5\"><a href=\"http:\/\/denizcankizil.tr\/uk\/haberler\/gundem\/erzincan-kelkit-karayolu-goctu\/\">Erzincan-Kelkit karayolu g\u00f6\u00e7t\u00fc!<\/a><\/blockquote><iframe sandbox=\"allow-scripts\" security=\"restricted\" src=\"http:\/\/denizcankizil.tr\/uk\/haberler\/gundem\/erzincan-kelkit-karayolu-goctu\/embed\/#?secret=qslB0OIzl5\" width=\"600\" height=\"338\" title=\"&#8220;Erzincan-Kelkit karayolu g\u00f6\u00e7t\u00fc!&#8221; &#8212; Av. Deniz Can K\u0131z\u0131l\" data-secret=\"qslB0OIzl5\" frameborder=\"0\" marginwidth=\"0\" marginheight=\"0\" scrolling=\"no\" class=\"wp-embedded-content\"><\/iframe><script>\n\/*! This file is auto-generated *\/\n!function(d,l){\"use strict\";l.querySelector&&d.addEventListener&&\"undefined\"!=typeof URL&&(d.wp=d.wp||{},d.wp.receiveEmbedMessage||(d.wp.receiveEmbedMessage=function(e){var t=e.data;if((t||t.secret||t.message||t.value)&&!\/[^a-zA-Z0-9]\/.test(t.secret)){for(var s,r,n,a=l.querySelectorAll('iframe[data-secret=\"'+t.secret+'\"]'),o=l.querySelectorAll('blockquote[data-secret=\"'+t.secret+'\"]'),c=new RegExp(\"^https?:$\",\"i\"),i=0;i<o.length;i++)o[i].style.display=\"none\";for(i=0;i<a.length;i++)s=a[i],e.source===s.contentWindow&&(s.removeAttribute(\"style\"),\"height\"===t.message?(1e3<(r=parseInt(t.value,10))?r=1e3:~~r<200&&(r=200),s.height=r):\"link\"===t.message&&(r=new URL(s.getAttribute(\"src\")),n=new URL(t.value),c.test(n.protocol))&&n.host===r.host&&l.activeElement===s&&(d.top.location.href=t.value))}},d.addEventListener(\"message\",d.wp.receiveEmbedMessage,!1),l.addEventListener(\"DOMContentLoaded\",function(){for(var e,t,s=l.querySelectorAll(\"iframe.wp-embedded-content\"),r=0;r<s.length;r++)(t=(e=s[r]).getAttribute(\"data-secret\"))||(t=Math.random().toString(36).substring(2,12),e.src+=\"#?secret=\"+t,e.setAttribute(\"data-secret\",t)),e.contentWindow.postMessage({message:\"ready\",secret:t},\"*\")},!1)))}(window,document);\n\/\/# sourceURL=http:\/\/denizcankizil.tr\/wp-includes\/js\/wp-embed.min.js\n<\/script>","description":"Erzincan-Kelkit karayolunda Balkaya K\u00f6y\u00fc mevkiinde ya\u015fanan yol kaymas\u0131 nedeniyle yol \u00e7ift y\u00f6nl\u00fc trafi\u011fe kapat\u0131ld\u0131. CHP&#8217;li Milletvekili Mustafa Sar\u0131g\u00fcl, b\u00f6lgeden bakanl\u0131\u011fa seslenerek, acil \u00e7\u00f6z\u00fcm istedi.ANKARA (\u0130GFA) &#8211; Kelkit-Erzincan Karayolu\u2019nun Balkaya K\u00f6y\u00fc mevkiinde meydana gelen heyelan ve yol g\u00f6\u00e7mesi nedeniyle yol \u00e7ift y\u00f6nl\u00fc trafi\u011fe kapat\u0131ld\u0131. Kelkit Kaymakaml\u0131\u011f\u0131, Erzincan-Kelkit karayoluna ya\u015fanan yol kaymas\u0131 dolay\u0131s\u0131yla kullan\u0131lamaz hale geldi\u011fini belirtti. B\u00f6lgede trafik tamamen dururken, Kaymakaml\u0131k, b\u00f6lgeye y\u00f6nlendirilen ekiplerin alternatif yol g\u00fczergahlar\u0131 \u00fczerinden s\u00fcr\u00fcc\u00fcleri y\u00f6nlendirmeye ba\u015flad\u0131\u011f\u0131n\u0131 duyurdu. CHP Erzincan Milletvekili Mustafa Sar\u0131g\u00fcl ise, sosyal medyadan yapt\u0131\u011f\u0131 payla\u015f\u0131mda, &#8220;Ahmediye T\u00fcneli projesinin bir an \u00f6nce hayata ge\u00e7irilmesini talep ediyoruz&#8221; diyerek, Ula\u015ft\u0131rma ve Altyap\u0131 Bakan\u0131 Abdulkadir Uralo\u011flu&#8217;na \u00e7a\u011fr\u0131da bulundu. Sar\u0131g\u00fcl, b\u00f6lgenin ula\u015f\u0131m sorunlar\u0131na kal\u0131c\u0131 \u00e7\u00f6z\u00fcm beklediklerini kaydetti. ????An itibariyle Erzincan Kelkit yolu. #erzincan #kelkit #yol #t\u00fcrkiye #bayram #afet pic.twitter.com\/eX2ZwFx6rN\u2014 Mustafa Sar\u0131g\u00fcl (@M_Sarigul) April 2, 2025 \u200bErzincan-Kelkit karayolunda Balkaya K\u00f6y\u00fc mevkiinde ya\u015fanan yol kaymas\u0131 nedeniyle yol \u00e7ift y\u00f6nl\u00fc trafi\u011fe kapat\u0131ld\u0131. CHP&#8217;li Milletvekili Mustafa Sar\u0131g\u00fcl, b\u00f6lgeden bakanl\u0131\u011fa seslenerek, acil \u00e7\u00f6z\u00fcm istedi.ANKARA (\u0130GFA) &#8211; Kelkit-Erzincan Karayolu\u2019nun Balkaya K\u00f6y\u00fc mevkiinde meydana gelen heyelan ve yol g\u00f6\u00e7mesi nedeniyle yol \u00e7ift y\u00f6nl\u00fc trafi\u011fe kapat\u0131ld\u0131. Kelkit Kaymakaml\u0131\u011f\u0131, Erzincan-Kelkit karayoluna ya\u015fanan yol kaymas\u0131 dolay\u0131s\u0131yla kullan\u0131lamaz hale geldi\u011fini belirtti. B\u00f6lgede trafik tamamen dururken, Kaymakaml\u0131k, b\u00f6lgeye y\u00f6nlendirilen ekiplerin alternatif yol g\u00fczergahlar\u0131 \u00fczerinden s\u00fcr\u00fcc\u00fcleri y\u00f6nlendirmeye ba\u015flad\u0131\u011f\u0131n\u0131 duyurdu. CHP Erzincan Milletvekili &hellip;"}