{"version":"1.0","provider_name":"Av. Deniz Can K\u0131z\u0131l","provider_url":"http:\/\/denizcankizil.tr\/uk","author_name":"Antalya K\u00f6rfez","author_url":"http:\/\/denizcankizil.tr\/uk\/author\/www-antalyakorfez-com\/","title":"Ekrem \u0130mamo\u011flu: Ak\u015fam diploman\u0131z\u0131 al\u0131p gelin","type":"rich","width":600,"height":338,"html":"<blockquote class=\"wp-embedded-content\" data-secret=\"Fb0Z6cibTa\"><a href=\"http:\/\/denizcankizil.tr\/uk\/haberler\/gundem\/ekrem-imamoglu-aksam-diplomanizi-alip-gelin\/\">Ekrem \u0130mamo\u011flu: Ak\u015fam diploman\u0131z\u0131 al\u0131p gelin<\/a><\/blockquote><iframe sandbox=\"allow-scripts\" security=\"restricted\" src=\"http:\/\/denizcankizil.tr\/uk\/haberler\/gundem\/ekrem-imamoglu-aksam-diplomanizi-alip-gelin\/embed\/#?secret=Fb0Z6cibTa\" width=\"600\" height=\"338\" title=\"&#8220;Ekrem \u0130mamo\u011flu: Ak\u015fam diploman\u0131z\u0131 al\u0131p gelin&#8221; &#8212; Av. Deniz Can K\u0131z\u0131l\" data-secret=\"Fb0Z6cibTa\" frameborder=\"0\" marginwidth=\"0\" marginheight=\"0\" scrolling=\"no\" class=\"wp-embedded-content\"><\/iframe><script>\n\/*! This file is auto-generated *\/\n!function(d,l){\"use strict\";l.querySelector&&d.addEventListener&&\"undefined\"!=typeof URL&&(d.wp=d.wp||{},d.wp.receiveEmbedMessage||(d.wp.receiveEmbedMessage=function(e){var t=e.data;if((t||t.secret||t.message||t.value)&&!\/[^a-zA-Z0-9]\/.test(t.secret)){for(var s,r,n,a=l.querySelectorAll('iframe[data-secret=\"'+t.secret+'\"]'),o=l.querySelectorAll('blockquote[data-secret=\"'+t.secret+'\"]'),c=new RegExp(\"^https?:$\",\"i\"),i=0;i<o.length;i++)o[i].style.display=\"none\";for(i=0;i<a.length;i++)s=a[i],e.source===s.contentWindow&&(s.removeAttribute(\"style\"),\"height\"===t.message?(1e3<(r=parseInt(t.value,10))?r=1e3:~~r<200&&(r=200),s.height=r):\"link\"===t.message&&(r=new URL(s.getAttribute(\"src\")),n=new URL(t.value),c.test(n.protocol))&&n.host===r.host&&l.activeElement===s&&(d.top.location.href=t.value))}},d.addEventListener(\"message\",d.wp.receiveEmbedMessage,!1),l.addEventListener(\"DOMContentLoaded\",function(){for(var e,t,s=l.querySelectorAll(\"iframe.wp-embedded-content\"),r=0;r<s.length;r++)(t=(e=s[r]).getAttribute(\"data-secret\"))||(t=Math.random().toString(36).substring(2,12),e.src+=\"#?secret=\"+t,e.setAttribute(\"data-secret\",t)),e.contentWindow.postMessage({message:\"ready\",secret:t},\"*\")},!1)))}(window,document);\n\/\/# sourceURL=http:\/\/denizcankizil.tr\/wp-includes\/js\/wp-embed.min.js\n<\/script>","description":"\u0130stanbul B\u00fcy\u00fck\u015fehir Belediye (\u0130BB) Ba\u015fkan\u0131 ve CHP\u2019nin cumhurba\u015fkan\u0131 aday\u0131 Ekrem \u0130mamo\u011flu 19 Mart 2025 tarihinde hakk\u0131nda \u00e7\u0131kan yolsuz iddialar\u0131n\u0131n ard\u0131ndan tutukland\u0131. \u0130mamo\u011flu\u2019nun yarg\u0131lanma s\u00fcreci devam ederken sosyal medya \u00fczerinden ise s\u0131k s\u0131k halk\u0131na seslenme devam ediyor. \u201cD\u0130PLOMALARINIZI GET\u0130R\u0130N\u201d \u0130BB Ba\u015fkan\u0131 Ekrem \u0130mamo\u011flu sosyal medya \u00fczerinden yapt\u0131\u011f\u0131 payla\u015f\u0131mda diplomas\u0131na vurgu yapt\u0131. \u0130mamo\u011flu 7 May\u0131s 2025 (bug\u00fcn) saat 20.30\u2019da Beyaz\u0131t Meydan\u0131\u2019nda davetti. Sadece bununla yetinemeyen \u0130mamo\u011flu mitinge gelen vatanda\u015flar\u0131n yan\u0131nda diplomas\u0131n\u0131 da getirmesini istedi. Bu ak\u015fam saat 20.30\u2019da Beyaz\u0131t Meydan\u0131\u2019nda bulu\u015fuyoruz. Diploman\u0131 al da gel. \ud83d\ude0a pic.twitter.com\/v7x2BJsxYN \u2014 Ekrem \u0130mamo\u011flu (@ekrem_imamoglu) May 7, 2025 NE OLMU\u015eTU? \u0130BB Ba\u015fkan\u0131 Ekrem \u0130mamo\u011flu\u2019nun ge\u00e7ti\u011fimiz g\u00fcn (6 May\u0131s 2025) \u0130stanbul \u00dcniversitesi taraf\u0131ndan al\u0131nan bir kararla diplomas\u0131 \u00fcniversitenin veri taban\u0131ndan silindi. . Al\u0131nan bu karar\u0131n ard\u0131ndan \u0130mamo\u011flu\u2019nun E-Devlet sistemine girdi\u011finde art\u0131k lise mezunu olarak g\u00f6r\u00fcnece\u011fi s\u00f6ylendi. \u0130mamo\u011flu\u2019nun avukat\u0131 Mehmet Pehlivan, yapt\u0131\u011f\u0131 a\u00e7\u0131klamada m\u00fcvekkilinin \u00fcniversite diplomas\u0131n\u0131n iptali i\u015flemine kar\u015f\u0131 dava a\u00e7t\u0131klar\u0131n\u0131 duyurmu\u015ftu. \u0130MAMO\u011eLU\u2019NUN D\u0130PLOMASI NEDEN \u0130PTAL ED\u0130LD\u0130 Rekt\u00f6r Prof. Dr. Osman B\u00fclent Z\u00fclfikar ba\u015fkanl\u0131\u011f\u0131ndaki \u0130stanbul \u00dcniversitesi Y\u00f6netim Kurulu, \u0130mamo\u011flu&#8217;nun da aralar\u0131nda bulundu\u011fu 28 ki\u015finin diplomalar\u0131n\u0131n &#8220;yokluk&#8221; ve &#8220;a\u00e7\u0131k hata&#8221; gerek\u00e7eleriyle geri al\u0131nmak suretiyle iptaline karar vermi\u015fti. \u00dcniversite raporuna g\u00f6re; bu ki\u015filerin diploma iptal edilme nedenleri aras\u0131nda yatay ge\u00e7i\u015f \u015fartlar\u0131 aras\u0131nda yer alan not ortalamas\u0131n\u0131n &#8220;2,40&#8221; \u00fcst\u00fc olmamas\u0131, transkriptte &hellip;"}