{"version":"1.0","provider_name":"Av. Deniz Can K\u0131z\u0131l","provider_url":"http:\/\/denizcankizil.tr\/uk","author_name":"admin","author_url":"http:\/\/denizcankizil.tr\/uk\/author\/admin\/","title":"Ehliyetsiz s\u00fcr\u00fcc\u00fc kazaya sebep oldu!","type":"rich","width":600,"height":338,"html":"<blockquote class=\"wp-embedded-content\" data-secret=\"QmbdTLFFZ7\"><a href=\"http:\/\/denizcankizil.tr\/uk\/haberler\/gundem\/ehliyetsiz-surucu-kazaya-sebep-oldu\/\">Ehliyetsiz s\u00fcr\u00fcc\u00fc kazaya sebep oldu!<\/a><\/blockquote><iframe sandbox=\"allow-scripts\" security=\"restricted\" src=\"http:\/\/denizcankizil.tr\/uk\/haberler\/gundem\/ehliyetsiz-surucu-kazaya-sebep-oldu\/embed\/#?secret=QmbdTLFFZ7\" width=\"600\" height=\"338\" title=\"&#8220;Ehliyetsiz s\u00fcr\u00fcc\u00fc kazaya sebep oldu!&#8221; &#8212; Av. Deniz Can K\u0131z\u0131l\" data-secret=\"QmbdTLFFZ7\" frameborder=\"0\" marginwidth=\"0\" marginheight=\"0\" scrolling=\"no\" class=\"wp-embedded-content\"><\/iframe><script>\n\/*! This file is auto-generated *\/\n!function(d,l){\"use strict\";l.querySelector&&d.addEventListener&&\"undefined\"!=typeof URL&&(d.wp=d.wp||{},d.wp.receiveEmbedMessage||(d.wp.receiveEmbedMessage=function(e){var t=e.data;if((t||t.secret||t.message||t.value)&&!\/[^a-zA-Z0-9]\/.test(t.secret)){for(var s,r,n,a=l.querySelectorAll('iframe[data-secret=\"'+t.secret+'\"]'),o=l.querySelectorAll('blockquote[data-secret=\"'+t.secret+'\"]'),c=new RegExp(\"^https?:$\",\"i\"),i=0;i<o.length;i++)o[i].style.display=\"none\";for(i=0;i<a.length;i++)s=a[i],e.source===s.contentWindow&&(s.removeAttribute(\"style\"),\"height\"===t.message?(1e3<(r=parseInt(t.value,10))?r=1e3:~~r<200&&(r=200),s.height=r):\"link\"===t.message&&(r=new URL(s.getAttribute(\"src\")),n=new URL(t.value),c.test(n.protocol))&&n.host===r.host&&l.activeElement===s&&(d.top.location.href=t.value))}},d.addEventListener(\"message\",d.wp.receiveEmbedMessage,!1),l.addEventListener(\"DOMContentLoaded\",function(){for(var e,t,s=l.querySelectorAll(\"iframe.wp-embedded-content\"),r=0;r<s.length;r++)(t=(e=s[r]).getAttribute(\"data-secret\"))||(t=Math.random().toString(36).substring(2,12),e.src+=\"#?secret=\"+t,e.setAttribute(\"data-secret\",t)),e.contentWindow.postMessage({message:\"ready\",secret:t},\"*\")},!1)))}(window,document);\n\/\/# sourceURL=http:\/\/denizcankizil.tr\/wp-includes\/js\/wp-embed.min.js\n<\/script>","description":"Ad\u0131yaman&#8217;da ehliyetsiz s\u00fcr\u00fcc\u00fc elektrikli bisiklet s\u00fcr\u00fcc\u00fcs\u00fcne \u00e7arpt\u0131. ADIYAMAN (\u0130GFA) &#8211; Ad\u0131yaman\u2019\u0131n Alt\u0131n\u015fehir Mahallesi\u2019nde bulunan Alt\u0131n\u015fehir K\u00f6pr\u00fcs\u00fc \u00fczerinde meydana gelen kazada, 17 ya\u015f\u0131ndaki ehliyetsiz bir s\u00fcr\u00fcc\u00fc, 02 ER 079 plakal\u0131 ara\u00e7 ile seyir halindeyken, elektrikli bisiklet s\u00fcr\u00fcc\u00fcs\u00fcne arkadan \u00e7arpt\u0131. \u00c7arpman\u0131n etkisiyle bisiklet s\u00fcr\u00fcc\u00fcs\u00fc Ebubekir Ay\u0131k (44), metrelerce s\u00fcr\u00fcklendi ve a\u011f\u0131r yaraland\u0131. Sa\u011fl\u0131k ekiplerinin h\u0131zla olay yerine intikal etmesiyle Ay\u0131k, ilk m\u00fcdahalesinin ard\u0131ndan hastaneye kald\u0131r\u0131ld\u0131. Doktorlar, yaral\u0131n\u0131n hayati tehlikesinin devam etti\u011fini belirtti. Kazayla ilgili soru\u015fturma ba\u015flat\u0131l\u0131rken, 17 ya\u015f\u0131ndaki ehliyetsiz s\u00fcr\u00fcc\u00fcn\u00fcn ifadesi al\u0131nmak \u00fczere polis merkezine g\u00f6t\u00fcr\u00fcld\u00fc\u011f\u00fc \u00f6\u011frenildi. \u200bAd\u0131yaman&#8217;da ehliyetsiz s\u00fcr\u00fcc\u00fc elektrikli bisiklet s\u00fcr\u00fcc\u00fcs\u00fcne \u00e7arpt\u0131. ADIYAMAN (\u0130GFA) &#8211; Ad\u0131yaman\u2019\u0131n Alt\u0131n\u015fehir Mahallesi\u2019nde bulunan Alt\u0131n\u015fehir K\u00f6pr\u00fcs\u00fc \u00fczerinde meydana gelen kazada, 17 ya\u015f\u0131ndaki ehliyetsiz bir s\u00fcr\u00fcc\u00fc, 02 ER 079 plakal\u0131 ara\u00e7 ile seyir halindeyken, elektrikli bisiklet s\u00fcr\u00fcc\u00fcs\u00fcne arkadan \u00e7arpt\u0131. \u00c7arpman\u0131n etkisiyle bisiklet s\u00fcr\u00fcc\u00fcs\u00fc Ebubekir Ay\u0131k (44), metrelerce s\u00fcr\u00fcklendi ve a\u011f\u0131r yaraland\u0131. Sa\u011fl\u0131k ekiplerinin h\u0131zla olay yerine intikal etmesiyle Ay\u0131k, ilk m\u00fcdahalesinin ard\u0131ndan hastaneye kald\u0131r\u0131ld\u0131. Doktorlar, yaral\u0131n\u0131n hayati tehlikesinin devam etti\u011fini belirtti. Kazayla ilgili soru\u015fturma ba\u015flat\u0131l\u0131rken, 17 ya\u015f\u0131ndaki ehliyetsiz s\u00fcr\u00fcc\u00fcn\u00fcn ifadesi al\u0131nmak \u00fczere polis merkezine g\u00f6t\u00fcr\u00fcld\u00fc\u011f\u00fc \u00f6\u011frenildi.\u00a0 \u200bHaberin Al\u0131nt\u0131land\u0131\u011f\u0131 Kaynak: www.iskenderun.org"}