{"version":"1.0","provider_name":"Av. Deniz Can K\u0131z\u0131l","provider_url":"http:\/\/denizcankizil.tr\/uk","author_name":"Av. Deniz Can K\u0131z\u0131l","author_url":"http:\/\/denizcankizil.tr\/uk","title":"Do\u011fu Akdeniz ve Do\u011fu Anadolu'ya 'kuvvetli ya\u011f\u0131\u015f' uyar\u0131s\u0131!","type":"rich","width":600,"height":338,"html":"<blockquote class=\"wp-embedded-content\" data-secret=\"SgaloSykz1\"><a href=\"http:\/\/denizcankizil.tr\/uk\/haberler\/gundem\/dogu-akdeniz-ve-dogu-anadoluya-kuvvetli-yagis-uyarisi\/\">Do\u011fu Akdeniz ve Do\u011fu Anadolu&#8217;ya &#8216;kuvvetli ya\u011f\u0131\u015f&#8217; uyar\u0131s\u0131!<\/a><\/blockquote><iframe sandbox=\"allow-scripts\" security=\"restricted\" src=\"http:\/\/denizcankizil.tr\/uk\/haberler\/gundem\/dogu-akdeniz-ve-dogu-anadoluya-kuvvetli-yagis-uyarisi\/embed\/#?secret=SgaloSykz1\" width=\"600\" height=\"338\" title=\"&#8220;Do\u011fu Akdeniz ve Do\u011fu Anadolu&#8217;ya &#8216;kuvvetli ya\u011f\u0131\u015f&#8217; uyar\u0131s\u0131!&#8221; &#8212; Av. Deniz Can K\u0131z\u0131l\" data-secret=\"SgaloSykz1\" frameborder=\"0\" marginwidth=\"0\" marginheight=\"0\" scrolling=\"no\" class=\"wp-embedded-content\"><\/iframe><script>\n\/*! This file is auto-generated *\/\n!function(d,l){\"use strict\";l.querySelector&&d.addEventListener&&\"undefined\"!=typeof URL&&(d.wp=d.wp||{},d.wp.receiveEmbedMessage||(d.wp.receiveEmbedMessage=function(e){var t=e.data;if((t||t.secret||t.message||t.value)&&!\/[^a-zA-Z0-9]\/.test(t.secret)){for(var s,r,n,a=l.querySelectorAll('iframe[data-secret=\"'+t.secret+'\"]'),o=l.querySelectorAll('blockquote[data-secret=\"'+t.secret+'\"]'),c=new RegExp(\"^https?:$\",\"i\"),i=0;i<o.length;i++)o[i].style.display=\"none\";for(i=0;i<a.length;i++)s=a[i],e.source===s.contentWindow&&(s.removeAttribute(\"style\"),\"height\"===t.message?(1e3<(r=parseInt(t.value,10))?r=1e3:~~r<200&&(r=200),s.height=r):\"link\"===t.message&&(r=new URL(s.getAttribute(\"src\")),n=new URL(t.value),c.test(n.protocol))&&n.host===r.host&&l.activeElement===s&&(d.top.location.href=t.value))}},d.addEventListener(\"message\",d.wp.receiveEmbedMessage,!1),l.addEventListener(\"DOMContentLoaded\",function(){for(var e,t,s=l.querySelectorAll(\"iframe.wp-embedded-content\"),r=0;r<s.length;r++)(t=(e=s[r]).getAttribute(\"data-secret\"))||(t=Math.random().toString(36).substring(2,12),e.src+=\"#?secret=\"+t,e.setAttribute(\"data-secret\",t)),e.contentWindow.postMessage({message:\"ready\",secret:t},\"*\")},!1)))}(window,document);\n\/\/# sourceURL=http:\/\/denizcankizil.tr\/wp-includes\/js\/wp-embed.min.js\n<\/script>","description":"Meteoroloji haftan\u0131n ilk i\u015f g\u00fcn\u00fcne ili\u015fkin hava tahmin raporunu yay\u0131mlad\u0131. Do\u011fu Akdeniz, Do\u011fu Anadolu&#8217;nun g\u00fcneyi ile 6 il \u00e7evresinde yer yer kuvvetli ya\u011f\u0131\u015f uyar\u0131s\u0131nda bulunulurken, Do\u011fu Anadolu&#8217;nun kuzey ve do\u011fusunun y\u00fcksek kesimlerinde ya\u011f\u0131\u015flar\u0131n karla kar\u0131\u015f\u0131k olmas\u0131 bekleniyor.ANKARA (\u0130GFA) &#8211; Meteoroloji Genel M\u00fcd\u00fcrl\u00fc\u011f\u00fc taraf\u0131ndan yap\u0131lan son tahminlere g\u00f6re T\u00fcrkiye genelinin par\u00e7al\u0131 ve \u00e7ok bulutlu, Marmara\u2019n\u0131n do\u011fusu, Orta ve Do\u011fu Akdeniz, \u0130\u00e7 Anadolu, Karadeniz, Do\u011fu ve G\u00fcneydo\u011fu Anadolu ile Bal\u0131kesir, K\u00fctahya, U\u015fak, Afyonkarahisar ve Isparta \u00e7evrelerinin aral\u0131kl\u0131 ya\u011f\u0131\u015fl\u0131 ge\u00e7ece\u011fi tahmin ediliyor. Ya\u011f\u0131\u015flar\u0131n, genellikle ya\u011fmur ve sa\u011fanak, Orta ve Do\u011fu Akdeniz k\u0131y\u0131lar\u0131nda g\u00f6k g\u00fcr\u00fclt\u00fcl\u00fc sa\u011fanak, Do\u011fu Karadeniz\u2019in i\u00e7 kesimlerinin y\u00fcksekleri ile Do\u011fu Anadolu\u2019nun kuzey ve do\u011fusunun y\u00fcksek kesimlerinde karla kar\u0131\u015f\u0131k ya\u011fmur ve kar \u015feklinde olmas\u0131 bekleniyor. Ya\u011f\u0131\u015flar\u0131n ayr\u0131ca Do\u011fu Akdeniz, Do\u011fu Anadolu\u2019nun g\u00fcneyi ile Ad\u0131yaman, Gaziantep, Kilis, Diyarbak\u0131r, Batman, Siirt \u00e7evrelerinde yer yer kuvvetli olaca\u011f\u0131 tahmin ediliyor. Hava s\u0131cakl\u0131klar\u0131n\u0131n g\u00fcneydo\u011fu kesimlerde 2 ila 4 derece azalaca\u011f\u0131, di\u011fer yerlerde \u00f6nemli bir de\u011fi\u015fiklik olmayaca\u011f\u0131 beklenirken, r\u00fczgar\u0131n ise genellikle g\u00fcney, Marmara&#8217;da kuzey y\u00f6nlerden hafif, ara s\u0131ra orta kuvvette esmesi bekleniyor. Meteoroloji&#8217;nin g\u00fcnl\u00fck hava tahmin raporunda bir de kuvvetli uyar\u0131 yer ald\u0131. Buna g\u00f6re, Do\u011fu Akdeniz, Do\u011fu Anadolu\u2019nun g\u00fcneyi ile Ad\u0131yaman, Gaziantep, Kilis, Diyarbak\u0131r, Batman, Siirt \u00e7evrelerinde yer yer kuvvetli ya\u011f\u0131\u015flar\u0131n olmas\u0131 beklendi\u011finden ya\u015fanabilecek olumsuzluklara kar\u015f\u0131 vatanda\u015flar\u0131n &hellip;"}