{"version":"1.0","provider_name":"Av. Deniz Can K\u0131z\u0131l","provider_url":"http:\/\/denizcankizil.tr\/uk","author_name":"Antalya K\u00f6rfez","author_url":"http:\/\/denizcankizil.tr\/uk\/author\/www-antalyakorfez-com\/","title":"Cumhurba\u015fkan\u0131 Erdo\u011fan Antalya\u2019ya geliyor","type":"rich","width":600,"height":338,"html":"<blockquote class=\"wp-embedded-content\" data-secret=\"i4gTWeHCtD\"><a href=\"http:\/\/denizcankizil.tr\/uk\/haberler\/gundem\/cumhurbaskani-erdogan-antalyaya-geliyor\/\">Cumhurba\u015fkan\u0131 Erdo\u011fan Antalya\u2019ya geliyor<\/a><\/blockquote><iframe sandbox=\"allow-scripts\" security=\"restricted\" src=\"http:\/\/denizcankizil.tr\/uk\/haberler\/gundem\/cumhurbaskani-erdogan-antalyaya-geliyor\/embed\/#?secret=i4gTWeHCtD\" width=\"600\" height=\"338\" title=\"&#8220;Cumhurba\u015fkan\u0131 Erdo\u011fan Antalya\u2019ya geliyor&#8221; &#8212; Av. Deniz Can K\u0131z\u0131l\" data-secret=\"i4gTWeHCtD\" frameborder=\"0\" marginwidth=\"0\" marginheight=\"0\" scrolling=\"no\" class=\"wp-embedded-content\"><\/iframe><script>\n\/*! This file is auto-generated *\/\n!function(d,l){\"use strict\";l.querySelector&&d.addEventListener&&\"undefined\"!=typeof URL&&(d.wp=d.wp||{},d.wp.receiveEmbedMessage||(d.wp.receiveEmbedMessage=function(e){var t=e.data;if((t||t.secret||t.message||t.value)&&!\/[^a-zA-Z0-9]\/.test(t.secret)){for(var s,r,n,a=l.querySelectorAll('iframe[data-secret=\"'+t.secret+'\"]'),o=l.querySelectorAll('blockquote[data-secret=\"'+t.secret+'\"]'),c=new RegExp(\"^https?:$\",\"i\"),i=0;i<o.length;i++)o[i].style.display=\"none\";for(i=0;i<a.length;i++)s=a[i],e.source===s.contentWindow&&(s.removeAttribute(\"style\"),\"height\"===t.message?(1e3<(r=parseInt(t.value,10))?r=1e3:~~r<200&&(r=200),s.height=r):\"link\"===t.message&&(r=new URL(s.getAttribute(\"src\")),n=new URL(t.value),c.test(n.protocol))&&n.host===r.host&&l.activeElement===s&&(d.top.location.href=t.value))}},d.addEventListener(\"message\",d.wp.receiveEmbedMessage,!1),l.addEventListener(\"DOMContentLoaded\",function(){for(var e,t,s=l.querySelectorAll(\"iframe.wp-embedded-content\"),r=0;r<s.length;r++)(t=(e=s[r]).getAttribute(\"data-secret\"))||(t=Math.random().toString(36).substring(2,12),e.src+=\"#?secret=\"+t,e.setAttribute(\"data-secret\",t)),e.contentWindow.postMessage({message:\"ready\",secret:t},\"*\")},!1)))}(window,document);\n\/\/# sourceURL=http:\/\/denizcankizil.tr\/wp-includes\/js\/wp-embed.min.js\n<\/script>","description":"Tar\u0131m ve Orman Bakan\u0131 \u0130brahim Yumakl\u0131, AK Parti 7. Ola\u011fan Antalya \u0130l Gen\u00e7lik Kollar\u0131 Kongresi\u2019nde yapt\u0131\u011f\u0131 konu\u015fmada, Cumhurba\u015fkan\u0131 Recep Tayyip Erdo\u011fan\u2019\u0131n 31 Ocak Cuma g\u00fcn\u00fc AK Parti Antalya \u0130l Ba\u015fkanl\u0131\u011f\u0131 Kongresi\u2019ne kat\u0131laca\u011f\u0131n\u0131 a\u00e7\u0131klad\u0131. \u00a0 BAKAN YUMAKLI ANTALYA\u2019YA GELD\u0130\u00a0 Tar\u0131m ve Orman Bakan\u0131 \u0130brahim Yumakl\u0131, AK Parti 7. Ola\u011fan Antalya \u0130l Gen\u00e7lik Kollar\u0131 Kongresi\u2019ne kat\u0131ld\u0131. Bakan Yumakl\u0131, Mimar Sinan Kongre Merkezi\u2019nde gen\u00e7lerle bir araya geldi. Bakan Yumakl\u0131, AK Parti\u2019nin gen\u00e7lik kollar\u0131n\u0131n d\u00fcnya genelinde e\u015fine rastlanmayan bir te\u015fkilat oldu\u011funu belirterek, gen\u00e7lerin co\u015fkusu ve T\u00fcrkiye\u2019ye olan inan\u00e7lar\u0131n\u0131n partinin tarihi y\u00fcr\u00fcy\u00fc\u015f\u00fcne b\u00fcy\u00fck bir katk\u0131 sundu\u011funu ifade etti.\u00a0 GEN\u00c7LERE SESLEND\u0130\u00a0 Konu\u015fmas\u0131nda gen\u00e7li\u011fin \u00f6nemine de\u011finen Yumakl\u0131, \u201cGen\u00e7lik, insan hayat\u0131nda en verimli ve hedeflerine ok gibi y\u00f6neldi\u011fi d\u00f6nemdir. D\u00fcnyada bir milyon \u00fcyesi olan ba\u015fka bir gen\u00e7lik te\u015fkilat\u0131 yok. Cumhurba\u015fkan\u0131m\u0131z\u0131n liderli\u011finde s\u00fcren bu kutlu y\u00fcr\u00fcy\u00fc\u015fte sizin co\u015fkunuz ve T\u00fcrkiye a\u015fk\u0131n\u0131z\u0131n bu salonlara s\u0131\u011fmad\u0131\u011f\u0131n\u0131 biliyorum\u201d dedi.\u00a0 \u201cBU YOLDA EN B\u00dcY\u00dcK G\u00dcVENCEM\u0130Z S\u0130Z GEN\u00c7LERS\u0130N\u0130Z\u201d AK Parti\u2019nin, milletin de\u011ferleriyle bar\u0131\u015f\u0131k bir siyasi anlay\u0131\u015f benimsedi\u011fini ifade eden Bakan Yumakl\u0131, \u201cAK Parti, milletine efendi de\u011fil hizmetkar olmay\u0131 \u015fiar edinmi\u015ftir. Milletimizin feraseti ve iradesiyle tarihi y\u00fcr\u00fcy\u00fc\u015f\u00fcm\u00fcz durdurulamam\u0131\u015ft\u0131r, durdurulamayacakt\u0131r. Cumhurba\u015fkan\u0131m\u0131z\u0131n \u00e7izdi\u011fi T\u00fcrkiye Y\u00fczy\u0131l\u0131 vizyonunu hayata ge\u00e7irmek i\u00e7in elimizden gelen her \u015feyi yapaca\u011f\u0131z. Bu yolda en b\u00fcy\u00fck g\u00fcvencemiz siz gen\u00e7lersiniz. Bu davan\u0131n bayraktarl\u0131\u011f\u0131n\u0131 siz yapacaks\u0131n\u0131z\u201d diye &hellip;"}