{"version":"1.0","provider_name":"Av. Deniz Can K\u0131z\u0131l","provider_url":"http:\/\/denizcankizil.tr\/uk","author_name":"Antalya K\u00f6rfez","author_url":"http:\/\/denizcankizil.tr\/uk\/author\/www-antalyakorfez-com\/","title":"Bursa\u2019da iki deprem! 2 uzman\u0131n a\u00e7\u0131klamas\u0131 kafa kar\u0131\u015ft\u0131rd\u0131","type":"rich","width":600,"height":338,"html":"<blockquote class=\"wp-embedded-content\" data-secret=\"h2hlunepA1\"><a href=\"http:\/\/denizcankizil.tr\/uk\/haberler\/gundem\/bursada-iki-deprem-2-uzmanin-aciklamasi-kafa-karistirdi\/\">Bursa\u2019da iki deprem! 2 uzman\u0131n a\u00e7\u0131klamas\u0131 kafa kar\u0131\u015ft\u0131rd\u0131<\/a><\/blockquote><iframe sandbox=\"allow-scripts\" security=\"restricted\" src=\"http:\/\/denizcankizil.tr\/uk\/haberler\/gundem\/bursada-iki-deprem-2-uzmanin-aciklamasi-kafa-karistirdi\/embed\/#?secret=h2hlunepA1\" width=\"600\" height=\"338\" title=\"&#8220;Bursa\u2019da iki deprem! 2 uzman\u0131n a\u00e7\u0131klamas\u0131 kafa kar\u0131\u015ft\u0131rd\u0131&#8221; &#8212; Av. Deniz Can K\u0131z\u0131l\" data-secret=\"h2hlunepA1\" frameborder=\"0\" marginwidth=\"0\" marginheight=\"0\" scrolling=\"no\" class=\"wp-embedded-content\"><\/iframe><script>\n\/*! This file is auto-generated *\/\n!function(d,l){\"use strict\";l.querySelector&&d.addEventListener&&\"undefined\"!=typeof URL&&(d.wp=d.wp||{},d.wp.receiveEmbedMessage||(d.wp.receiveEmbedMessage=function(e){var t=e.data;if((t||t.secret||t.message||t.value)&&!\/[^a-zA-Z0-9]\/.test(t.secret)){for(var s,r,n,a=l.querySelectorAll('iframe[data-secret=\"'+t.secret+'\"]'),o=l.querySelectorAll('blockquote[data-secret=\"'+t.secret+'\"]'),c=new RegExp(\"^https?:$\",\"i\"),i=0;i<o.length;i++)o[i].style.display=\"none\";for(i=0;i<a.length;i++)s=a[i],e.source===s.contentWindow&&(s.removeAttribute(\"style\"),\"height\"===t.message?(1e3<(r=parseInt(t.value,10))?r=1e3:~~r<200&&(r=200),s.height=r):\"link\"===t.message&&(r=new URL(s.getAttribute(\"src\")),n=new URL(t.value),c.test(n.protocol))&&n.host===r.host&&l.activeElement===s&&(d.top.location.href=t.value))}},d.addEventListener(\"message\",d.wp.receiveEmbedMessage,!1),l.addEventListener(\"DOMContentLoaded\",function(){for(var e,t,s=l.querySelectorAll(\"iframe.wp-embedded-content\"),r=0;r<s.length;r++)(t=(e=s[r]).getAttribute(\"data-secret\"))||(t=Math.random().toString(36).substring(2,12),e.src+=\"#?secret=\"+t,e.setAttribute(\"data-secret\",t)),e.contentWindow.postMessage({message:\"ready\",secret:t},\"*\")},!1)))}(window,document);\n\/\/# sourceURL=http:\/\/denizcankizil.tr\/wp-includes\/js\/wp-embed.min.js\n<\/script>","description":"Afet ve Acil Durum Y\u00f6netimi Ba\u015fkanl\u0131\u011f\u0131 (AFAD), 1 Temmuz 2025 Sal\u0131 g\u00fcn\u00fc (bug\u00fcn) saat 11.40 sular\u0131nda Bursa\u2019n\u0131n Gemlik il\u00e7esinde meydana gelen 3.9 \u015fiddetindeki depremi duyurdu. Depremin derinli\u011fi 9,82 kilometre olarak \u00f6l\u00e7\u00fcl\u00fcrken, depremden dolay\u0131 can veya mal kayb\u0131 bildirilmedi. Bursa&#8217;da ikinci deprem ise saat: 12.57&#8217;de ve 4.2 b\u00fcy\u00fckl\u00fc\u011f\u00fcnde ger\u00e7ekle\u015fti. Ya\u015fanan iki depremin ard\u0131ndan Deprem Bilimci Naci G\u00f6r\u00fcr, sosyal medya \u00fczerinden depremle ilgili payla\u015f\u0131m yapt\u0131. G\u00d6R\u00dcR\u2019DEN DEPREM A\u00c7IKLAMASI Deprem Bilimci Naci G\u00f6r\u00fcr, sosyal medya \u00fczerinden yapt\u0131\u011f\u0131 a\u00e7\u0131klamada, Marmara\u2019da, bulunan Kuzey Anadolu Fay (KAF) hatt\u0131nda deprem beklendi\u011fini a\u00e7\u0131klad\u0131. G\u00f6r\u00fcr, yakla\u015fan tehlikeye dikkat \u00e7ekerek, \u201c\u015eahinyurdu-Gemlik\/Bursa\u2019da 4,0 deprem oldu. KAF\u0131n G\u00fcney kolu \u00fczerinde. Marmara\u2019da, KAF\u2019\u0131n kuzey kolunda deprem bekliyoruz ama buras\u0131 da \u00f6nemli. Enerjiyi ge\u00e7 biriktiriyor ama tehlikeli. Y\u00f6neticiler dikkatli olmal\u0131 ve buray\u0131 deprem diren\u00e7li hale getirmeli. Halk talep etmeli\u201d dedi. \u015eahinyurdu-Gemlik\/Bursa\u2019da 4,0 deprem oldu. KAF\u0131n G\u00fcney kolu \u00fczerinde. Marmara\u2019da, KAF\u2019\u0131n kuzey kolunda deprem bekliyoruz ama buras\u0131 da \u00f6nemli. Enerjiyi ge\u00e7 birktiryor ama tehlikeli. Y\u00f6neticiler dikkatli olmal\u0131 ve buray\u0131 deprem diren\u00e7li hale getirmelidir. Halk talep etmeli. pic.twitter.com\/jMgFhw67UI \u2014 Prof. Dr. Naci G\u00f6r\u00fcr (@nacigorur) July 1, 2025 DEPREM UZMANLARI KARARSIZ Bir di\u011fer deprem uzman\u0131 olan \u00d6vg\u00fcn Ahmet Ercan da Bursa\u2019da ya\u015fanan depreme ili\u015fkin kritik a\u00e7\u0131klamalarda bulundu. Ercan ise yay\u0131nlad\u0131\u011f\u0131 mesaj\u0131nda Naci G\u00f6r\u00fcr\u2019\u00fcn belirtti\u011fi b\u00f6lgede b\u00fcy\u00fck bir &hellip;"}