{"version":"1.0","provider_name":"Av. Deniz Can K\u0131z\u0131l","provider_url":"http:\/\/denizcankizil.tr\/uk","author_name":"Antalya K\u00f6rfez","author_url":"http:\/\/denizcankizil.tr\/uk\/author\/www-antalyakorfez-com\/","title":"Bolu otel yang\u0131n\u0131 facias\u0131nda \u00f6l\u00fc say\u0131s\u0131 76'ya y\u00fckseldi!","type":"rich","width":600,"height":338,"html":"<blockquote class=\"wp-embedded-content\" data-secret=\"S8tXFyKbC8\"><a href=\"http:\/\/denizcankizil.tr\/uk\/haberler\/gundem\/bolu-otel-yangini-faciasinda-olu-sayisi-76ya-yukseldi\/\">Bolu otel yang\u0131n\u0131 facias\u0131nda \u00f6l\u00fc say\u0131s\u0131 76&#8217;ya y\u00fckseldi!<\/a><\/blockquote><iframe sandbox=\"allow-scripts\" security=\"restricted\" src=\"http:\/\/denizcankizil.tr\/uk\/haberler\/gundem\/bolu-otel-yangini-faciasinda-olu-sayisi-76ya-yukseldi\/embed\/#?secret=S8tXFyKbC8\" width=\"600\" height=\"338\" title=\"&#8220;Bolu otel yang\u0131n\u0131 facias\u0131nda \u00f6l\u00fc say\u0131s\u0131 76&#8217;ya y\u00fckseldi!&#8221; &#8212; Av. Deniz Can K\u0131z\u0131l\" data-secret=\"S8tXFyKbC8\" frameborder=\"0\" marginwidth=\"0\" marginheight=\"0\" scrolling=\"no\" class=\"wp-embedded-content\"><\/iframe><script>\n\/*! This file is auto-generated *\/\n!function(d,l){\"use strict\";l.querySelector&&d.addEventListener&&\"undefined\"!=typeof URL&&(d.wp=d.wp||{},d.wp.receiveEmbedMessage||(d.wp.receiveEmbedMessage=function(e){var t=e.data;if((t||t.secret||t.message||t.value)&&!\/[^a-zA-Z0-9]\/.test(t.secret)){for(var s,r,n,a=l.querySelectorAll('iframe[data-secret=\"'+t.secret+'\"]'),o=l.querySelectorAll('blockquote[data-secret=\"'+t.secret+'\"]'),c=new RegExp(\"^https?:$\",\"i\"),i=0;i<o.length;i++)o[i].style.display=\"none\";for(i=0;i<a.length;i++)s=a[i],e.source===s.contentWindow&&(s.removeAttribute(\"style\"),\"height\"===t.message?(1e3<(r=parseInt(t.value,10))?r=1e3:~~r<200&&(r=200),s.height=r):\"link\"===t.message&&(r=new URL(s.getAttribute(\"src\")),n=new URL(t.value),c.test(n.protocol))&&n.host===r.host&&l.activeElement===s&&(d.top.location.href=t.value))}},d.addEventListener(\"message\",d.wp.receiveEmbedMessage,!1),l.addEventListener(\"DOMContentLoaded\",function(){for(var e,t,s=l.querySelectorAll(\"iframe.wp-embedded-content\"),r=0;r<s.length;r++)(t=(e=s[r]).getAttribute(\"data-secret\"))||(t=Math.random().toString(36).substring(2,12),e.src+=\"#?secret=\"+t,e.setAttribute(\"data-secret\",t)),e.contentWindow.postMessage({message:\"ready\",secret:t},\"*\")},!1)))}(window,document);\n\/\/# sourceURL=http:\/\/denizcankizil.tr\/wp-includes\/js\/wp-embed.min.js\n<\/script>","description":"\u0130\u00e7i\u015fleri Bakan\u0131 Ali Yerlikaya, Bolu Kartalkaya Kayak Merkezi&#8217;ndeki otelde \u00e7\u0131kan yang\u0131nda hayat\u0131n\u0131 kaybedenlerin say\u0131s\u0131n\u0131n 76&#8217;ya y\u00fckseldi\u011fini ve ili\u015fkin 9 ki\u015finin g\u00f6zalt\u0131na al\u0131nd\u0131\u011f\u0131n\u0131 da a\u00e7\u0131klad\u0131. \u00d6L\u00dc SAYISI 76 OLDU\u00a0 Yang\u0131n b\u00f6lgesinden a\u00e7\u0131klamalarda bulunan Bakan Yerlikaya, &#8220;Bug\u00fcn sabah 03.27&#8217;de bu otelde hen\u00fcz sebebi yetkililer taraf\u0131ndan tespit edilmemi\u015f yang\u0131n sonucu ilk bas\u0131n a\u00e7\u0131klamam\u0131zda belirtti\u011fimiz gibi kamu kurum kurulu\u015flar\u0131, itfaiye, belediyeler, su tankerleri her t\u00fcrl\u00fc ekipman ve insan kaynaklar\u0131 ile beraber yang\u0131n s\u00f6nd\u00fcr\u00fcld\u00fc. Arama ve tarama sonu\u00e7lar\u0131 da az \u00f6nce nihayete erdirildi. \u00d6nceki bas\u0131n a\u00e7\u0131klamam\u0131zda vefat eden canlar\u0131m\u0131zla ilgili maalesef 66 demi\u015ftik. De\u011ferli arkada\u015flar y\u00fcre\u011fimiz yan\u0131yor, ac\u0131m\u0131z\u0131 tarif etmek imkans\u0131z, maalesef vefat eden can\u0131m\u0131z 76. Mekanlar\u0131 cennet olsun\u201d dedi.\u00a0 9 K\u0130\u015e\u0130 G\u00d6ZALTINA ALINDI\u00a0 G\u00f6zalt\u0131na al\u0131nan ki\u015fi say\u0131s\u0131n\u0131n 9\u2019a y\u00fckseldi\u011fini belirten Bakan Yerlikaya, \u201cAilelerine ba\u015fsa\u011fl\u0131\u011f\u0131, aziz milletimize ba\u015fsa\u011fl\u0131\u011f\u0131 diliyorum. Allah tekrar\u0131ndan aziz milletimizi korusun diyorum. Burada sa\u011fl\u0131k il m\u00fcd\u00fcrl\u00fc\u011f\u00fc koordinasyonunda kimlikleri tespit edilen 52 naa\u015f tespit edildi. 45 vefat eden vatanda\u015f\u0131m\u0131z\u0131n naa\u015flar\u0131 ailelerine teslim edildi. Di\u011ferleriyle ilgili kimlik tespit \u00e7al\u0131\u015fmalar\u0131n\u0131 yapamad\u0131k. Bununla ilgili Adli T\u0131p Kurumu&#8217;nda kimlik, DNA tespit \u00e7al\u0131\u015fmalar\u0131 yap\u0131l\u0131yor. Bunlar s\u00fcratle tamamland\u0131ktan sonra ailelerine t eslim edilecek. Adalet Bakanl\u0131\u011f\u0131m\u0131z a\u00e7\u0131klama yapm\u0131\u015ft\u0131. Bolu Cumhuriyet Ba\u015fsavc\u0131m\u0131z ve 5 cumhuriyet ba\u015fsavc\u0131m\u0131z ve bilirki\u015fi, yang\u0131n sebebi, ihmal ve kusurla ilgili \u00e7al\u0131\u015fmalar\u0131 yap\u0131yorlar. Olay nedeniyle 9 \u015fah\u0131s g\u00f6zalt\u0131na &hellip;"}