{"version":"1.0","provider_name":"Av. Deniz Can K\u0131z\u0131l","provider_url":"http:\/\/denizcankizil.tr\/uk","author_name":"admin","author_url":"http:\/\/denizcankizil.tr\/uk\/author\/admin\/","title":"Bilecik'te \u201cYerli ve Milli\u201d vurgusuyla esnafa destek!","type":"rich","width":600,"height":338,"html":"<blockquote class=\"wp-embedded-content\" data-secret=\"6dbGyeJ4mD\"><a href=\"http:\/\/denizcankizil.tr\/uk\/haberler\/gundem\/bilecikte-yerli-ve-milli-vurgusuyla-esnafa-destek\/\">Bilecik&#8217;te \u201cYerli ve Milli\u201d vurgusuyla esnafa destek!<\/a><\/blockquote><iframe sandbox=\"allow-scripts\" security=\"restricted\" src=\"http:\/\/denizcankizil.tr\/uk\/haberler\/gundem\/bilecikte-yerli-ve-milli-vurgusuyla-esnafa-destek\/embed\/#?secret=6dbGyeJ4mD\" width=\"600\" height=\"338\" title=\"&#8220;Bilecik&#8217;te \u201cYerli ve Milli\u201d vurgusuyla esnafa destek!&#8221; &#8212; Av. Deniz Can K\u0131z\u0131l\" data-secret=\"6dbGyeJ4mD\" frameborder=\"0\" marginwidth=\"0\" marginheight=\"0\" scrolling=\"no\" class=\"wp-embedded-content\"><\/iframe><script>\n\/*! This file is auto-generated *\/\n!function(d,l){\"use strict\";l.querySelector&&d.addEventListener&&\"undefined\"!=typeof URL&&(d.wp=d.wp||{},d.wp.receiveEmbedMessage||(d.wp.receiveEmbedMessage=function(e){var t=e.data;if((t||t.secret||t.message||t.value)&&!\/[^a-zA-Z0-9]\/.test(t.secret)){for(var s,r,n,a=l.querySelectorAll('iframe[data-secret=\"'+t.secret+'\"]'),o=l.querySelectorAll('blockquote[data-secret=\"'+t.secret+'\"]'),c=new RegExp(\"^https?:$\",\"i\"),i=0;i<o.length;i++)o[i].style.display=\"none\";for(i=0;i<a.length;i++)s=a[i],e.source===s.contentWindow&&(s.removeAttribute(\"style\"),\"height\"===t.message?(1e3<(r=parseInt(t.value,10))?r=1e3:~~r<200&&(r=200),s.height=r):\"link\"===t.message&&(r=new URL(s.getAttribute(\"src\")),n=new URL(t.value),c.test(n.protocol))&&n.host===r.host&&l.activeElement===s&&(d.top.location.href=t.value))}},d.addEventListener(\"message\",d.wp.receiveEmbedMessage,!1),l.addEventListener(\"DOMContentLoaded\",function(){for(var e,t,s=l.querySelectorAll(\"iframe.wp-embedded-content\"),r=0;r<s.length;r++)(t=(e=s[r]).getAttribute(\"data-secret\"))||(t=Math.random().toString(36).substring(2,12),e.src+=\"#?secret=\"+t,e.setAttribute(\"data-secret\",t)),e.contentWindow.postMessage({message:\"ready\",secret:t},\"*\")},!1)))}(window,document);\n\/\/# sourceURL=http:\/\/denizcankizil.tr\/wp-includes\/js\/wp-embed.min.js\n<\/script>","description":"Bilecik\u2019in Pazaryeri Belediye Ba\u015fkan\u0131 Zekiye Tekin, CHP Genel Ba\u015fkan\u0131 \u00d6zg\u00fcr \u00d6zel\u2019in 2 Nisan\u2019daki boykot \u00e7a\u011fr\u0131s\u0131na sert tepki g\u00f6stererek, il\u00e7e halk\u0131n\u0131 al\u0131\u015fveri\u015fe ve yerel esnafa destek olmaya davet etti. Tekin, \u00f6zellikle &#8220;yerli ve milli&#8221; \u00fcr\u00fcnlerin tercih edilmesi gerekti\u011fini vurgulad\u0131.Pazaryeri G\u00fcndem \/ B\u0130LEC\u0130K (\u0130GFA) &#8211;\u00a0Ba\u015fkan Tekin, \u00e7a\u011fr\u0131s\u0131n\u0131n ard\u0131ndan AK Parti \u0130l\u00e7e Ba\u015fkan\u0131 Ya\u015far Karabey ile birlikte il\u00e7e esnaf\u0131n\u0131 ziyaret ederek al\u0131\u015fveri\u015f yapt\u0131. \u00d6zellikle yerli \u00fcretim \u00fcr\u00fcnlerini tercih eden Tekin, yapt\u0131\u011f\u0131 a\u00e7\u0131klamada \u015fu ifadeleri kulland\u0131: \u201cYerli ve milli \u00fcr\u00fcnlerimizin, esnaf\u0131m\u0131z\u0131n yan\u0131nday\u0131z. Boykot edeceksek \u0130srail markalar\u0131n\u0131 boykot ederiz! Taraf\u0131m\u0131z da duru\u015fumuz da bellidir. \u00dclkemizin yan\u0131nda, yerli ve milli \u00fcretimin taraf\u0131nday\u0131z. Allah, bu g\u00fczel \u00fclkemizi b\u00f6lmek ve par\u00e7alamak isteyenlere f\u0131rsat vermesin.\u201d YEREL ESNAFA DESTEK, EKONOM\u0130YE CAN SUYU! Bilecik Pazaryeri il\u00e7esinde esnaf\u0131n ve yerel \u00fcreticilerin desteklenmesine b\u00fcy\u00fck \u00f6nem veren Ba\u015fkan Tekin, halk\u0131n da bu konuda bilin\u00e7li olmas\u0131 gerekti\u011fini belirtti. \u0130l\u00e7ede \u00fcretilen \u00fcr\u00fcnlerin daha fazla tercih edilmesi gerekti\u011fine vurgu yaparak, yerli \u00fcretimin T\u00fcrkiye ekonomisinin bel kemi\u011fi oldu\u011funu ifade etti. \u201cHerkesi kendi esnaf\u0131ndan al\u0131\u015fveri\u015f yapmaya, yerli \u00fcretimi desteklemeye davet ediyorum.\u201d Ba\u015fkan Tekin\u2019in bu \u00e7a\u011fr\u0131s\u0131, il\u00e7ede b\u00fcy\u00fck yank\u0131 uyand\u0131r\u0131rken, yerel esnaf da kendisine desteklerinden \u00f6t\u00fcr\u00fc te\u015fekk\u00fcr etti. &#8220;Kendi insan\u0131m\u0131z kazans\u0131n, kendi \u00fclkemiz b\u00fcy\u00fcs\u00fcn&#8221; diyerek yerli \u00fcretime vurgu yapan Tekin\u2019in bu hamlesi, siyasi arenada da dikkat \u00e7ekti. \u200bBilecik\u2019in Pazaryeri Belediye &hellip;"}