{"version":"1.0","provider_name":"Av. Deniz Can K\u0131z\u0131l","provider_url":"http:\/\/denizcankizil.tr\/uk","author_name":"admin","author_url":"http:\/\/denizcankizil.tr\/uk\/author\/admin\/","title":"Ba\u015fkan \u015eahin belediye \u00e7al\u0131\u015fanlar\u0131yla bir araya geldi","type":"rich","width":600,"height":338,"html":"<blockquote class=\"wp-embedded-content\" data-secret=\"FOgQMzNqR6\"><a href=\"http:\/\/denizcankizil.tr\/uk\/haberler\/gundem\/baskan-sahin-belediye-calisanlariyla-bir-araya-geldi\/\">Ba\u015fkan \u015eahin belediye \u00e7al\u0131\u015fanlar\u0131yla bir araya geldi<\/a><\/blockquote><iframe sandbox=\"allow-scripts\" security=\"restricted\" src=\"http:\/\/denizcankizil.tr\/uk\/haberler\/gundem\/baskan-sahin-belediye-calisanlariyla-bir-araya-geldi\/embed\/#?secret=FOgQMzNqR6\" width=\"600\" height=\"338\" title=\"&#8220;Ba\u015fkan \u015eahin belediye \u00e7al\u0131\u015fanlar\u0131yla bir araya geldi&#8221; &#8212; Av. Deniz Can K\u0131z\u0131l\" data-secret=\"FOgQMzNqR6\" frameborder=\"0\" marginwidth=\"0\" marginheight=\"0\" scrolling=\"no\" class=\"wp-embedded-content\"><\/iframe><script>\n\/*! This file is auto-generated *\/\n!function(d,l){\"use strict\";l.querySelector&&d.addEventListener&&\"undefined\"!=typeof URL&&(d.wp=d.wp||{},d.wp.receiveEmbedMessage||(d.wp.receiveEmbedMessage=function(e){var t=e.data;if((t||t.secret||t.message||t.value)&&!\/[^a-zA-Z0-9]\/.test(t.secret)){for(var s,r,n,a=l.querySelectorAll('iframe[data-secret=\"'+t.secret+'\"]'),o=l.querySelectorAll('blockquote[data-secret=\"'+t.secret+'\"]'),c=new RegExp(\"^https?:$\",\"i\"),i=0;i<o.length;i++)o[i].style.display=\"none\";for(i=0;i<a.length;i++)s=a[i],e.source===s.contentWindow&&(s.removeAttribute(\"style\"),\"height\"===t.message?(1e3<(r=parseInt(t.value,10))?r=1e3:~~r<200&&(r=200),s.height=r):\"link\"===t.message&&(r=new URL(s.getAttribute(\"src\")),n=new URL(t.value),c.test(n.protocol))&&n.host===r.host&&l.activeElement===s&&(d.top.location.href=t.value))}},d.addEventListener(\"message\",d.wp.receiveEmbedMessage,!1),l.addEventListener(\"DOMContentLoaded\",function(){for(var e,t,s=l.querySelectorAll(\"iframe.wp-embedded-content\"),r=0;r<s.length;r++)(t=(e=s[r]).getAttribute(\"data-secret\"))||(t=Math.random().toString(36).substring(2,12),e.src+=\"#?secret=\"+t,e.setAttribute(\"data-secret\",t)),e.contentWindow.postMessage({message:\"ready\",secret:t},\"*\")},!1)))}(window,document);\n\/\/# sourceURL=http:\/\/denizcankizil.tr\/wp-includes\/js\/wp-embed.min.js\n<\/script>","description":"Gaziantep B\u00fcy\u00fck\u015fehir Belediye Ba\u015fkan\u0131 Fatma \u015eahin, 1 May\u0131s Emek ve Dayan\u0131\u015fma G\u00fcn\u00fc kapsam\u0131nda belediye \u00e7al\u0131\u015fanlar\u0131yla bir araya geldi, belediyenin g\u00f6rev \u015fehitlerinin kabirlerini ziyaret etti. GAZ\u0130ANTEP (\u0130GFA) &#8211;\u00a0Kent genelinde altyap\u0131, \u00fcst yap\u0131 ve sosyal alanlar ba\u015fta olmak \u00fczere Gaziantep B\u00fcy\u00fck\u015fehir Belediyesi\u2019nin g\u00f6rev alan personelleriyle bir araya gelen Ba\u015fkan Fatma \u015eahin, kurumu \u201c\u00c7ok g\u00fc\u00e7l\u00fc ve g\u00fcvenilir bir aile\u201d olarak nitelendirerek ulusal ve uluslararas\u0131 alanda yakalanan ba\u015far\u0131n\u0131n bir ekip i\u015fi oldu\u011funu vurgulad\u0131. G\u00fcn\u00fcn erken saatlerinde belediye \u00e7al\u0131\u015fanlar\u0131yla kahvalt\u0131da bir araya gelen Ba\u015fkan \u015eahin, burada \u00e7al\u0131\u015fanlara karanfiller da\u011f\u0131tt\u0131. Program\u0131n devam\u0131nda Asri Mezarl\u0131k\u2019ta bulunan \u015fehitli\u011fi ziyaret eden \u015eahin, g\u00f6revi ba\u015f\u0131nda \u015fehit olan B\u00fcy\u00fck\u015fehir Belediyesi personelleri ve \u015fehitlerin kabirlerini ziyaret ederek dua etti. VATANDA\u015e GAZ\u0130ULA\u015e PERSONELLER\u0130NDEN MEMNUN Ba\u015fkan Fatma \u015eahin ayr\u0131ca Gaziula\u015f\u2019\u0131n Otob\u00fcs \u0130\u015fletme alan\u0131na ziyarette bulunarak burada \u015fof\u00f6rlerle bir araya geldi. Onlarla sohbet eden \u015eahin, \u00e7al\u0131\u015fanlar\u0131n g\u00fcn\u00fcn\u00fc kutlad\u0131. Ba\u015fkan \u015eahin, son 10 y\u0131lda yap\u0131lan yat\u0131r\u0131mlar ve gayretli \u00e7al\u0131\u015fmalarla g\u00fcnl\u00fck yolcu kapasitesini 30 binden 250 bine \u00e7\u0131kt\u0131\u011f\u0131n\u0131 aktar\u0131rken belediye ara\u00e7lar\u0131 ve \u00e7al\u0131\u015fanlar\u0131 i\u00e7in halk\u0131n b\u00fcy\u00fck bir memnuniyeti ve olumlu d\u00f6n\u00fc\u015f\u00fc oldu\u011funu vurgulad\u0131. \u015eAH\u0130N: BU EK\u0130P HALKIN VE HAKKIN RIZASI \u0130\u00c7\u0130N \u00c7ALI\u015eTI Programlar kapsam\u0131nda yapt\u0131\u011f\u0131 konu\u015fmada B\u00fcy\u00fck\u015fehir Belediyesi\u2019nin 11 y\u0131lda hayata ge\u00e7irdi\u011fi D\u00fczba\u011f, GAZ\u0130RAY, D\u00fcl\u00fck-OSB T\u00fcneli projelerinin bir ekip i\u015fi oldu\u011funu ve ba\u015far\u0131n\u0131n beraber yakaland\u0131\u011f\u0131n\u0131 aktararak \u015funlar\u0131 &hellip;"}