{"version":"1.0","provider_name":"Av. Deniz Can K\u0131z\u0131l","provider_url":"http:\/\/denizcankizil.tr\/uk","author_name":"admin","author_url":"http:\/\/denizcankizil.tr\/uk\/author\/admin\/","title":"Ba\u015fkan Aras Fethiye\u2019de \u00e7al\u0131\u015fmalar\u0131 yerinde inceledi","type":"rich","width":600,"height":338,"html":"<blockquote class=\"wp-embedded-content\" data-secret=\"2zivErHPEu\"><a href=\"http:\/\/denizcankizil.tr\/uk\/haberler\/gundem\/baskan-aras-fethiyede-calismalari-yerinde-inceledi\/\">Ba\u015fkan Aras Fethiye\u2019de \u00e7al\u0131\u015fmalar\u0131 yerinde inceledi<\/a><\/blockquote><iframe sandbox=\"allow-scripts\" security=\"restricted\" src=\"http:\/\/denizcankizil.tr\/uk\/haberler\/gundem\/baskan-aras-fethiyede-calismalari-yerinde-inceledi\/embed\/#?secret=2zivErHPEu\" width=\"600\" height=\"338\" title=\"&#8220;Ba\u015fkan Aras Fethiye\u2019de \u00e7al\u0131\u015fmalar\u0131 yerinde inceledi&#8221; &#8212; Av. Deniz Can K\u0131z\u0131l\" data-secret=\"2zivErHPEu\" frameborder=\"0\" marginwidth=\"0\" marginheight=\"0\" scrolling=\"no\" class=\"wp-embedded-content\"><\/iframe><script>\n\/*! This file is auto-generated *\/\n!function(d,l){\"use strict\";l.querySelector&&d.addEventListener&&\"undefined\"!=typeof URL&&(d.wp=d.wp||{},d.wp.receiveEmbedMessage||(d.wp.receiveEmbedMessage=function(e){var t=e.data;if((t||t.secret||t.message||t.value)&&!\/[^a-zA-Z0-9]\/.test(t.secret)){for(var s,r,n,a=l.querySelectorAll('iframe[data-secret=\"'+t.secret+'\"]'),o=l.querySelectorAll('blockquote[data-secret=\"'+t.secret+'\"]'),c=new RegExp(\"^https?:$\",\"i\"),i=0;i<o.length;i++)o[i].style.display=\"none\";for(i=0;i<a.length;i++)s=a[i],e.source===s.contentWindow&&(s.removeAttribute(\"style\"),\"height\"===t.message?(1e3<(r=parseInt(t.value,10))?r=1e3:~~r<200&&(r=200),s.height=r):\"link\"===t.message&&(r=new URL(s.getAttribute(\"src\")),n=new URL(t.value),c.test(n.protocol))&&n.host===r.host&&l.activeElement===s&&(d.top.location.href=t.value))}},d.addEventListener(\"message\",d.wp.receiveEmbedMessage,!1),l.addEventListener(\"DOMContentLoaded\",function(){for(var e,t,s=l.querySelectorAll(\"iframe.wp-embedded-content\"),r=0;r<s.length;r++)(t=(e=s[r]).getAttribute(\"data-secret\"))||(t=Math.random().toString(36).substring(2,12),e.src+=\"#?secret=\"+t,e.setAttribute(\"data-secret\",t)),e.contentWindow.postMessage({message:\"ready\",secret:t},\"*\")},!1)))}(window,document);\n\/\/# sourceURL=http:\/\/denizcankizil.tr\/wp-includes\/js\/wp-embed.min.js\n<\/script>","description":"Mu\u011fla B\u00fcy\u00fck\u015fehir Belediye Ba\u015fkan\u0131 Ahmet Aras, Fethiye\u2019deki \u00e7al\u0131\u015fmalar\u0131 yerinde inceledi. Muhtarlarla bulu\u015fma ile ba\u015flayan program, Kara\u00e7ulha Hal Gezisi, \u00d6l\u00fcdeniz yol yenileme \u00e7al\u0131\u015fmalar\u0131 incelemesi, Fethiye Belediyesi ziyareti ile devam edip G\u00fcnbat\u0131m\u0131 S\u00f6yle\u015fileri program\u0131 ile sonland\u0131.MU\u011eLA (\u0130GFA) &#8211;\u00a0Fethiye\u2019ye giden Mu\u011fla B\u00fcy\u00fck\u015fehir Belediye Ba\u015fkan\u0131 Ahmet Aras, yeni ba\u015flayan ve devam eden \u00e7al\u0131\u015fmalar\u0131 yerinde inceledi. Muhtarlar ile bulu\u015farak ziyaretlerine ba\u015flayan Aras, Kara\u00e7ulha Hali\u2019nde ve \u00d6l\u00fcdeniz Yolu\u2019nda incelemelerde bulundu. \u0130ncelemelerin ard\u0131ndan Ba\u015fkan Aras, Fethiye Belediye Ba\u015fkan\u0131 Alim Karaca\u2019y\u0131 ziyaret etti. \u0130ki belediye ba\u015fkan\u0131 Fethiye\u2019de yap\u0131lan ve yap\u0131lacak olan \u00e7al\u0131\u015fmalar hakk\u0131nda fikir al\u0131\u015fveri\u015finde bulundu. Yap\u0131lacak \u00e7al\u0131\u015fmalar\u0131n \u00f6nemine de\u011finen Ba\u015fkan Aras, \u201cYo\u011fun bir tempoda \u00e7al\u0131\u015f\u0131yoruz, planlamalar yap\u0131yoruz. Vatanda\u015flar\u0131m\u0131z\u0131n hayat\u0131n\u0131 olumsuz etkileyen her durumu an\u0131nda \u00e7\u00f6zebilmeyi, hayatlar\u0131n\u0131 kolayla\u015ft\u0131rmay\u0131 ilke edindik. B\u00fcy\u00fck yat\u0131r\u0131mlar zaman alsa da biz her sorunu \u00e7\u00f6zmeye kararl\u0131y\u0131z. Mu\u011fla\u2019ya yap\u0131lan yat\u0131r\u0131m asl\u0131nda d\u00fcnyaya yap\u0131lan hizmettir.\u201d dedi. Aras, \u201cMu\u011fla Kart \u0130htiya\u00e7 Sahiplerine Nefes Olacak\u201d \u0130htiya\u00e7 sahibi vatanda\u015flar i\u00e7in Mu\u011fla Kart projesi ile ilgili a\u00e7\u0131klamalarda bulunan Aras, \u201cEkonomik s\u0131k\u0131nt\u0131lar\u0131n fark\u0131nday\u0131z. Dar gelirli vatanda\u015flar\u0131m\u0131z\u0131n yan\u0131nda olmaya devam ediyoruz. Bu kapsamda \u2018Mu\u011fla Kart\u2019 projesi \u00fczerinde \u00e7al\u0131\u015f\u0131yoruz. Bu kart, Mu\u011fla\u2019daki t\u00fcm vatanda\u015flar\u0131m\u0131z\u0131n cebinde olacak ve ihtiya\u00e7 sahiplerine destek sa\u011flayacak. Muhtarlar\u0131m\u0131z da bu s\u00fcre\u00e7te belirleyici bir rol \u00fcstlenecek.Mu\u011fla\u2019n\u0131n her k\u00f6\u015fesini ziyaret etmeye, vatanda\u015flar\u0131m\u0131zla bir araya gelmeye devam edece\u011fiz. Her mahalleye gitmeye, vatanda\u015flar\u0131m\u0131zla &hellip;"}