{"version":"1.0","provider_name":"Av. Deniz Can K\u0131z\u0131l","provider_url":"http:\/\/denizcankizil.tr\/uk","author_name":"admin","author_url":"http:\/\/denizcankizil.tr\/uk\/author\/admin\/","title":"Bak\u0131rk\u00f6y Belediyesi\u2019nden Muharrem iftar\u0131","type":"rich","width":600,"height":338,"html":"<blockquote class=\"wp-embedded-content\" data-secret=\"txDRhB7dYz\"><a href=\"http:\/\/denizcankizil.tr\/uk\/haberler\/gundem\/bakirkoy-belediyesinden-muharrem-iftari\/\">Bak\u0131rk\u00f6y Belediyesi\u2019nden Muharrem iftar\u0131<\/a><\/blockquote><iframe sandbox=\"allow-scripts\" security=\"restricted\" src=\"http:\/\/denizcankizil.tr\/uk\/haberler\/gundem\/bakirkoy-belediyesinden-muharrem-iftari\/embed\/#?secret=txDRhB7dYz\" width=\"600\" height=\"338\" title=\"&#8220;Bak\u0131rk\u00f6y Belediyesi\u2019nden Muharrem iftar\u0131&#8221; &#8212; Av. Deniz Can K\u0131z\u0131l\" data-secret=\"txDRhB7dYz\" frameborder=\"0\" marginwidth=\"0\" marginheight=\"0\" scrolling=\"no\" class=\"wp-embedded-content\"><\/iframe><script>\n\/*! This file is auto-generated *\/\n!function(d,l){\"use strict\";l.querySelector&&d.addEventListener&&\"undefined\"!=typeof URL&&(d.wp=d.wp||{},d.wp.receiveEmbedMessage||(d.wp.receiveEmbedMessage=function(e){var t=e.data;if((t||t.secret||t.message||t.value)&&!\/[^a-zA-Z0-9]\/.test(t.secret)){for(var s,r,n,a=l.querySelectorAll('iframe[data-secret=\"'+t.secret+'\"]'),o=l.querySelectorAll('blockquote[data-secret=\"'+t.secret+'\"]'),c=new RegExp(\"^https?:$\",\"i\"),i=0;i<o.length;i++)o[i].style.display=\"none\";for(i=0;i<a.length;i++)s=a[i],e.source===s.contentWindow&&(s.removeAttribute(\"style\"),\"height\"===t.message?(1e3<(r=parseInt(t.value,10))?r=1e3:~~r<200&&(r=200),s.height=r):\"link\"===t.message&&(r=new URL(s.getAttribute(\"src\")),n=new URL(t.value),c.test(n.protocol))&&n.host===r.host&&l.activeElement===s&&(d.top.location.href=t.value))}},d.addEventListener(\"message\",d.wp.receiveEmbedMessage,!1),l.addEventListener(\"DOMContentLoaded\",function(){for(var e,t,s=l.querySelectorAll(\"iframe.wp-embedded-content\"),r=0;r<s.length;r++)(t=(e=s[r]).getAttribute(\"data-secret\"))||(t=Math.random().toString(36).substring(2,12),e.src+=\"#?secret=\"+t,e.setAttribute(\"data-secret\",t)),e.contentWindow.postMessage({message:\"ready\",secret:t},\"*\")},!1)))}(window,document);\n\/\/# sourceURL=http:\/\/denizcankizil.tr\/wp-includes\/js\/wp-embed.min.js\n<\/script>","description":"Bak\u0131rk\u00f6y Belediyesi, Muharrem Ay\u0131 nedeniyle Bak\u0131rk\u00f6y Cemevi\u2019nde iftar d\u00fczenledi. D\u00fczenlenen bulu\u015fmada konu\u015fan Bak\u0131rk\u00f6y Belediye Ba\u015fkan\u0131 Do\u00e7. Dr. Ay\u015feg\u00fcl Oval\u0131o\u011flu, \u201cBak\u0131rk\u00f6y Belediyesi herkesin evi, karde\u015fli\u011fin de oca\u011f\u0131d\u0131r. \u200bBak\u0131rk\u00f6y Belediyesi, Muharrem Ay\u0131 nedeniyle Bak\u0131rk\u00f6y Cemevi\u2019nde iftar d\u00fczenledi. D\u00fczenlenen bulu\u015fmada konu\u015fan Bak\u0131rk\u00f6y Belediye Ba\u015fkan\u0131 Do\u00e7. Dr. Ay\u015feg\u00fcl Oval\u0131o\u011flu, \u201cBak\u0131rk\u00f6y Belediyesi herkesin evi, karde\u015fli\u011fin de oca\u011f\u0131d\u0131r.\u00a0 \u200bHaberin Al\u0131nt\u0131land\u0131\u011f\u0131 Kaynak: www.iskenderun.org"}