{"version":"1.0","provider_name":"Av. Deniz Can K\u0131z\u0131l","provider_url":"http:\/\/denizcankizil.tr\/uk","author_name":"Av. Deniz Can K\u0131z\u0131l","author_url":"http:\/\/denizcankizil.tr\/uk","title":"Bakan Tun\u00e7: Yak\u0131\u015f\u0131ks\u0131z s\u00f6zlerden herkes ka\u00e7\u0131nmal\u0131d\u0131r","type":"rich","width":600,"height":338,"html":"<blockquote class=\"wp-embedded-content\" data-secret=\"Y8URCpBmkC\"><a href=\"http:\/\/denizcankizil.tr\/uk\/haberler\/gundem\/bakan-tunc-yakisiksiz-sozlerden-herkes-kacinmalidir\/\">Bakan Tun\u00e7: Yak\u0131\u015f\u0131ks\u0131z s\u00f6zlerden herkes ka\u00e7\u0131nmal\u0131d\u0131r<\/a><\/blockquote><iframe sandbox=\"allow-scripts\" security=\"restricted\" src=\"http:\/\/denizcankizil.tr\/uk\/haberler\/gundem\/bakan-tunc-yakisiksiz-sozlerden-herkes-kacinmalidir\/embed\/#?secret=Y8URCpBmkC\" width=\"600\" height=\"338\" title=\"&#8220;Bakan Tun\u00e7: Yak\u0131\u015f\u0131ks\u0131z s\u00f6zlerden herkes ka\u00e7\u0131nmal\u0131d\u0131r&#8221; &#8212; Av. Deniz Can K\u0131z\u0131l\" data-secret=\"Y8URCpBmkC\" frameborder=\"0\" marginwidth=\"0\" marginheight=\"0\" scrolling=\"no\" class=\"wp-embedded-content\"><\/iframe><script>\n\/*! This file is auto-generated *\/\n!function(d,l){\"use strict\";l.querySelector&&d.addEventListener&&\"undefined\"!=typeof URL&&(d.wp=d.wp||{},d.wp.receiveEmbedMessage||(d.wp.receiveEmbedMessage=function(e){var t=e.data;if((t||t.secret||t.message||t.value)&&!\/[^a-zA-Z0-9]\/.test(t.secret)){for(var s,r,n,a=l.querySelectorAll('iframe[data-secret=\"'+t.secret+'\"]'),o=l.querySelectorAll('blockquote[data-secret=\"'+t.secret+'\"]'),c=new RegExp(\"^https?:$\",\"i\"),i=0;i<o.length;i++)o[i].style.display=\"none\";for(i=0;i<a.length;i++)s=a[i],e.source===s.contentWindow&&(s.removeAttribute(\"style\"),\"height\"===t.message?(1e3<(r=parseInt(t.value,10))?r=1e3:~~r<200&&(r=200),s.height=r):\"link\"===t.message&&(r=new URL(s.getAttribute(\"src\")),n=new URL(t.value),c.test(n.protocol))&&n.host===r.host&&l.activeElement===s&&(d.top.location.href=t.value))}},d.addEventListener(\"message\",d.wp.receiveEmbedMessage,!1),l.addEventListener(\"DOMContentLoaded\",function(){for(var e,t,s=l.querySelectorAll(\"iframe.wp-embedded-content\"),r=0;r<s.length;r++)(t=(e=s[r]).getAttribute(\"data-secret\"))||(t=Math.random().toString(36).substring(2,12),e.src+=\"#?secret=\"+t,e.setAttribute(\"data-secret\",t)),e.contentWindow.postMessage({message:\"ready\",secret:t},\"*\")},!1)))}(window,document);\n\/\/# sourceURL=http:\/\/denizcankizil.tr\/wp-includes\/js\/wp-embed.min.js\n<\/script>","description":"Adalet Bakan\u0131 Y\u0131lmaz Tun\u00e7, adil yarg\u0131lama hakk\u0131n\u0131n sigortas\u0131 olan avukatlara y\u00f6nelik ifade \u00f6zg\u00fcrl\u00fc\u011f\u00fc s\u0131n\u0131r\u0131n\u0131 a\u015fan yak\u0131\u015f\u0131ks\u0131z s\u00f6zlerden herkesin ka\u00e7\u0131nmas\u0131 gerekti\u011fini belirterek, CHP Genel Ba\u015fkan\u0131 \u00d6zg\u00fcr \u00d6zel&#8217;i ele\u015ftirdi.ANKARA (\u0130GFA) &#8211; CHP Genel Ba\u015fkan\u0131 \u00d6zg\u00fcr \u00d6zel&#8217;in daha \u00f6nceki hakim ve Cumhuriyet Savc\u0131lar\u0131n\u0131 hedef alan, yarg\u0131ya y\u00f6nelik ifadelerinin \u015fimdi de avukatlar\u0131 k\u00fc\u00e7\u00fcmseyen s\u00f6zlerle yak\u0131\u015f\u0131ks\u0131z bir dil kullanmaya devam etti\u011fini belirten Adalet Bakan\u0131 Y\u0131lmaz Tun\u00e7, hakaret diline ve hakaret siyasetine bug\u00fcne kadar oldu\u011fu gibi bundan sonra da asla m\u00fcsaade etmeyeceklerini s\u00f6yledi. Bakan Tun\u00e7, sosyal medya hesab\u0131ndan yapt\u0131\u011f\u0131 payla\u015f\u0131mda, yarg\u0131n\u0131n \u00fc\u00e7 sacaya\u011f\u0131ndan biri olan ve savunma hakk\u0131n\u0131n temsilcisi konumundaki avukatl\u0131k mesle\u011finin adaletin ve hakk\u0131n pe\u015finden gitmek i\u00e7in verilen kutsal bir m\u00fccadelenin ad\u0131 oldu\u011funu belirterek, &#8220;Savunma hakk\u0131n\u0131n koruyucusu avukatlar\u0131m\u0131z\u0131, avukatl\u0131k mesle\u011fini k\u00fc\u00e7\u00fcmseyen sorumsuz ifadeler kullanmak ana muhalefet partisinin genel ba\u015fkan\u0131na yak\u0131\u015fmamaktad\u0131r.\u00a0 Adil yarg\u0131lama hakk\u0131n\u0131n sigortas\u0131 olan avukatlar\u0131m\u0131za y\u00f6nelik ifade \u00f6zg\u00fcrl\u00fc\u011f\u00fc s\u0131n\u0131r\u0131n\u0131 a\u015fan yak\u0131\u015f\u0131ks\u0131z s\u00f6zlerden herkesin ka\u00e7\u0131nmas\u0131 gerekir&#8221; dedi. https:\/\/twitter.com\/yilmaztunc\/status\/1863309145916449125 &#8220;Bir meslek grubunu yaralay\u0131c\u0131, \u00f6zensiz ve d\u00fczeysiz bir dil kullanmak kimseye fayda sa\u011flamaz&#8221; diyen Bakan Tun\u00e7, payla\u015f\u0131m\u0131nda, &#8220;Hakaret diline ve hakaret siyasetine aziz milletimiz bug\u00fcne kadar oldu\u011fu gibi bundan sonra da m\u00fcsaade etmeyecektir. Sadece avukatl\u0131k mesle\u011fine de\u011fil, g\u00f6revini lay\u0131k\u0131yla ve fedakarca yapan hi\u00e7bir meslek grubuna; karalay\u0131c\u0131, k\u00fc\u00e7\u00fcmseyici s\u00f6zler sarf edilmemelidir. Bu \u00f6zenli tav\u0131r sorumluluk sahibi herkesin g\u00f6revidir&#8221; &hellip;"}