{"version":"1.0","provider_name":"Av. Deniz Can K\u0131z\u0131l","provider_url":"http:\/\/denizcankizil.tr\/uk","author_name":"Av. Deniz Can K\u0131z\u0131l","author_url":"http:\/\/denizcankizil.tr\/uk","title":"AVM\u2019de \u2018Engelliler G\u00fcn\u00fc\u2019 fark\u0131ndal\u0131k sergisi\u2026","type":"rich","width":600,"height":338,"html":"<blockquote class=\"wp-embedded-content\" data-secret=\"52birSMQXn\"><a href=\"http:\/\/denizcankizil.tr\/uk\/haberler\/gundem\/avmde-engelliler-gunu-farkindalik-sergisi\/\">AVM\u2019de \u2018Engelliler G\u00fcn\u00fc\u2019 fark\u0131ndal\u0131k sergisi\u2026<\/a><\/blockquote><iframe sandbox=\"allow-scripts\" security=\"restricted\" src=\"http:\/\/denizcankizil.tr\/uk\/haberler\/gundem\/avmde-engelliler-gunu-farkindalik-sergisi\/embed\/#?secret=52birSMQXn\" width=\"600\" height=\"338\" title=\"&#8220;AVM\u2019de \u2018Engelliler G\u00fcn\u00fc\u2019 fark\u0131ndal\u0131k sergisi\u2026&#8221; &#8212; Av. Deniz Can K\u0131z\u0131l\" data-secret=\"52birSMQXn\" frameborder=\"0\" marginwidth=\"0\" marginheight=\"0\" scrolling=\"no\" class=\"wp-embedded-content\"><\/iframe><script>\n\/*! This file is auto-generated *\/\n!function(d,l){\"use strict\";l.querySelector&&d.addEventListener&&\"undefined\"!=typeof URL&&(d.wp=d.wp||{},d.wp.receiveEmbedMessage||(d.wp.receiveEmbedMessage=function(e){var t=e.data;if((t||t.secret||t.message||t.value)&&!\/[^a-zA-Z0-9]\/.test(t.secret)){for(var s,r,n,a=l.querySelectorAll('iframe[data-secret=\"'+t.secret+'\"]'),o=l.querySelectorAll('blockquote[data-secret=\"'+t.secret+'\"]'),c=new RegExp(\"^https?:$\",\"i\"),i=0;i<o.length;i++)o[i].style.display=\"none\";for(i=0;i<a.length;i++)s=a[i],e.source===s.contentWindow&&(s.removeAttribute(\"style\"),\"height\"===t.message?(1e3<(r=parseInt(t.value,10))?r=1e3:~~r<200&&(r=200),s.height=r):\"link\"===t.message&&(r=new URL(s.getAttribute(\"src\")),n=new URL(t.value),c.test(n.protocol))&&n.host===r.host&&l.activeElement===s&&(d.top.location.href=t.value))}},d.addEventListener(\"message\",d.wp.receiveEmbedMessage,!1),l.addEventListener(\"DOMContentLoaded\",function(){for(var e,t,s=l.querySelectorAll(\"iframe.wp-embedded-content\"),r=0;r<s.length;r++)(t=(e=s[r]).getAttribute(\"data-secret\"))||(t=Math.random().toString(36).substring(2,12),e.src+=\"#?secret=\"+t,e.setAttribute(\"data-secret\",t)),e.contentWindow.postMessage({message:\"ready\",secret:t},\"*\")},!1)))}(window,document);\n\/\/# sourceURL=http:\/\/denizcankizil.tr\/wp-includes\/js\/wp-embed.min.js\n<\/script>","description":"Engelli bireyler taraf\u0131ndan b\u00fcy\u00fck emek ve \u00f6zenle haz\u0131rlanan eserlerin sergisine, \u0130skenderun Kaymakam\u0131 Muhammet \u00d6nder, \u0130l\u00e7e Jandarma Komutan\u0131 Binba\u015f\u0131 Mustafa A\u00e7\u0131k, Sosyal Hizmetler M\u00fcd\u00fcr\u00fc Y\u0131lmaz Balaman, engelli bireyler ve aileleri kat\u0131ld\u0131. Sergi a\u00e7\u0131l\u0131\u015f\u0131 \u00f6ncesinde konu\u015fan Engelliyim Engel Tan\u0131mam Derne\u011fi Ba\u015fkan\u0131 Kamil G\u00f6\u00e7men, \u201cFark\u0131ndal\u0131k g\u00fcn\u00fc nedeniyle bizleri yaln\u0131z b\u0131rakmayan herkese te\u015fekk\u00fcr ediyorum,\u201d dedi. \u0130skenderun Kaymakam\u0131 Muhammet \u00d6nder ise, 3 Aral\u0131k engelliler g\u00fcn\u00fc dolay\u0131s\u0131yla, y\u0131l boyu yapm\u0131\u015f olduklar\u0131 \u00fcr\u00fcnleri sergilemek i\u00e7in d\u00fczenlemi\u015f olduklar\u0131 sergi kat\u0131lman\u0131n mutlulu\u011funu ya\u015fad\u0131klar\u0131n\u0131 ifade ederek \u201cEngelli karde\u015flerimizin y\u0131l boyu haz\u0131rlad\u0131\u011f\u0131 \u00e7al\u0131\u015fmalar\u0131 fark\u0131ndal\u0131k olu\u015fturmas\u0131 i\u00e7in d\u00fczenlenen bu anlaml\u0131 sergiyi a\u00e7man\u0131n heyecan\u0131n\u0131 ya\u015f\u0131yorum. Hay\u0131rl\u0131 olmas\u0131n\u0131 diliyorum serginin\u201d diye konu\u015ftu. Konu\u015fmalar\u0131n ard\u0131ndan serginin a\u00e7\u0131l\u0131\u015f\u0131 dualarla ve kurdele kesimiyle ger\u00e7ekle\u015ftirildi. Etkinlik boyunca sergi gezilirken, m\u00fczik e\u015fli\u011finde d\u00fczenlenen e\u011flence, kat\u0131l\u0131mc\u0131lara keyifli anlar ya\u015fatt\u0131. \u200b\u0130skenderun Kaymakaml\u0131\u011f\u0131, Belediye ve Sosyal Hizmetler M\u00fcd\u00fcrl\u00fc\u011f\u00fc i\u015f birli\u011fiyle 3 Aral\u0131k D\u00fcnya Engelliler G\u00fcn\u00fc kapsam\u0131nda Park Forbes AVM\u2019de resim ve el i\u015fi sergisi d\u00fczenlendi.\u00a0 \u200bHaberin Al\u0131nt\u0131land\u0131\u011f\u0131 Kaynak: www.iskenderun.org"}