{"version":"1.0","provider_name":"Av. Deniz Can K\u0131z\u0131l","provider_url":"http:\/\/denizcankizil.tr\/uk","author_name":"Antalya K\u00f6rfez","author_url":"http:\/\/denizcankizil.tr\/uk\/author\/www-antalyakorfez-com\/","title":"\"At\u0131l b\u0131rak\u0131lan tarih\" man\u015fet oldu, Valilik harekete ge\u00e7ti","type":"rich","width":600,"height":338,"html":"<blockquote class=\"wp-embedded-content\" data-secret=\"1QMBmAjuWB\"><a href=\"http:\/\/denizcankizil.tr\/uk\/haberler\/gundem\/atil-birakilan-tarih-manset-oldu-valilik-harekete-gecti\/\">&#8220;At\u0131l b\u0131rak\u0131lan tarih&#8221; man\u015fet oldu, Valilik harekete ge\u00e7ti<\/a><\/blockquote><iframe sandbox=\"allow-scripts\" security=\"restricted\" src=\"http:\/\/denizcankizil.tr\/uk\/haberler\/gundem\/atil-birakilan-tarih-manset-oldu-valilik-harekete-gecti\/embed\/#?secret=1QMBmAjuWB\" width=\"600\" height=\"338\" title=\"&#8220;&#8220;At\u0131l b\u0131rak\u0131lan tarih&#8221; man\u015fet oldu, Valilik harekete ge\u00e7ti&#8221; &#8212; Av. Deniz Can K\u0131z\u0131l\" data-secret=\"1QMBmAjuWB\" frameborder=\"0\" marginwidth=\"0\" marginheight=\"0\" scrolling=\"no\" class=\"wp-embedded-content\"><\/iframe><script>\n\/*! This file is auto-generated *\/\n!function(d,l){\"use strict\";l.querySelector&&d.addEventListener&&\"undefined\"!=typeof URL&&(d.wp=d.wp||{},d.wp.receiveEmbedMessage||(d.wp.receiveEmbedMessage=function(e){var t=e.data;if((t||t.secret||t.message||t.value)&&!\/[^a-zA-Z0-9]\/.test(t.secret)){for(var s,r,n,a=l.querySelectorAll('iframe[data-secret=\"'+t.secret+'\"]'),o=l.querySelectorAll('blockquote[data-secret=\"'+t.secret+'\"]'),c=new RegExp(\"^https?:$\",\"i\"),i=0;i<o.length;i++)o[i].style.display=\"none\";for(i=0;i<a.length;i++)s=a[i],e.source===s.contentWindow&&(s.removeAttribute(\"style\"),\"height\"===t.message?(1e3<(r=parseInt(t.value,10))?r=1e3:~~r<200&&(r=200),s.height=r):\"link\"===t.message&&(r=new URL(s.getAttribute(\"src\")),n=new URL(t.value),c.test(n.protocol))&&n.host===r.host&&l.activeElement===s&&(d.top.location.href=t.value))}},d.addEventListener(\"message\",d.wp.receiveEmbedMessage,!1),l.addEventListener(\"DOMContentLoaded\",function(){for(var e,t,s=l.querySelectorAll(\"iframe.wp-embedded-content\"),r=0;r<s.length;r++)(t=(e=s[r]).getAttribute(\"data-secret\"))||(t=Math.random().toString(36).substring(2,12),e.src+=\"#?secret=\"+t,e.setAttribute(\"data-secret\",t)),e.contentWindow.postMessage({message:\"ready\",secret:t},\"*\")},!1)))}(window,document);\n\/\/# sourceURL=http:\/\/denizcankizil.tr\/wp-includes\/js\/wp-embed.min.js\n<\/script>","description":"Antalya&#8217;n\u0131n falezler b\u00f6lgesinde at\u0131l durumda kalan I\u015f\u0131klar Eski Elektrik Santrali&#8217;nin gelece\u011fi yeniden g\u00fcndemde. Muratpa\u015fa Belediyesi ve Antalya Valili\u011fi aras\u0131nda 2017 y\u0131llar\u0131nda imzalanan protokolle de\u011ferlendirilmesi planlanan santral, uzun s\u00fcredir kaderine terk edilmi\u015f durumdayd\u0131.\u00a0 YETK\u0130L\u0130LER HAREKETE GE\u00c7T\u0130\u00a0 K\u00f6rfez Gazetesi olarak, 12 \u015eubat 2025&#8217;te yay\u0131mlad\u0131\u011f\u0131m\u0131z &#8220;At\u0131l b\u0131rak\u0131lan tarih&#8221; ba\u015fl\u0131kl\u0131 haberimizde, tarihi yap\u0131n\u0131n kent ya\u015fam\u0131na kazand\u0131r\u0131lmas\u0131 gerekti\u011fini vurgulam\u0131\u015ft\u0131k. Haberimiz kamuoyunda yank\u0131 uyand\u0131r\u0131rkeni yetkilileri de harekete ge\u00e7irdi.\u00a0 [related-posts id=&#8221;18096424&#8243; color=&#8221;bg-warning&#8221;][\/related-posts] VAL\u0130 \u015eAH\u0130N, SANTRAL\u0130 \u0130NCELED\u0130\u00a0 Antalya Valisi Hulusi \u015eahin, ge\u00e7ti\u011fimiz g\u00fcn I\u015f\u0131klar Eski Elektrik Santrali&#8217;ni ziyaret ederek mevcut yap\u0131 hakk\u0131nda bilgi ald\u0131. Antalya Valili\u011fi&#8217;nin sosyal medya hesab\u0131ndan yap\u0131lan a\u00e7\u0131klamada, santrali kente kazand\u0131r\u0131lmas\u0131 i\u00e7in incelemelerin s\u00fcrd\u00fc\u011f\u00fcn\u00fc belirtildi.\u00a0 MERMERL\u0130 PARK VE PLAJI DA YER\u0130NDE \u0130NCELEND\u0130\u00a0 Ziyaret s\u0131ras\u0131nda Vali \u015eahin, ayr\u0131ca Kalei\u00e7i&#8217;nin en \u00f6nemli noktalar\u0131ndan Mermerli Park ve Plaj\u0131&#8217;nda yap\u0131lan yenileme \u00e7al\u0131\u015fmalar\u0131n\u0131 da yerinde inceledi. Antalya&#8217;n\u0131n tarihi ve k\u00fclt\u00fcrel miras\u0131n\u0131n korunarak kent ya\u015fam\u0131na dahil edilmesi ad\u0131na at\u0131lacak ad\u0131mlar merakla beklenirken, I\u015f\u0131klar Eski Elektrik Santrali&#8217;nin gelece\u011fiyle ilgili geli\u015fmeleri takip etmeye devam edece\u011fiz.\u00a0 \u200bK\u00f6rfez Gazetesi&#8217;nin 12 \u015eubat 2025 tarihli &#8220;At\u0131l b\u0131rak\u0131lan tarih&#8221; ba\u015fl\u0131kl\u0131 haberinin ard\u0131ndan Antalya Valisi Hulusi \u015eahin, I\u015f\u0131klar Eski Elektrik Santrali&#8217;ni ziyaret ederek mevcut yap\u0131yla ilgili yetkililerden bilgi ald\u0131.\u00a0 \u200bHaberin Al\u0131nt\u0131land\u0131\u011f\u0131 Kaynak: www.antalyakorfez.com"}