{"version":"1.0","provider_name":"Av. Deniz Can K\u0131z\u0131l","provider_url":"http:\/\/denizcankizil.tr\/uk","author_name":"Av. Deniz Can K\u0131z\u0131l","author_url":"http:\/\/denizcankizil.tr\/uk","title":"Antalya\u2019n\u0131n kaosa d\u00f6nen trafi\u011fi \u015fehri ikiye ay\u0131rd\u0131!","type":"rich","width":600,"height":338,"html":"<blockquote class=\"wp-embedded-content\" data-secret=\"28koCw1ItW\"><a href=\"http:\/\/denizcankizil.tr\/uk\/haberler\/gundem\/antalyanin-kaosa-donen-trafigi-sehri-ikiye-ayirdi\/\">Antalya\u2019n\u0131n kaosa d\u00f6nen trafi\u011fi \u015fehri ikiye ay\u0131rd\u0131!<\/a><\/blockquote><iframe sandbox=\"allow-scripts\" security=\"restricted\" src=\"http:\/\/denizcankizil.tr\/uk\/haberler\/gundem\/antalyanin-kaosa-donen-trafigi-sehri-ikiye-ayirdi\/embed\/#?secret=28koCw1ItW\" width=\"600\" height=\"338\" title=\"&#8220;Antalya\u2019n\u0131n kaosa d\u00f6nen trafi\u011fi \u015fehri ikiye ay\u0131rd\u0131!&#8221; &#8212; Av. Deniz Can K\u0131z\u0131l\" data-secret=\"28koCw1ItW\" frameborder=\"0\" marginwidth=\"0\" marginheight=\"0\" scrolling=\"no\" class=\"wp-embedded-content\"><\/iframe><script>\n\/*! This file is auto-generated *\/\n!function(d,l){\"use strict\";l.querySelector&&d.addEventListener&&\"undefined\"!=typeof URL&&(d.wp=d.wp||{},d.wp.receiveEmbedMessage||(d.wp.receiveEmbedMessage=function(e){var t=e.data;if((t||t.secret||t.message||t.value)&&!\/[^a-zA-Z0-9]\/.test(t.secret)){for(var s,r,n,a=l.querySelectorAll('iframe[data-secret=\"'+t.secret+'\"]'),o=l.querySelectorAll('blockquote[data-secret=\"'+t.secret+'\"]'),c=new RegExp(\"^https?:$\",\"i\"),i=0;i<o.length;i++)o[i].style.display=\"none\";for(i=0;i<a.length;i++)s=a[i],e.source===s.contentWindow&&(s.removeAttribute(\"style\"),\"height\"===t.message?(1e3<(r=parseInt(t.value,10))?r=1e3:~~r<200&&(r=200),s.height=r):\"link\"===t.message&&(r=new URL(s.getAttribute(\"src\")),n=new URL(t.value),c.test(n.protocol))&&n.host===r.host&&l.activeElement===s&&(d.top.location.href=t.value))}},d.addEventListener(\"message\",d.wp.receiveEmbedMessage,!1),l.addEventListener(\"DOMContentLoaded\",function(){for(var e,t,s=l.querySelectorAll(\"iframe.wp-embedded-content\"),r=0;r<s.length;r++)(t=(e=s[r]).getAttribute(\"data-secret\"))||(t=Math.random().toString(36).substring(2,12),e.src+=\"#?secret=\"+t,e.setAttribute(\"data-secret\",t)),e.contentWindow.postMessage({message:\"ready\",secret:t},\"*\")},!1)))}(window,document);\n\/\/# sourceURL=http:\/\/denizcankizil.tr\/wp-includes\/js\/wp-embed.min.js\n<\/script>","description":"Antalya, son y\u0131llarda b\u00fcy\u00fcyen n\u00fcfusu ve artan bireysel ara\u00e7 kullan\u0131m\u0131 ile giderek daha ciddi bir trafik sorunuyla kar\u015f\u0131 kar\u015f\u0131ya kald\u0131. \u00d6zellikle turizm sezonunda Antalya\u2019n\u0131n ana arterlerinde ya\u015fanan yo\u011funluk nedeniyle s\u00fcr\u00fcc\u00fcler ve turistler i\u00e7in g\u00fcnl\u00fck ya\u015fam\u0131 zorla\u015ft\u0131r\u0131yor. \u015eehrin Konyaalt\u0131 ve Muratpa\u015fa gibi \u00f6nemli il\u00e7elerinde trafik s\u0131k\u0131\u015f\u0131kl\u0131\u011f\u0131 \u00f6zellikle sabah ve ak\u015fam saatlerinde i\u00e7inden \u00e7\u0131k\u0131lmaz bir hal ald\u0131. Trafikte saatlerce s\u00fcren bekleyi\u015f, \u015fehrin hem ya\u015fam kalitesini hem de turizm imaj\u0131n\u0131 olumsuz etkilemeye ba\u015flad\u0131. \u00a0 TOPLU TA\u015eIMADAN KA\u00c7I\u015e Antalya K\u00f6rfez Gazetesi muhabiri Ertu\u011frul G\u00fcn&#8217;\u00fcn haberine g\u00f6re; pandemi d\u00f6nemiyle birlikte toplu ta\u015f\u0131ma kullan\u0131m\u0131nda ciddi bir d\u00fc\u015f\u00fc\u015f ya\u015fand\u0131. Pandemi \u00f6ncesinde Antalya\u2019da g\u00fcnl\u00fck yakla\u015f\u0131k 380 bin ki\u015fi toplu ta\u015f\u0131ma ara\u00e7lar\u0131n\u0131 kullan\u0131rken, bu say\u0131 g\u00fcn\u00fcm\u00fczde 260 bine geriledi. Antalya\u2019daki bireysel ara\u00e7 kullan\u0131m\u0131ndaki bu art\u0131\u015f, \u015fehir genelinde trafik yo\u011funlu\u011funu art\u0131rarak ciddi bir sorun haline geldi. Trafikteki bu yo\u011funluk sadece bireysel ara\u00e7 sahiplerini de\u011fil, toplu ta\u015f\u0131ma kullanan vatanda\u015flar\u0131 da etkileyerek \u015fehirdeki ula\u015f\u0131m sorununu daha da b\u00fcy\u00fctt\u00fc.\u00a0 TUR\u0130ZM \u00c7ALI\u015eANLARI YOLLARDA Yaz sezonunda Antalya\u2019y\u0131 ziyarete gelen milyonlarca turistin de katk\u0131s\u0131yla trafik yo\u011funlu\u011fu adeta zirveye ula\u015ft\u0131. Turizm sezonunun yo\u011fun oldu\u011fu yaz aylar\u0131nda, \u015fehre gelen yerli ve yabanc\u0131 turistlerin say\u0131s\u0131n\u0131n artmas\u0131, Antalya\u2019n\u0131n ana arterlerinde ve turistik b\u00f6lgelerinde trafi\u011fin durma noktas\u0131na gelmesine neden oldu. Turizm b\u00f6lgesi Kemer, Belek, Kadriye, Kundu, Kemera\u011fz\u0131, Beldibi\u2019nde bulunan i\u015flerine gitmek &hellip;"}