{"version":"1.0","provider_name":"Av. Deniz Can K\u0131z\u0131l","provider_url":"http:\/\/denizcankizil.tr\/uk","author_name":"Antalya K\u00f6rfez","author_url":"http:\/\/denizcankizil.tr\/uk\/author\/www-antalyakorfez-com\/","title":"Antalya\u2019n\u0131n en g\u00f6zde AVM\u2019sinde in cin top oynuyor","type":"rich","width":600,"height":338,"html":"<blockquote class=\"wp-embedded-content\" data-secret=\"FM9JNtoTKI\"><a href=\"http:\/\/denizcankizil.tr\/uk\/haberler\/gundem\/antalyanin-en-gozde-avmsinde-in-cin-top-oynuyor\/\">Antalya\u2019n\u0131n en g\u00f6zde AVM\u2019sinde in cin top oynuyor<\/a><\/blockquote><iframe sandbox=\"allow-scripts\" security=\"restricted\" src=\"http:\/\/denizcankizil.tr\/uk\/haberler\/gundem\/antalyanin-en-gozde-avmsinde-in-cin-top-oynuyor\/embed\/#?secret=FM9JNtoTKI\" width=\"600\" height=\"338\" title=\"&#8220;Antalya\u2019n\u0131n en g\u00f6zde AVM\u2019sinde in cin top oynuyor&#8221; &#8212; Av. Deniz Can K\u0131z\u0131l\" data-secret=\"FM9JNtoTKI\" frameborder=\"0\" marginwidth=\"0\" marginheight=\"0\" scrolling=\"no\" class=\"wp-embedded-content\"><\/iframe><script>\n\/*! This file is auto-generated *\/\n!function(d,l){\"use strict\";l.querySelector&&d.addEventListener&&\"undefined\"!=typeof URL&&(d.wp=d.wp||{},d.wp.receiveEmbedMessage||(d.wp.receiveEmbedMessage=function(e){var t=e.data;if((t||t.secret||t.message||t.value)&&!\/[^a-zA-Z0-9]\/.test(t.secret)){for(var s,r,n,a=l.querySelectorAll('iframe[data-secret=\"'+t.secret+'\"]'),o=l.querySelectorAll('blockquote[data-secret=\"'+t.secret+'\"]'),c=new RegExp(\"^https?:$\",\"i\"),i=0;i<o.length;i++)o[i].style.display=\"none\";for(i=0;i<a.length;i++)s=a[i],e.source===s.contentWindow&&(s.removeAttribute(\"style\"),\"height\"===t.message?(1e3<(r=parseInt(t.value,10))?r=1e3:~~r<200&&(r=200),s.height=r):\"link\"===t.message&&(r=new URL(s.getAttribute(\"src\")),n=new URL(t.value),c.test(n.protocol))&&n.host===r.host&&l.activeElement===s&&(d.top.location.href=t.value))}},d.addEventListener(\"message\",d.wp.receiveEmbedMessage,!1),l.addEventListener(\"DOMContentLoaded\",function(){for(var e,t,s=l.querySelectorAll(\"iframe.wp-embedded-content\"),r=0;r<s.length;r++)(t=(e=s[r]).getAttribute(\"data-secret\"))||(t=Math.random().toString(36).substring(2,12),e.src+=\"#?secret=\"+t,e.setAttribute(\"data-secret\",t)),e.contentWindow.postMessage({message:\"ready\",secret:t},\"*\")},!1)))}(window,document);\n\/\/# sourceURL=http:\/\/denizcankizil.tr\/wp-includes\/js\/wp-embed.min.js\n<\/script>","description":"Normal \u015fartlarda ziyaret\u00e7i ak\u0131n\u0131na u\u011frayan al\u0131\u015fveri\u015f merkezi sessizli\u011fe b\u00fcr\u00fcnd\u00fc. Antalya\u2019n\u0131n en \u00e7ok ziyaret edilen al\u0131\u015fveri\u015f merkezlerinin ba\u015f\u0131nda gelen Markantalya&#8217;da ya\u015fanan durgunlu\u011fun ekonomideki k\u00f6t\u00fc gidi\u015fata ba\u011fl\u0131 oldu\u011fu tahmin ediliyor. Di\u011fer yandan CHP taraf\u0131ndan ba\u015flat\u0131lan boykot \u00e7a\u011fr\u0131lar\u0131n\u0131n da AVM\u2019lere olan ilginin azalmas\u0131nda etkili oldu\u011fu d\u00fc\u015f\u00fcn\u00fcl\u00fcyor. BOYKOT \u00c7A\u011eRILARI ETK\u0130L\u0130 OLDU MU? \u0130stanbul B\u00fcy\u00fck\u015fehir Belediye Ba\u015fkan\u0131 Ekrem \u0130mamo\u011flu&#8217;nun tutuklanmas\u0131n\u0131n ard\u0131ndan CHP Genel Ba\u015fkan\u0131 \u00d6zg\u00fcr \u00d6zel&#8217;den gelen baz\u0131 firmalar\u0131 boykot \u00e7a\u011fr\u0131s\u0131, \u00fclke genelinde b\u00fcy\u00fck ses getirdi. Nisan ay\u0131n\u0131n ba\u015f\u0131ndan itibaren ba\u015flayan boykot \u00e7a\u011fr\u0131s\u0131 bir\u00e7ok firman\u0131n tepkisine neden olmu\u015ftu. T\u00fcketim boykotuna destek veren esnaf kepenk kapatm\u0131\u015f, AVM&#8217;ler, marketler, kafeler ve restoranlar bo\u015f kalm\u0131\u015ft\u0131. Antalya\u2019da b\u00fcy\u00fck yank\u0131 bulan boykot kararlar\u0131n\u0131n ard\u0131ndan halen bir\u00e7ok b\u00fcy\u00fck al\u0131\u015fveri\u015f merkezinin istedi\u011fi sat\u0131\u015fa ula\u015famad\u0131\u011f\u0131 g\u00f6r\u00fcl\u00fcyor \u0130LK DEFA BU G\u00d6R\u00dcNT\u00dcLER YA\u015eANIYOR Ge\u00e7mi\u015f y\u0131llarda ya\u015fanan \u00e7ok say\u0131da ekonomik krize ra\u011fmen ayakta kalan AVM\u2019lerde bu defa beklenen olmad\u0131. Ekonomide ya\u015fanan k\u00f6t\u00fc gidi\u015fat, asgari \u00fccretli ve emeklilerin d\u00fc\u015f\u00fck maa\u015fla ya\u015famlar\u0131n\u0131 s\u00fcrd\u00fcrmeleri kar\u015f\u0131s\u0131nda AVM\u2019lerrin m\u00fc\u015fterilerinde yava\u015f yava\u015f d\u00fc\u015f\u00fcler ya\u015fanmaya ba\u015flad\u0131. Antalyal\u0131lar her t\u00fcrl\u00fc al\u0131\u015fveri\u015fini semt pazarlar\u0131ndan yapmaya ba\u015flad\u0131. Sadece AVM\u2019lerde de\u011fil zincir kafe ve restoranlarda da al\u0131\u015fveri\u015f oran\u0131n\u0131n d\u00fc\u015ft\u00fc\u011f\u00fc ifade ediliyor. TUR\u0130STLER\u0130N ALI\u015eVER\u0130\u015e YAPMADI\u011eI \u0130FADE ED\u0130L\u0130YOR Bahar aylar\u0131yla birlikte yerli ve yabanc\u0131 turistler Antalya\u2019ya ak\u0131n etmeye ba\u015flad\u0131. Turistleri ta\u015f\u0131yan turlar\u0131n ilk dura\u011f\u0131 tarihi Kalei\u00e7i, Cumhuriyet Meydan\u0131 ve &hellip;"}