{"version":"1.0","provider_name":"Av. Deniz Can K\u0131z\u0131l","provider_url":"http:\/\/denizcankizil.tr\/uk","author_name":"admin","author_url":"http:\/\/denizcankizil.tr\/uk\/author\/admin\/","title":"Antalya'da trajik kaza! Bakan Yerlikaya yine uyard\u0131","type":"rich","width":600,"height":338,"html":"<blockquote class=\"wp-embedded-content\" data-secret=\"u1to6fHj7K\"><a href=\"http:\/\/denizcankizil.tr\/uk\/haberler\/gundem\/antalyada-trajik-kaza-bakan-yerlikaya-yine-uyardi\/\">Antalya&#8217;da trajik kaza! Bakan Yerlikaya yine uyard\u0131<\/a><\/blockquote><iframe sandbox=\"allow-scripts\" security=\"restricted\" src=\"http:\/\/denizcankizil.tr\/uk\/haberler\/gundem\/antalyada-trajik-kaza-bakan-yerlikaya-yine-uyardi\/embed\/#?secret=u1to6fHj7K\" width=\"600\" height=\"338\" title=\"&#8220;Antalya&#8217;da trajik kaza! Bakan Yerlikaya yine uyard\u0131&#8221; &#8212; Av. Deniz Can K\u0131z\u0131l\" data-secret=\"u1to6fHj7K\" frameborder=\"0\" marginwidth=\"0\" marginheight=\"0\" scrolling=\"no\" class=\"wp-embedded-content\"><\/iframe><script>\n\/*! This file is auto-generated *\/\n!function(d,l){\"use strict\";l.querySelector&&d.addEventListener&&\"undefined\"!=typeof URL&&(d.wp=d.wp||{},d.wp.receiveEmbedMessage||(d.wp.receiveEmbedMessage=function(e){var t=e.data;if((t||t.secret||t.message||t.value)&&!\/[^a-zA-Z0-9]\/.test(t.secret)){for(var s,r,n,a=l.querySelectorAll('iframe[data-secret=\"'+t.secret+'\"]'),o=l.querySelectorAll('blockquote[data-secret=\"'+t.secret+'\"]'),c=new RegExp(\"^https?:$\",\"i\"),i=0;i<o.length;i++)o[i].style.display=\"none\";for(i=0;i<a.length;i++)s=a[i],e.source===s.contentWindow&&(s.removeAttribute(\"style\"),\"height\"===t.message?(1e3<(r=parseInt(t.value,10))?r=1e3:~~r<200&&(r=200),s.height=r):\"link\"===t.message&&(r=new URL(s.getAttribute(\"src\")),n=new URL(t.value),c.test(n.protocol))&&n.host===r.host&&l.activeElement===s&&(d.top.location.href=t.value))}},d.addEventListener(\"message\",d.wp.receiveEmbedMessage,!1),l.addEventListener(\"DOMContentLoaded\",function(){for(var e,t,s=l.querySelectorAll(\"iframe.wp-embedded-content\"),r=0;r<s.length;r++)(t=(e=s[r]).getAttribute(\"data-secret\"))||(t=Math.random().toString(36).substring(2,12),e.src+=\"#?secret=\"+t,e.setAttribute(\"data-secret\",t)),e.contentWindow.postMessage({message:\"ready\",secret:t},\"*\")},!1)))}(window,document);\n\/\/# sourceURL=http:\/\/denizcankizil.tr\/wp-includes\/js\/wp-embed.min.js\n<\/script>","description":"\u0130\u00e7i\u015fleri Bakan\u0131 Ali Yerlikaya, Kurban Bayram\u0131\u2019n\u0131n 3. g\u00fcn\u00fcnde Antalya Kemer yolunda meydana gelen ve 2 gencin hayat\u0131n\u0131 kaybetti\u011fi motosiklet kazas\u0131n\u0131n ard\u0131ndan s\u00fcr\u00fcc\u00fclere trafik kurallar\u0131na uyma \u00e7a\u011fr\u0131s\u0131 yapt\u0131.ANTALYA (\u0130GFA) &#8211; Antalya\u2019dan Kemer istikametine seyir halindeki bir otomobilin, girilmez levhas\u0131na ra\u011fmen sa\u011f \u015feritten sol \u015feride hatal\u0131 d\u00f6n\u00fc\u015f yapmas\u0131 ve a\u015f\u0131r\u0131 h\u0131z ihlali, Kurban Bayram\u0131\u2019n\u0131n 3. g\u00fcn\u00fcnde y\u00fcrekleri da\u011flayan bir kazaya neden oldu. \u0130\u00e7i\u015fleri Bakan\u0131 Ali Yerlikaya\u2019n\u0131n sosyal medya hesab\u0131ndan videolu o anlara ili\u015fkin g\u00f6r\u00fcnt\u00fcleri de payla\u015ft\u0131\u011f\u0131 bilgilere g\u00f6re, kazada motosiklet s\u00fcr\u00fcc\u00fcs\u00fc M.K. (20) ve yolcu konumundaki A.N.B. (21) olay yerinde hayat\u0131n\u0131 kaybetti. Kazada otomobil ve di\u011fer motosiklette bulunan 4 ki\u015fi ise yaraland\u0131. Kurban Bayram\u0131\u2019n\u0131n 3. g\u00fcn\u00fc (bug\u00fcn) 2 oca\u011fa daha maalesef ate\u015f d\u00fc\u015ft\u00fc.Otomobil, Antalya istikametinden Kemer\u2019e seyir halindeyken girilmez levhas\u0131 olmas\u0131na ra\u011fmen sa\u011f \u015feritten sol \u015feride d\u00f6nmek istedi.Hatal\u0131 d\u00f6n\u00fc\u015f ihlaline h\u0131z ihlali de eklenince \u00fcz\u00fcc\u00fc bir kaza meydana geldi.\u2026 pic.twitter.com\/64Kn8gGhhW\u2014 Ali Yerlikaya (@AliYerlikaya) June 8, 2025 Bakan Yerlikaya, hayat\u0131n\u0131 kaybeden gen\u00e7lere Allah\u2019tan rahmet, yaral\u0131lara acil \u015fifalar dileyerek, trafik g\u00fcvenli\u011fine dikkat \u00e7ekti. \u201cYollar bizleri sevdiklerimize kavu\u015fturmak i\u00e7in vard\u0131r, ay\u0131rmak i\u00e7in de\u011fil\u201d vurgusu yapan Yerlikaya, s\u00fcr\u00fcc\u00fclere \u015fu uyar\u0131larda bulundu: \u201cL\u00fctfen trafik kurallar\u0131na uyal\u0131m. Hatal\u0131 \u015ferit de\u011fi\u015ftirmekten ve a\u015f\u0131r\u0131 h\u0131zdan ka\u00e7\u0131nal\u0131m. Motosiklet s\u00fcr\u00fcc\u00fclerine kar\u015f\u0131 daha dikkatli olal\u0131m. Kav\u015fak ve d\u00f6n\u00fc\u015flerde kar\u015f\u0131dan gelen motosikletler fark edilmeyebilir. &hellip;"}