{"version":"1.0","provider_name":"Av. Deniz Can K\u0131z\u0131l","provider_url":"http:\/\/denizcankizil.tr\/uk","author_name":"Antalya K\u00f6rfez","author_url":"http:\/\/denizcankizil.tr\/uk\/author\/www-antalyakorfez-com\/","title":"Antalya\u2019da k\u0131rm\u0131z\u0131 alarm: Ku\u015f dahi u\u00e7urulmayacak!","type":"rich","width":600,"height":338,"html":"<blockquote class=\"wp-embedded-content\" data-secret=\"283TATYSte\"><a href=\"http:\/\/denizcankizil.tr\/uk\/haberler\/gundem\/antalyada-kirmizi-alarm-kus-dahi-ucurulmayacak\/\">Antalya\u2019da k\u0131rm\u0131z\u0131 alarm: Ku\u015f dahi u\u00e7urulmayacak!<\/a><\/blockquote><iframe sandbox=\"allow-scripts\" security=\"restricted\" src=\"http:\/\/denizcankizil.tr\/uk\/haberler\/gundem\/antalyada-kirmizi-alarm-kus-dahi-ucurulmayacak\/embed\/#?secret=283TATYSte\" width=\"600\" height=\"338\" title=\"&#8220;Antalya\u2019da k\u0131rm\u0131z\u0131 alarm: Ku\u015f dahi u\u00e7urulmayacak!&#8221; &#8212; Av. Deniz Can K\u0131z\u0131l\" data-secret=\"283TATYSte\" frameborder=\"0\" marginwidth=\"0\" marginheight=\"0\" scrolling=\"no\" class=\"wp-embedded-content\"><\/iframe><script>\n\/*! This file is auto-generated *\/\n!function(d,l){\"use strict\";l.querySelector&&d.addEventListener&&\"undefined\"!=typeof URL&&(d.wp=d.wp||{},d.wp.receiveEmbedMessage||(d.wp.receiveEmbedMessage=function(e){var t=e.data;if((t||t.secret||t.message||t.value)&&!\/[^a-zA-Z0-9]\/.test(t.secret)){for(var s,r,n,a=l.querySelectorAll('iframe[data-secret=\"'+t.secret+'\"]'),o=l.querySelectorAll('blockquote[data-secret=\"'+t.secret+'\"]'),c=new RegExp(\"^https?:$\",\"i\"),i=0;i<o.length;i++)o[i].style.display=\"none\";for(i=0;i<a.length;i++)s=a[i],e.source===s.contentWindow&&(s.removeAttribute(\"style\"),\"height\"===t.message?(1e3<(r=parseInt(t.value,10))?r=1e3:~~r<200&&(r=200),s.height=r):\"link\"===t.message&&(r=new URL(s.getAttribute(\"src\")),n=new URL(t.value),c.test(n.protocol))&&n.host===r.host&&l.activeElement===s&&(d.top.location.href=t.value))}},d.addEventListener(\"message\",d.wp.receiveEmbedMessage,!1),l.addEventListener(\"DOMContentLoaded\",function(){for(var e,t,s=l.querySelectorAll(\"iframe.wp-embedded-content\"),r=0;r<s.length;r++)(t=(e=s[r]).getAttribute(\"data-secret\"))||(t=Math.random().toString(36).substring(2,12),e.src+=\"#?secret=\"+t,e.setAttribute(\"data-secret\",t)),e.contentWindow.postMessage({message:\"ready\",secret:t},\"*\")},!1)))}(window,document);\n\/\/# sourceURL=http:\/\/denizcankizil.tr\/wp-includes\/js\/wp-embed.min.js\n<\/script>","description":"K\u00fcresel krizlerin, jeopolitik gerilimlerin ve yeni i\u015f birliklerinin yo\u011fun bi\u00e7imde tart\u0131\u015f\u0131ld\u0131\u011f\u0131 bir d\u00f6nemde, diplomasi sahnesinin g\u00f6zleri bir kez daha Antalya\u2019ya \u00e7evrildi. Antalya Diplomasi Forumu (ADF 2025), yar\u0131n d\u00fczenlenen a\u00e7\u0131l\u0131\u015f program\u0131yla resmen ba\u015fl\u0131yor.\u00a0Forum kapsam\u0131nda ba\u015fta Belek b\u00f6lgesi olmak \u00fczere kentte g\u00fcvenlik seviyesi en \u00fcst d\u00fczeye \u00e7\u0131kar\u0131ld\u0131. Forum s\u00fcresince kentte 10 bine yak\u0131n g\u00fcvenlik g\u00f6revlisi g\u00f6rev almas\u0131 beklenirken g\u00fcvenlik \u00f6nlemleri kapsam\u0131nda adeta ku\u015f dahi u\u00e7urtulmayacak. A\u00c7ILI\u015eI ERDO\u011eAN YAPACAK Antalya K\u00f6rfez Gazetesi Ertu\u011frul G\u00fcn&#8217;\u00fcn haberine g\u00f6re, Antalya Diplomasi Forumu&#8217;nun (ADF2025) d\u00f6rd\u00fcnc\u00fcs\u00fc, Cumhurba\u015fkan\u0131 Say\u0131n Recep Tayyip Erdo\u011fan&#8217;\u0131n himayelerinde ve T\u00fcrkiye Cumhuriyeti D\u0131\u015fi\u015fleri Bakanl\u0131\u011f\u0131n\u0131n ev sahipli\u011finde, 11-13 Nisan 2025 tarihlerinde Antalya\u2019da ger\u00e7ekle\u015ftirilecek. Temas\u0131 &#8220;Ayr\u0131\u015fan D\u00fcnyada Diplomasiyi Sahiplenmek&#8221; olarak belirlenen forum, a\u00e7\u0131l\u0131\u015f\u0131 yar\u0131n Cumhurba\u015fkan\u0131 Erdo\u011fan ve D\u0131\u015fi\u015fleri Bakan\u0131 Hakan Fidan&#8217;\u0131n konu\u015fmalar\u0131yla ger\u00e7ekle\u015ftirilecek. D\u00dcNYANIN G\u00d6Z\u00dc ANTALYA\u2019DA OLACAK Antalya, 11-13 Nisan tarihlerinde d\u00f6rd\u00fcnc\u00fc Diplomasi Forumu&#8217;na ev sahipli\u011fi yapacak. 140&#8217;\u0131 a\u015fk\u0131n \u00fclkeden siyasiler, diplomatlar, akademisyenler, gazeteciler ve \u00f6\u011frenciler bir araya gelecek, k\u00fcresel meseleler ele al\u0131nacak. Bu y\u0131l\u0131n temas\u0131 \u201cAyr\u0131\u015fan D\u00fcnyada Diplomasiyi Sahiplenmek\u201d olarak belirlendi. B\u00fcy\u00fcyen jeopolitik \u00e7atlaklar, derinle\u015fen k\u00fcresel e\u015fitsizlikler, sivilleri hedef alan \u015fiddet olaylar\u0131ndaki art\u0131\u015f, farkl\u0131 g\u00f6r\u00fc\u015flere y\u00f6nelik ho\u015fg\u00f6r\u00fcs\u00fczl\u00fck, teknolojik k\u0131r\u0131lmalar\u0131n yol a\u00e7t\u0131\u011f\u0131 belirsizlikler ve iklim krizinin \u00e7ok boyutlu etkileri formun ba\u015fl\u0131ca \u00f6ne \u00e7\u0131kan konular\u0131 olacak. D\u00dcNYAYA \u0130LHAM VERECEK Antalya Diplomasi Forumu, diplomasinin gidi\u015fat\u0131 nas\u0131l de\u011fi\u015ftirebilece\u011fi ve ayr\u0131\u015fan &hellip;"}