{"version":"1.0","provider_name":"Av. Deniz Can K\u0131z\u0131l","provider_url":"http:\/\/denizcankizil.tr\/uk","author_name":"Av. Deniz Can K\u0131z\u0131l","author_url":"http:\/\/denizcankizil.tr\/uk","title":"Antalya Gazeteciler Cemiyeti'nden cumhuriyete \u00f6zel sergi!","type":"rich","width":600,"height":338,"html":"<blockquote class=\"wp-embedded-content\" data-secret=\"205XhaaQXI\"><a href=\"http:\/\/denizcankizil.tr\/uk\/haberler\/gundem\/antalya-gazeteciler-cemiyetinden-cumhuriyete-ozel-sergi\/\">Antalya Gazeteciler Cemiyeti&#8217;nden cumhuriyete \u00f6zel sergi!<\/a><\/blockquote><iframe sandbox=\"allow-scripts\" security=\"restricted\" src=\"http:\/\/denizcankizil.tr\/uk\/haberler\/gundem\/antalya-gazeteciler-cemiyetinden-cumhuriyete-ozel-sergi\/embed\/#?secret=205XhaaQXI\" width=\"600\" height=\"338\" title=\"&#8220;Antalya Gazeteciler Cemiyeti&#8217;nden cumhuriyete \u00f6zel sergi!&#8221; &#8212; Av. Deniz Can K\u0131z\u0131l\" data-secret=\"205XhaaQXI\" frameborder=\"0\" marginwidth=\"0\" marginheight=\"0\" scrolling=\"no\" class=\"wp-embedded-content\"><\/iframe><script>\n\/*! This file is auto-generated *\/\n!function(d,l){\"use strict\";l.querySelector&&d.addEventListener&&\"undefined\"!=typeof URL&&(d.wp=d.wp||{},d.wp.receiveEmbedMessage||(d.wp.receiveEmbedMessage=function(e){var t=e.data;if((t||t.secret||t.message||t.value)&&!\/[^a-zA-Z0-9]\/.test(t.secret)){for(var s,r,n,a=l.querySelectorAll('iframe[data-secret=\"'+t.secret+'\"]'),o=l.querySelectorAll('blockquote[data-secret=\"'+t.secret+'\"]'),c=new RegExp(\"^https?:$\",\"i\"),i=0;i<o.length;i++)o[i].style.display=\"none\";for(i=0;i<a.length;i++)s=a[i],e.source===s.contentWindow&&(s.removeAttribute(\"style\"),\"height\"===t.message?(1e3<(r=parseInt(t.value,10))?r=1e3:~~r<200&&(r=200),s.height=r):\"link\"===t.message&&(r=new URL(s.getAttribute(\"src\")),n=new URL(t.value),c.test(n.protocol))&&n.host===r.host&&l.activeElement===s&&(d.top.location.href=t.value))}},d.addEventListener(\"message\",d.wp.receiveEmbedMessage,!1),l.addEventListener(\"DOMContentLoaded\",function(){for(var e,t,s=l.querySelectorAll(\"iframe.wp-embedded-content\"),r=0;r<s.length;r++)(t=(e=s[r]).getAttribute(\"data-secret\"))||(t=Math.random().toString(36).substring(2,12),e.src+=\"#?secret=\"+t,e.setAttribute(\"data-secret\",t)),e.contentWindow.postMessage({message:\"ready\",secret:t},\"*\")},!1)))}(window,document);\n\/\/# sourceURL=http:\/\/denizcankizil.tr\/wp-includes\/js\/wp-embed.min.js\n<\/script>","description":"Antalya Gazeteciler Cemiyeti (AGC) ve Nirvana Hotels is birli\u011fiyle Nirvana Cosmopolitan Hotel&#8217;de d\u00fczenlenen Cumhuriyet&#8217;in 101. Y\u0131l\u0131nda &#8216;Gazete ve Foto\u011fraf&#8217; sergisinin a\u00e7\u0131l\u0131\u015f\u0131 ger\u00e7ekle\u015ftirildi. Sergide Atat\u00fcrk&#8217;\u00fcn Antalya ziyaretinden foto\u011fraflar, gazete k\u00fclt\u00fcrlerine ve gazetecilerin cumhuriyet kutlamalar\u0131nda \u00e7ekti\u011fi foto\u011fraflara yer verildi. Sergiye turistlerin de ilgisi yo\u011fun oldu. Antalya Gazeteciler Cemiyetinin kendi ar\u015fivinden haz\u0131rlad\u0131\u011f\u0131 cumhuriyet eserlerinin sergilendi\u011fi sergide, \u00e7ok say\u0131da esere yer verildi. Ge\u00e7mi\u015ften g\u00fcn\u00fcm\u00fcze cumhuriyetin \u00f6neminin anlat\u0131ld\u0131\u011f\u0131 serginin, bundan sonra her y\u0131l d\u00fczenlenmesi planlan\u0131yor. Serginin a\u00e7\u0131l\u0131\u015f konu\u015fmas\u0131n\u0131 ger\u00e7ekle\u015ftiren Antalya Gazeteciler Cemiyeti Ba\u015fkan\u0131 \u0130dris Ta\u015f, cumhuriyetin 101\u2019inci y\u0131l\u0131n\u0131 kutlamaktan gurur duyduklar\u0131n\u0131 ifade etti.\u00a0 &#8220;DURU\u015eUMUZ DE\u011e\u0130\u015eMEYECEK&#8221; T\u00fcrk bas\u0131n\u0131n\u0131n cumhuriyet d\u00f6neminde haber verme, bilgilendirici ve kamuoyu olu\u015fturma \u00f6zelli\u011fiyle birlikte milli m\u00fccadelenin ba\u015flang\u0131c\u0131nda ve cumhuriyetin kurulu\u015funda b\u00fcy\u00fck rol olu\u015fturdu\u011funu ifade eden Ta\u015f, \u201cGazi Mustafa Kemal Atat\u00fcrk \u00f6nderli\u011finde T\u00fcrk bas\u0131n\u0131 Kurtulu\u015f Sava\u015f\u0131&#8217;n\u0131n ba\u015flang\u0131c\u0131nda halk\u0131m\u0131z\u0131 \u00f6rg\u00fctlemede b\u00fcy\u00fck bir \u00f6zverisi vard\u0131r. Sonras\u0131nda Cumhuriyet&#8217;in kurulu\u015f a\u015famas\u0131nda da her zaman cumhuriyetin de\u011ferlerine sahip \u00e7\u0131km\u0131\u015ft\u0131r. Bu y\u0131l, Cumhuriyetimizin 101. y\u0131l\u0131n\u0131 b\u00fcy\u00fck bir co\u015fkuyla kutluyoruz. Gazete man\u015fetleri, foto\u011fraflar, ilgin\u00e7 bir, farkl\u0131 bir sevgiyle kar\u015f\u0131n\u0131zday\u0131z. Atat\u00fcrk&#8217;\u00fcn bizlere arma\u011fan etti\u011fi cumhuriyetimize sahip \u00e7\u0131kmak, her bas\u0131n\u0131n asli g\u00f6revlerinden birisidir. Bu duru\u015fumuz sonsuza dek de\u011fi\u015fmeyecektir\u201d dedi. \u0130lk kez b\u00f6yle bir sergi a\u00e7t\u0131klar\u0131n\u0131 ifade eden Ta\u015f, bundan sonra her y\u0131l 28 ya da 29 Ekim&#8217;de bu sergiyi a\u00e7acaklar\u0131n\u0131 s\u00f6yledi.\u00a0 TOPRAKTAN &hellip;"}