{"version":"1.0","provider_name":"Av. Deniz Can K\u0131z\u0131l","provider_url":"http:\/\/denizcankizil.tr\/uk","author_name":"Antalya K\u00f6rfez","author_url":"http:\/\/denizcankizil.tr\/uk\/author\/www-antalyakorfez-com\/","title":"Antalya Fashion Week\u2019te geleneksel dokunu\u015f","type":"rich","width":600,"height":338,"html":"<blockquote class=\"wp-embedded-content\" data-secret=\"zE57QB4gt1\"><a href=\"http:\/\/denizcankizil.tr\/uk\/haberler\/gundem\/antalya-fashion-weekte-geleneksel-dokunus\/\">Antalya Fashion Week\u2019te geleneksel dokunu\u015f<\/a><\/blockquote><iframe sandbox=\"allow-scripts\" security=\"restricted\" src=\"http:\/\/denizcankizil.tr\/uk\/haberler\/gundem\/antalya-fashion-weekte-geleneksel-dokunus\/embed\/#?secret=zE57QB4gt1\" width=\"600\" height=\"338\" title=\"&#8220;Antalya Fashion Week\u2019te geleneksel dokunu\u015f&#8221; &#8212; Av. Deniz Can K\u0131z\u0131l\" data-secret=\"zE57QB4gt1\" frameborder=\"0\" marginwidth=\"0\" marginheight=\"0\" scrolling=\"no\" class=\"wp-embedded-content\"><\/iframe><script>\n\/*! This file is auto-generated *\/\n!function(d,l){\"use strict\";l.querySelector&&d.addEventListener&&\"undefined\"!=typeof URL&&(d.wp=d.wp||{},d.wp.receiveEmbedMessage||(d.wp.receiveEmbedMessage=function(e){var t=e.data;if((t||t.secret||t.message||t.value)&&!\/[^a-zA-Z0-9]\/.test(t.secret)){for(var s,r,n,a=l.querySelectorAll('iframe[data-secret=\"'+t.secret+'\"]'),o=l.querySelectorAll('blockquote[data-secret=\"'+t.secret+'\"]'),c=new RegExp(\"^https?:$\",\"i\"),i=0;i<o.length;i++)o[i].style.display=\"none\";for(i=0;i<a.length;i++)s=a[i],e.source===s.contentWindow&&(s.removeAttribute(\"style\"),\"height\"===t.message?(1e3<(r=parseInt(t.value,10))?r=1e3:~~r<200&&(r=200),s.height=r):\"link\"===t.message&&(r=new URL(s.getAttribute(\"src\")),n=new URL(t.value),c.test(n.protocol))&&n.host===r.host&&l.activeElement===s&&(d.top.location.href=t.value))}},d.addEventListener(\"message\",d.wp.receiveEmbedMessage,!1),l.addEventListener(\"DOMContentLoaded\",function(){for(var e,t,s=l.querySelectorAll(\"iframe.wp-embedded-content\"),r=0;r<s.length;r++)(t=(e=s[r]).getAttribute(\"data-secret\"))||(t=Math.random().toString(36).substring(2,12),e.src+=\"#?secret=\"+t,e.setAttribute(\"data-secret\",t)),e.contentWindow.postMessage({message:\"ready\",secret:t},\"*\")},!1)))}(window,document);\n\/\/# sourceURL=http:\/\/denizcankizil.tr\/wp-includes\/js\/wp-embed.min.js\n<\/script>","description":"Antalya&#8217;da d\u00fczenlenen Antalya Fashion Week (AFW), 4&#8217;\u00fcnc\u00fc g\u00fcn\u00fcnde de unutulmaz iki defileye ev sahipli\u011fi yapt\u0131. Kalei\u00e7i&#8217;nde bir otelin tarihi atmosferi \u00f6zel bir sahneye d\u00f6n\u00fc\u015ft\u00fc. Antalya&#8217;n\u0131n geleneksel D\u00f6\u015femealt\u0131 k\u0131ll\u0131k hal\u0131lar\u0131yla olu\u015fturulan podyum, tarihi yap\u0131n\u0131n atmosferiyle birle\u015ferek g\u00f6rsel \u015f\u00f6len sundu. Antalya Valisi Hulusi \u015eahin ile yerli ve yabanc\u0131 yakla\u015f\u0131k 250 davetlinin kat\u0131ld\u0131\u011f\u0131 etkinlikte ilk olarak \u00fcnl\u00fc tasar\u0131mc\u0131 G\u00f6khan Yava\u015f&#8217;\u0131n defilesi ger\u00e7ekle\u015fti. Koleksiyon ile b\u00fct\u00fcnle\u015fen hal\u0131lar ve podyumda yer alan mankenler, tasar\u0131mc\u0131n\u0131n &#8216;Holiday Heirlooms&#8217; adl\u0131 yeni koleksiyonunu sergiledi. KAPSAMLI B\u0130R YIL Kendi ad\u0131n\u0131 ta\u015f\u0131yan markas\u0131 ile sokak giyimine yeni bir soluk getirmeyi hedefleyen, 5 par\u00e7al\u0131k Kaps\u00fcl serisi dahil toplam 31 par\u00e7adan olu\u015fan koleksiyonunu sergileyen G\u00f6khan Yava\u015f, konuklardan alk\u0131\u015f ald\u0131. Antalya Fashion Week kapsam\u0131nda bu y\u0131l bir ilk ya\u015fand\u0131. Antalya Fashion Week Europa Temsilcisi Ehat Lekovic&#8217;in giri\u015fimleriyle, bu y\u0131l Londra Moda Haftas\u0131&#8217;n\u0131n \u00f6nemli yap\u0131ta\u015flar\u0131ndan Fashion Scout ile \u00f6zel bir i\u015f birli\u011fine imza at\u0131ld\u0131. KUMA\u015e TEKN\u0130KLER\u0130 Bu kapsamda Londra&#8217;n\u0131n \u00f6d\u00fcll\u00fc tasar\u0131mc\u0131s\u0131 John Herrera, Antalya&#8217;ya gelerek moda haftas\u0131 kapsam\u0131nda bir defile ger\u00e7ekle\u015ftirdi. Tasar\u0131mlar\u0131nda, modern kuma\u015f teknikleriyle geleneksel terzili\u011fin dokunu\u015flar\u0131n\u0131 bir araya getiren John Herrera, be\u011feni kazand\u0131. Gen\u00e7 modac\u0131, ilk kez geldi\u011fi Antalya&#8217;y\u0131 \u00e7ok be\u011fendi\u011fini, tarih ve sanat dolu kentin sokaklar\u0131ndan \u00e7ok etkilendi\u011fini s\u00f6yledi. \u200bAntalya Fashion Week\u2019in 4\u2019\u00fcnc\u00fc g\u00fcn\u00fcnde, \u00fcnl\u00fc tasar\u0131mc\u0131lar G\u00f6khan Yava\u015f ve John Herrera defilelerini &hellip;"}