{"version":"1.0","provider_name":"Av. Deniz Can K\u0131z\u0131l","provider_url":"http:\/\/denizcankizil.tr\/uk","author_name":"admin","author_url":"http:\/\/denizcankizil.tr\/uk\/author\/admin\/","title":"Antakya-Serinyol karayolunda trafik kazas\u0131\u2026","type":"rich","width":600,"height":338,"html":"<blockquote class=\"wp-embedded-content\" data-secret=\"yJTt8dgVXl\"><a href=\"http:\/\/denizcankizil.tr\/uk\/haberler\/gundem\/antakya-serinyol-karayolunda-trafik-kazasi\/\">Antakya-Serinyol karayolunda trafik kazas\u0131\u2026<\/a><\/blockquote><iframe sandbox=\"allow-scripts\" security=\"restricted\" src=\"http:\/\/denizcankizil.tr\/uk\/haberler\/gundem\/antakya-serinyol-karayolunda-trafik-kazasi\/embed\/#?secret=yJTt8dgVXl\" width=\"600\" height=\"338\" title=\"&#8220;Antakya-Serinyol karayolunda trafik kazas\u0131\u2026&#8221; &#8212; Av. Deniz Can K\u0131z\u0131l\" data-secret=\"yJTt8dgVXl\" frameborder=\"0\" marginwidth=\"0\" marginheight=\"0\" scrolling=\"no\" class=\"wp-embedded-content\"><\/iframe><script>\n\/*! This file is auto-generated *\/\n!function(d,l){\"use strict\";l.querySelector&&d.addEventListener&&\"undefined\"!=typeof URL&&(d.wp=d.wp||{},d.wp.receiveEmbedMessage||(d.wp.receiveEmbedMessage=function(e){var t=e.data;if((t||t.secret||t.message||t.value)&&!\/[^a-zA-Z0-9]\/.test(t.secret)){for(var s,r,n,a=l.querySelectorAll('iframe[data-secret=\"'+t.secret+'\"]'),o=l.querySelectorAll('blockquote[data-secret=\"'+t.secret+'\"]'),c=new RegExp(\"^https?:$\",\"i\"),i=0;i<o.length;i++)o[i].style.display=\"none\";for(i=0;i<a.length;i++)s=a[i],e.source===s.contentWindow&&(s.removeAttribute(\"style\"),\"height\"===t.message?(1e3<(r=parseInt(t.value,10))?r=1e3:~~r<200&&(r=200),s.height=r):\"link\"===t.message&&(r=new URL(s.getAttribute(\"src\")),n=new URL(t.value),c.test(n.protocol))&&n.host===r.host&&l.activeElement===s&&(d.top.location.href=t.value))}},d.addEventListener(\"message\",d.wp.receiveEmbedMessage,!1),l.addEventListener(\"DOMContentLoaded\",function(){for(var e,t,s=l.querySelectorAll(\"iframe.wp-embedded-content\"),r=0;r<s.length;r++)(t=(e=s[r]).getAttribute(\"data-secret\"))||(t=Math.random().toString(36).substring(2,12),e.src+=\"#?secret=\"+t,e.setAttribute(\"data-secret\",t)),e.contentWindow.postMessage({message:\"ready\",secret:t},\"*\")},!1)))}(window,document);\n\/\/# sourceURL=http:\/\/denizcankizil.tr\/wp-includes\/js\/wp-embed.min.js\n<\/script>","description":"Edinilen bilgilere g\u00f6re kaza, \u00f6\u011flen saatlerinde Antakya-\u0130skenderun karayolu Serinyol mevkiinde meydana geldi. Trafik \u0131\u015f\u0131klar\u0131nda ye\u015fil \u0131\u015f\u0131kta ilerledi\u011fi s\u0131rada bir otomobil yola \u00e7\u0131kan bir ba\u015fka ara\u00e7la \u00e7arp\u0131\u015ft\u0131. \u00c7arp\u0131\u015fman\u0131n etkisiyle her iki ara\u00e7ta da maddi hasar meydana gelirken, kazada bir ki\u015fi hafif \u015fekilde yaraland\u0131. \u0130hbar \u00fczerine olay yerine sa\u011fl\u0131k ve itfaiye ekipleri sevk edildi. \u0130tfaiye ekipleri ara\u00e7larda g\u00fcvenlik kontrol\u00fc yaparken, yaral\u0131 ki\u015fiye ilk m\u00fcdahale sa\u011fl\u0131k ekipleri taraf\u0131ndan olay yerinde ger\u00e7ekle\u015ftirildi. Kazayla ilgili soru\u015fturma ba\u015flat\u0131ld\u0131\u011f\u0131 \u00f6\u011frenildi. \u200bHatay\u2019\u0131n Antakya il\u00e7esi Serinyol mevkiinde ye\u015fil \u0131\u015f\u0131kta seyir halindeki bir otomobil tali yoldan \u00e7\u0131kan ba\u015fka bir araca \u00e7arpt\u0131\u011f\u0131 maddi hasarl\u0131 kazay\u0131 bir ki\u015fi hafif yaralanmayla atlatt\u0131.\u00a0 \u200bHaberin Al\u0131nt\u0131land\u0131\u011f\u0131 Kaynak: www.iskenderun.org"}