{"version":"1.0","provider_name":"Av. Deniz Can K\u0131z\u0131l","provider_url":"http:\/\/denizcankizil.tr\/uk","author_name":"admin","author_url":"http:\/\/denizcankizil.tr\/uk\/author\/admin\/","title":"Annelere \u201cTuz Hakk\u0131\u201d ile vefa g\u00f6sterildi","type":"rich","width":600,"height":338,"html":"<blockquote class=\"wp-embedded-content\" data-secret=\"3lBBTETfvd\"><a href=\"http:\/\/denizcankizil.tr\/uk\/haberler\/gundem\/annelere-tuz-hakki-ile-vefa-gosterildi\/\">Annelere \u201cTuz Hakk\u0131\u201d ile vefa g\u00f6sterildi<\/a><\/blockquote><iframe sandbox=\"allow-scripts\" security=\"restricted\" src=\"http:\/\/denizcankizil.tr\/uk\/haberler\/gundem\/annelere-tuz-hakki-ile-vefa-gosterildi\/embed\/#?secret=3lBBTETfvd\" width=\"600\" height=\"338\" title=\"&#8220;Annelere \u201cTuz Hakk\u0131\u201d ile vefa g\u00f6sterildi&#8221; &#8212; Av. Deniz Can K\u0131z\u0131l\" data-secret=\"3lBBTETfvd\" frameborder=\"0\" marginwidth=\"0\" marginheight=\"0\" scrolling=\"no\" class=\"wp-embedded-content\"><\/iframe><script>\n\/*! This file is auto-generated *\/\n!function(d,l){\"use strict\";l.querySelector&&d.addEventListener&&\"undefined\"!=typeof URL&&(d.wp=d.wp||{},d.wp.receiveEmbedMessage||(d.wp.receiveEmbedMessage=function(e){var t=e.data;if((t||t.secret||t.message||t.value)&&!\/[^a-zA-Z0-9]\/.test(t.secret)){for(var s,r,n,a=l.querySelectorAll('iframe[data-secret=\"'+t.secret+'\"]'),o=l.querySelectorAll('blockquote[data-secret=\"'+t.secret+'\"]'),c=new RegExp(\"^https?:$\",\"i\"),i=0;i<o.length;i++)o[i].style.display=\"none\";for(i=0;i<a.length;i++)s=a[i],e.source===s.contentWindow&&(s.removeAttribute(\"style\"),\"height\"===t.message?(1e3<(r=parseInt(t.value,10))?r=1e3:~~r<200&&(r=200),s.height=r):\"link\"===t.message&&(r=new URL(s.getAttribute(\"src\")),n=new URL(t.value),c.test(n.protocol))&&n.host===r.host&&l.activeElement===s&&(d.top.location.href=t.value))}},d.addEventListener(\"message\",d.wp.receiveEmbedMessage,!1),l.addEventListener(\"DOMContentLoaded\",function(){for(var e,t,s=l.querySelectorAll(\"iframe.wp-embedded-content\"),r=0;r<s.length;r++)(t=(e=s[r]).getAttribute(\"data-secret\"))||(t=Math.random().toString(36).substring(2,12),e.src+=\"#?secret=\"+t,e.setAttribute(\"data-secret\",t)),e.contentWindow.postMessage({message:\"ready\",secret:t},\"*\")},!1)))}(window,document);\n\/\/# sourceURL=http:\/\/denizcankizil.tr\/wp-includes\/js\/wp-embed.min.js\n<\/script>","description":"B\u00fcy\u00fck\u015fehir Belediyesi, s\u0131k s\u0131k \u00f6zlemle an\u0131lan eski Ramazan geleneklerini Kocaeli\u2019nde ya\u015fat\u0131yor. Bu kapsamda Ramazan ay\u0131n\u0131n unutulmaya y\u00fcz tutmu\u015f geleneklerinden biri olan \u201cTuz Hakk\u0131\u201d, \u0130zmit Kent Meydan\u0131\u2019nda d\u00fczenlenen anlaml\u0131 bir etkinlikle ya\u015fat\u0131ld\u0131. \u200bB\u00fcy\u00fck\u015fehir Belediyesi, s\u0131k s\u0131k \u00f6zlemle an\u0131lan eski Ramazan geleneklerini Kocaeli\u2019nde ya\u015fat\u0131yor. Bu kapsamda Ramazan ay\u0131n\u0131n unutulmaya y\u00fcz tutmu\u015f geleneklerinden biri olan \u201cTuz Hakk\u0131\u201d, \u0130zmit Kent Meydan\u0131\u2019nda d\u00fczenlenen anlaml\u0131 bir etkinlikle ya\u015fat\u0131ld\u0131.\u00a0 \u200bHaberin Al\u0131nt\u0131land\u0131\u011f\u0131 Kaynak: www.iskenderun.org"}