{"version":"1.0","provider_name":"Av. Deniz Can K\u0131z\u0131l","provider_url":"http:\/\/denizcankizil.tr\/uk","author_name":"Antalya K\u00f6rfez","author_url":"http:\/\/denizcankizil.tr\/uk\/author\/www-antalyakorfez-com\/","title":"Anayasa De\u011fi\u015fikli\u011fi mi, Rejim M\u00fchendisli\u011fi mi?\u201d","type":"rich","width":600,"height":338,"html":"<blockquote class=\"wp-embedded-content\" data-secret=\"tzXiNjd65J\"><a href=\"http:\/\/denizcankizil.tr\/uk\/haberler\/gundem\/anayasa-degisikligi-mi-rejim-muhendisligi-mi\/\">Anayasa De\u011fi\u015fikli\u011fi mi, Rejim M\u00fchendisli\u011fi mi?\u201d<\/a><\/blockquote><iframe sandbox=\"allow-scripts\" security=\"restricted\" src=\"http:\/\/denizcankizil.tr\/uk\/haberler\/gundem\/anayasa-degisikligi-mi-rejim-muhendisligi-mi\/embed\/#?secret=tzXiNjd65J\" width=\"600\" height=\"338\" title=\"&#8220;Anayasa De\u011fi\u015fikli\u011fi mi, Rejim M\u00fchendisli\u011fi mi?\u201d&#8221; &#8212; Av. Deniz Can K\u0131z\u0131l\" data-secret=\"tzXiNjd65J\" frameborder=\"0\" marginwidth=\"0\" marginheight=\"0\" scrolling=\"no\" class=\"wp-embedded-content\"><\/iframe><script>\n\/*! This file is auto-generated *\/\n!function(d,l){\"use strict\";l.querySelector&&d.addEventListener&&\"undefined\"!=typeof URL&&(d.wp=d.wp||{},d.wp.receiveEmbedMessage||(d.wp.receiveEmbedMessage=function(e){var t=e.data;if((t||t.secret||t.message||t.value)&&!\/[^a-zA-Z0-9]\/.test(t.secret)){for(var s,r,n,a=l.querySelectorAll('iframe[data-secret=\"'+t.secret+'\"]'),o=l.querySelectorAll('blockquote[data-secret=\"'+t.secret+'\"]'),c=new RegExp(\"^https?:$\",\"i\"),i=0;i<o.length;i++)o[i].style.display=\"none\";for(i=0;i<a.length;i++)s=a[i],e.source===s.contentWindow&&(s.removeAttribute(\"style\"),\"height\"===t.message?(1e3<(r=parseInt(t.value,10))?r=1e3:~~r<200&&(r=200),s.height=r):\"link\"===t.message&&(r=new URL(s.getAttribute(\"src\")),n=new URL(t.value),c.test(n.protocol))&&n.host===r.host&&l.activeElement===s&&(d.top.location.href=t.value))}},d.addEventListener(\"message\",d.wp.receiveEmbedMessage,!1),l.addEventListener(\"DOMContentLoaded\",function(){for(var e,t,s=l.querySelectorAll(\"iframe.wp-embedded-content\"),r=0;r<s.length;r++)(t=(e=s[r]).getAttribute(\"data-secret\"))||(t=Math.random().toString(36).substring(2,12),e.src+=\"#?secret=\"+t,e.setAttribute(\"data-secret\",t)),e.contentWindow.postMessage({message:\"ready\",secret:t},\"*\")},!1)))}(window,document);\n\/\/# sourceURL=http:\/\/denizcankizil.tr\/wp-includes\/js\/wp-embed.min.js\n<\/script>","description":"T\u00fcrkiye, uzun y\u0131llard\u0131r \u201cyeni anayasa\u201d s\u00f6ylemiyle uyand\u0131 her sabaha. 1982 Anayasas\u0131\u2019n\u0131n darbe g\u00f6lgesinde yaz\u0131ld\u0131\u011f\u0131, \u00e7a\u011f\u0131n gereklerine cevap veremedi\u011fi ve sivil bir anayasan\u0131n zorunlulu\u011fu konusunda neredeyse toplumun t\u00fcm kesimleri hemfikir. Ancak mesele bir anayasa metni yazmaktan \u00e7ok daha \u00f6te: Bu bir rejim tart\u0131\u015fmas\u0131d\u0131r. Bir toplum m\u00fchendisli\u011fi de\u011fil, rejim m\u00fchendisli\u011fidir art\u0131k konu\u015fulan. Cumhurba\u015fkan\u0131 Recep Tayyip Erdo\u011fan\u2019\u0131n \u00f6nc\u00fcl\u00fck etti\u011fi yeni anayasa s\u00f6ylemi, her ne kadar sivil anayasa vaadiyle pazarlansa da uygulamada bu giri\u015fim, \u201cdaha fazla iktidar yo\u011funla\u015ft\u0131rmas\u0131\u201d riskini beraberinde getiriyor. Meclis zay\u0131flat\u0131lm\u0131\u015fken, denge-denetleme mekanizmalar\u0131 neredeyse i\u015flevsiz h\u00e2le gelmi\u015fken yeni bir anayasa s\u00fcrecinin tek sesli ilerlemesi, bu \u00fclkeye hukuk de\u011fil, tahakk\u00fcm getirir. Toplumsal mutabakat yok. Muhalefet masada de\u011fil. Sivil toplum s\u00fcrece dahil edilmiyor. Oysa anayasa, herkesin s\u00f6z hakk\u0131 oldu\u011fu bir masan\u0131n \u00fcr\u00fcn\u00fcd\u00fcr. E\u011fer bu masa tek bir g\u00f6r\u00fc\u015f\u00fcn iradesiyle kuruluyorsa, o metin anayasa de\u011fil, bir grubun manifestosudur. Bir di\u011fer \u00f6nemli kayg\u0131 ise temel haklar alan\u0131nda ya\u015fan\u0131yor. Laiklik ilkesi, kad\u0131n haklar\u0131, ifade \u00f6zg\u00fcrl\u00fc\u011f\u00fc gibi k\u0131rm\u0131z\u0131 \u00e7izgiler konusunda yap\u0131lan belirsiz a\u00e7\u0131klamalar, anayasal g\u00fcvencelerin ortadan kalkabilece\u011fine dair ciddi endi\u015felere yol a\u00e7\u0131yor. T\u00fcrkiye\u2019nin temel kazan\u0131mlar\u0131 budanarak de\u011fil, korunarak gelece\u011fe ta\u015f\u0131nabilir. Yeni bir anayasa m\u00fcmk\u00fcnd\u00fcr, ama bu; yaln\u0131zca iktidar\u0131n de\u011fil, toplumun tamam\u0131n\u0131n anayasas\u0131 olursa bir anlam ta\u015f\u0131r. Aksi h\u00e2lde bu \u00e7aba, sadece bir anayasa de\u011fi\u015fikli\u011fi de\u011fil, bir \u201crejim tescili\u201d &hellip;"}