{"version":"1.0","provider_name":"Av. Deniz Can K\u0131z\u0131l","provider_url":"http:\/\/denizcankizil.tr\/uk","author_name":"admin","author_url":"http:\/\/denizcankizil.tr\/uk\/author\/admin\/","title":"Alia\u011fal\u0131lar 19 May\u0131s\u2019\u0131 Atat\u00fcrk Stad\u0131nda Kutlayacak","type":"rich","width":600,"height":338,"html":"<blockquote class=\"wp-embedded-content\" data-secret=\"41AwyFLm1L\"><a href=\"http:\/\/denizcankizil.tr\/uk\/haberler\/gundem\/aliagalilar-19-mayisi-ataturk-stadinda-kutlayacak\/\">Alia\u011fal\u0131lar 19 May\u0131s\u2019\u0131 Atat\u00fcrk Stad\u0131nda Kutlayacak<\/a><\/blockquote><iframe sandbox=\"allow-scripts\" security=\"restricted\" src=\"http:\/\/denizcankizil.tr\/uk\/haberler\/gundem\/aliagalilar-19-mayisi-ataturk-stadinda-kutlayacak\/embed\/#?secret=41AwyFLm1L\" width=\"600\" height=\"338\" title=\"&#8220;Alia\u011fal\u0131lar 19 May\u0131s\u2019\u0131 Atat\u00fcrk Stad\u0131nda Kutlayacak&#8221; &#8212; Av. Deniz Can K\u0131z\u0131l\" data-secret=\"41AwyFLm1L\" frameborder=\"0\" marginwidth=\"0\" marginheight=\"0\" scrolling=\"no\" class=\"wp-embedded-content\"><\/iframe><script>\n\/*! This file is auto-generated *\/\n!function(d,l){\"use strict\";l.querySelector&&d.addEventListener&&\"undefined\"!=typeof URL&&(d.wp=d.wp||{},d.wp.receiveEmbedMessage||(d.wp.receiveEmbedMessage=function(e){var t=e.data;if((t||t.secret||t.message||t.value)&&!\/[^a-zA-Z0-9]\/.test(t.secret)){for(var s,r,n,a=l.querySelectorAll('iframe[data-secret=\"'+t.secret+'\"]'),o=l.querySelectorAll('blockquote[data-secret=\"'+t.secret+'\"]'),c=new RegExp(\"^https?:$\",\"i\"),i=0;i<o.length;i++)o[i].style.display=\"none\";for(i=0;i<a.length;i++)s=a[i],e.source===s.contentWindow&&(s.removeAttribute(\"style\"),\"height\"===t.message?(1e3<(r=parseInt(t.value,10))?r=1e3:~~r<200&&(r=200),s.height=r):\"link\"===t.message&&(r=new URL(s.getAttribute(\"src\")),n=new URL(t.value),c.test(n.protocol))&&n.host===r.host&&l.activeElement===s&&(d.top.location.href=t.value))}},d.addEventListener(\"message\",d.wp.receiveEmbedMessage,!1),l.addEventListener(\"DOMContentLoaded\",function(){for(var e,t,s=l.querySelectorAll(\"iframe.wp-embedded-content\"),r=0;r<s.length;r++)(t=(e=s[r]).getAttribute(\"data-secret\"))||(t=Math.random().toString(36).substring(2,12),e.src+=\"#?secret=\"+t,e.setAttribute(\"data-secret\",t)),e.contentWindow.postMessage({message:\"ready\",secret:t},\"*\")},!1)))}(window,document);\n\/\/# sourceURL=http:\/\/denizcankizil.tr\/wp-includes\/js\/wp-embed.min.js\n<\/script>","description":"Gazi Mustafa Kemal Atat\u00fcrk\u2019\u00fcn T\u00fcrk gen\u00e7li\u011fine arma\u011fan etti\u011fi 19 May\u0131s Atat\u00fcrk\u2019\u00fc Anma, Gen\u00e7lik ve Spor Bayram\u0131 t\u00fcm yurtta oldu\u011fu gibi Alia\u011fa\u2019da da b\u00fcy\u00fck bir co\u015fkuyla kutlanacak. Kutlamalar; kortej y\u00fcr\u00fcy\u00fc\u015f\u00fc, resmi t\u00f6ren ve stadyum g\u00f6sterileri ile ta\u00e7lanacak. \u200bGazi Mustafa Kemal Atat\u00fcrk\u2019\u00fcn T\u00fcrk gen\u00e7li\u011fine arma\u011fan etti\u011fi 19 May\u0131s Atat\u00fcrk\u2019\u00fc Anma, Gen\u00e7lik ve Spor Bayram\u0131 t\u00fcm yurtta oldu\u011fu gibi Alia\u011fa\u2019da da b\u00fcy\u00fck bir co\u015fkuyla kutlanacak. Kutlamalar; kortej y\u00fcr\u00fcy\u00fc\u015f\u00fc, resmi t\u00f6ren ve stadyum g\u00f6sterileri ile ta\u00e7lanacak.\u00a0 \u200bHaberin Al\u0131nt\u0131land\u0131\u011f\u0131 Kaynak: www.iskenderun.org"}