{"version":"1.0","provider_name":"Av. Deniz Can K\u0131z\u0131l","provider_url":"http:\/\/denizcankizil.tr\/uk","author_name":"Antalya K\u00f6rfez","author_url":"http:\/\/denizcankizil.tr\/uk\/author\/www-antalyakorfez-com\/","title":"Alanya il olacak m\u0131? Erdo\u011fan'dan a\u00e7\u0131klama geldi!","type":"rich","width":600,"height":338,"html":"<blockquote class=\"wp-embedded-content\" data-secret=\"hMsmvmSmoZ\"><a href=\"http:\/\/denizcankizil.tr\/uk\/haberler\/gundem\/alanya-il-olacak-mi-erdogandan-aciklama-geldi\/\">Alanya il olacak m\u0131? Erdo\u011fan&#8217;dan a\u00e7\u0131klama geldi!<\/a><\/blockquote><iframe sandbox=\"allow-scripts\" security=\"restricted\" src=\"http:\/\/denizcankizil.tr\/uk\/haberler\/gundem\/alanya-il-olacak-mi-erdogandan-aciklama-geldi\/embed\/#?secret=hMsmvmSmoZ\" width=\"600\" height=\"338\" title=\"&#8220;Alanya il olacak m\u0131? Erdo\u011fan&#8217;dan a\u00e7\u0131klama geldi!&#8221; &#8212; Av. Deniz Can K\u0131z\u0131l\" data-secret=\"hMsmvmSmoZ\" frameborder=\"0\" marginwidth=\"0\" marginheight=\"0\" scrolling=\"no\" class=\"wp-embedded-content\"><\/iframe><script>\n\/*! This file is auto-generated *\/\n!function(d,l){\"use strict\";l.querySelector&&d.addEventListener&&\"undefined\"!=typeof URL&&(d.wp=d.wp||{},d.wp.receiveEmbedMessage||(d.wp.receiveEmbedMessage=function(e){var t=e.data;if((t||t.secret||t.message||t.value)&&!\/[^a-zA-Z0-9]\/.test(t.secret)){for(var s,r,n,a=l.querySelectorAll('iframe[data-secret=\"'+t.secret+'\"]'),o=l.querySelectorAll('blockquote[data-secret=\"'+t.secret+'\"]'),c=new RegExp(\"^https?:$\",\"i\"),i=0;i<o.length;i++)o[i].style.display=\"none\";for(i=0;i<a.length;i++)s=a[i],e.source===s.contentWindow&&(s.removeAttribute(\"style\"),\"height\"===t.message?(1e3<(r=parseInt(t.value,10))?r=1e3:~~r<200&&(r=200),s.height=r):\"link\"===t.message&&(r=new URL(s.getAttribute(\"src\")),n=new URL(t.value),c.test(n.protocol))&&n.host===r.host&&l.activeElement===s&&(d.top.location.href=t.value))}},d.addEventListener(\"message\",d.wp.receiveEmbedMessage,!1),l.addEventListener(\"DOMContentLoaded\",function(){for(var e,t,s=l.querySelectorAll(\"iframe.wp-embedded-content\"),r=0;r<s.length;r++)(t=(e=s[r]).getAttribute(\"data-secret\"))||(t=Math.random().toString(36).substring(2,12),e.src+=\"#?secret=\"+t,e.setAttribute(\"data-secret\",t)),e.contentWindow.postMessage({message:\"ready\",secret:t},\"*\")},!1)))}(window,document);\n\/\/# sourceURL=http:\/\/denizcankizil.tr\/wp-includes\/js\/wp-embed.min.js\n<\/script>","description":"Cumhurba\u015fkan\u0131 ve AK Parti Genel Ba\u015fkan\u0131 Recep Tayyip Erdo\u011fan, TBMM&#8217;deki grup toplant\u0131s\u0131nda yerel y\u00f6netimlerde ya\u015fanan sorunlara dikkat \u00e7ekti. \u00d6zellikle b\u00fcy\u00fck\u015fehir belediyelerinde merkeze uzak il\u00e7elerin kar\u015f\u0131la\u015ft\u0131\u011f\u0131 zorluklara de\u011finen Erdo\u011fan, bu durumun yeni bir d\u00fczenlemeyi zorunlu k\u0131ld\u0131\u011f\u0131n\u0131 ifade etti. &#8220;YETK\u0130 PAYLA\u015eIMI G\u00d6ZDEN GE\u00c7\u0130R\u0130LMEL\u0130&#8221; Erdo\u011fan, b\u00fcy\u00fck\u015fehir belediyelerinde, \u00f6zellikle Ankara, \u0130stanbul ve Kocaeli d\u0131\u015f\u0131ndaki \u015fehirlerde, merkeze uzak il\u00e7elerin hizmet koordinasyonunda ya\u015fanan s\u0131k\u0131nt\u0131lar\u0131 dile getirdi. &#8220;Merkeze y\u00fczlerce kilometre uzaktaki bir il\u00e7enin mezarl\u0131\u011f\u0131ndan park\u0131na, suyundan temizli\u011fine kadar mahallinden y\u00fcr\u00fct\u00fclmesi gereken hizmetlerini koordine etmek elbette kolay de\u011fildir&#8221; diyen Erdo\u011fan, b\u00fcy\u00fck\u015fehir ve il\u00e7e belediyeleri aras\u0131ndaki yetki payla\u015f\u0131m\u0131n\u0131n g\u00f6zden ge\u00e7irilmesi gerekti\u011fini vurgulad\u0131. G\u00d6STERGELER ALANYA&#8217;YA MI \u0130\u015eARET ED\u0130YOR? Bu ba\u011flamda, Antalya&#8217;n\u0131n merkeze uzak ve il olma potansiyeli ta\u015f\u0131yan il\u00e7elerinden biri olan Alanya&#8217;n\u0131n durumu da g\u00fcndeme geldi. Erdo\u011fan&#8217;\u0131n a\u00e7\u0131klamalar\u0131, 359 bin 891 n\u00fcfusu bulunan Alanya&#8217;n\u0131n il olma ihtimalini g\u00fc\u00e7lendirdi. \u00d6zellikle b\u00fcy\u00fck\u015fehir ve il\u00e7e belediyeleri aras\u0131ndaki yetki karma\u015fas\u0131n\u0131n, bazen \u00e7at\u0131\u015fma noktas\u0131na kadar varabildi\u011fine dikkat \u00e7eken Erdo\u011fan, bu t\u00fcr rahats\u0131z edici g\u00f6r\u00fcnt\u00fclerin \u00f6n\u00fcne ge\u00e7mek i\u00e7in yetkilerin daha kesin bir \u015fekilde tan\u0131mlanmas\u0131n\u0131n \u00f6nemine i\u015faret etti. B\u00dcY\u00dcK\u015eEH\u0130R OLMAYAN \u015eEH\u0130RLER Kentsel d\u00f6n\u00fc\u015f\u00fcm \u00e7al\u0131\u015fmalar\u0131, mahalle stat\u00fcs\u00fcne d\u00f6n\u00fc\u015fen k\u00f6ylerdeki tar\u0131m ve hayvanc\u0131l\u0131k faaliyetleri gibi konularda da yetki karma\u015fas\u0131n\u0131n ya\u015fand\u0131\u011f\u0131n\u0131 belirten Erdo\u011fan, bu alanlarda da d\u00fczenlemelere gidilece\u011fini s\u00f6yledi. B\u00fcy\u00fck\u015fehir olmayan \u015fehirlerin mevcut y\u00f6netim yap\u0131lar\u0131n\u0131n da sorunlar\u0131n \u00e7\u00f6z\u00fcm\u00fcn\u00fc zorla\u015ft\u0131rd\u0131\u011f\u0131n\u0131 ifade &hellip;"}