{"version":"1.0","provider_name":"Av. Deniz Can K\u0131z\u0131l","provider_url":"http:\/\/denizcankizil.tr\/uk","author_name":"Antalya K\u00f6rfez","author_url":"http:\/\/denizcankizil.tr\/uk\/author\/www-antalyakorfez-com\/","title":"Ahmet Davuto\u011flu Antalya'ya geliyor","type":"rich","width":600,"height":338,"html":"<blockquote class=\"wp-embedded-content\" data-secret=\"n7g3hkGs6c\"><a href=\"http:\/\/denizcankizil.tr\/uk\/haberler\/gundem\/ahmet-davutoglu-antalyaya-geliyor\/\">Ahmet Davuto\u011flu Antalya&#8217;ya geliyor<\/a><\/blockquote><iframe sandbox=\"allow-scripts\" security=\"restricted\" src=\"http:\/\/denizcankizil.tr\/uk\/haberler\/gundem\/ahmet-davutoglu-antalyaya-geliyor\/embed\/#?secret=n7g3hkGs6c\" width=\"600\" height=\"338\" title=\"&#8220;Ahmet Davuto\u011flu Antalya&#8217;ya geliyor&#8221; &#8212; Av. Deniz Can K\u0131z\u0131l\" data-secret=\"n7g3hkGs6c\" frameborder=\"0\" marginwidth=\"0\" marginheight=\"0\" scrolling=\"no\" class=\"wp-embedded-content\"><\/iframe><script>\n\/*! This file is auto-generated *\/\n!function(d,l){\"use strict\";l.querySelector&&d.addEventListener&&\"undefined\"!=typeof URL&&(d.wp=d.wp||{},d.wp.receiveEmbedMessage||(d.wp.receiveEmbedMessage=function(e){var t=e.data;if((t||t.secret||t.message||t.value)&&!\/[^a-zA-Z0-9]\/.test(t.secret)){for(var s,r,n,a=l.querySelectorAll('iframe[data-secret=\"'+t.secret+'\"]'),o=l.querySelectorAll('blockquote[data-secret=\"'+t.secret+'\"]'),c=new RegExp(\"^https?:$\",\"i\"),i=0;i<o.length;i++)o[i].style.display=\"none\";for(i=0;i<a.length;i++)s=a[i],e.source===s.contentWindow&&(s.removeAttribute(\"style\"),\"height\"===t.message?(1e3<(r=parseInt(t.value,10))?r=1e3:~~r<200&&(r=200),s.height=r):\"link\"===t.message&&(r=new URL(s.getAttribute(\"src\")),n=new URL(t.value),c.test(n.protocol))&&n.host===r.host&&l.activeElement===s&&(d.top.location.href=t.value))}},d.addEventListener(\"message\",d.wp.receiveEmbedMessage,!1),l.addEventListener(\"DOMContentLoaded\",function(){for(var e,t,s=l.querySelectorAll(\"iframe.wp-embedded-content\"),r=0;r<s.length;r++)(t=(e=s[r]).getAttribute(\"data-secret\"))||(t=Math.random().toString(36).substring(2,12),e.src+=\"#?secret=\"+t,e.setAttribute(\"data-secret\",t)),e.contentWindow.postMessage({message:\"ready\",secret:t},\"*\")},!1)))}(window,document);\n\/\/# sourceURL=http:\/\/denizcankizil.tr\/wp-includes\/js\/wp-embed.min.js\n<\/script>","description":"Gelecek Partisi Genel Ba\u015fkan\u0131 Ahmet Davuto\u011flu, 27 Mart 2025 Per\u015fembe g\u00fcn\u00fc Antalya\u2019ya geliyor. Ge\u00e7mi\u015f d\u00f6nemlerde Ba\u015fbakan ve D\u0131\u015fi\u015fleri Bakan\u0131 olarak g\u00f6rev yapan Ahmet Davuto\u011flu, Per\u015fembe g\u00fcn\u00fc saat: 14.00\u2019de Gelecek Partisi \u0130l Ba\u015fkanl\u0131\u011f\u0131\u2019nda kar\u015f\u0131lanacak. Burada partililerle bir araya gelen Davuto\u011flu\u2019nun bir sonraki dura\u011f\u0131 ise esnaf odalar\u0131 olacak.\u00a0 DAVUTO\u011eLU\u2019NUN ESNAFLAR ODASI Z\u0130YARET\u0130\u00a0 Gelecek Partisi \u0130l Ba\u015fkanl\u0131\u011f\u0131\u2019ndan ayr\u0131lan Davuto\u011flu, saat 15.00\u2019de Antalya Esnaf Odalar Birli\u011fi Ba\u015fkan\u0131 Adl\u0131han Dere\u2019yi, 15.45\u2019de \u015eof\u00f6rler Odas\u0131 Ba\u015fkan\u0131 Mehmet Ali Alkan\u2019\u0131 ve 16.30\u2019da Akdeniz Sanayi Kooperatif Ba\u015fkan\u0131 Mehmet \u00d6zt\u00fcrk&#8217;\u00fc ziyaret edecek. VATANDA\u015eLARLA B\u0130R ARAYA GELECEK\u00a0 Ahmet Davuto\u011flu, esnaflar odalar\u0131 ziyaretinin ard\u0131ndan ak\u015fam saat 19.00\u2019da Tekirova\/Kemer Meydan Restoran\u2019daki iftar yeme\u011fine kat\u0131lacak. \u0130ftar\u0131n ard\u0131ndan genel ba\u015fkan,\u00a0 21.15\u2019de Antalya Karaalio\u011flu park\u0131 ramazan \u015fenliklerinde vatanda\u015flarla bir araya gelecek ve b\u00f6ylece g\u00fcn\u00fc tamamlayacak. ANTALYA GAZETEC\u0130LER CEM\u0130YET\u0130 Z\u0130YARET\u0130\u00a0 Ahmet Davuto\u011flu\u2019nun Antalya ziyareti ertesi g\u00fcn de (28 Mart 2025 Cuma) devam edecek. Saat 10.00&#8217;da Antalya Servis\u00e7iler Odas\u0131 Ba\u015fkan\u0131 S\u00fcleyman \u015eahin\u2019i ziyaret eden Davuto\u011flu oradan ayr\u0131ld\u0131ktan sonra bir sonraki dura\u011f\u0131 Antalya Gazeteciler Cemiyeti olacak. Saat 10.45\u2019de Gazeteciler Cemiyeti&#8217;ni ziyaret eden Davuto\u011flu&#8217;nu Gazeteciler Cemiyeti, Ba\u015fkan\u0131 \u0130dris Ta\u015f kar\u015f\u0131layacak.\u00a0 CUMA NAMAZI SONRASI ESNAF Z\u0130YARET\u0130\u00a0 Gazeteciler Cemiyeti\u2019nden ayr\u0131lan Gelecek Partisi Genel Ba\u015fkan\u0131, 11.30\u2019da Aksu Belediye Ba\u015fkan\u0131 \u0130sa Y\u0131ld\u0131r\u0131m\u2019\u0131 ziyaret edecek. Davuto\u011flu, Aksu Belediyesi ziyareti sonras\u0131 Cuma namaz\u0131na Gebiz Merkez Cami\u2019ne &hellip;"}