{"version":"1.0","provider_name":"Av. Deniz Can K\u0131z\u0131l","provider_url":"http:\/\/denizcankizil.tr\/uk","author_name":"Antalya K\u00f6rfez","author_url":"http:\/\/denizcankizil.tr\/uk\/author\/www-antalyakorfez-com\/","title":"AFAD duyurdu: 3.9 b\u00fcy\u00fckl\u00fc\u011f\u00fcnde deprem!","type":"rich","width":600,"height":338,"html":"<blockquote class=\"wp-embedded-content\" data-secret=\"sn4SiEwZlV\"><a href=\"http:\/\/denizcankizil.tr\/uk\/haberler\/gundem\/afad-duyurdu-3-9-buyuklugunde-deprem\/\">AFAD duyurdu: 3.9 b\u00fcy\u00fckl\u00fc\u011f\u00fcnde deprem!<\/a><\/blockquote><iframe sandbox=\"allow-scripts\" security=\"restricted\" src=\"http:\/\/denizcankizil.tr\/uk\/haberler\/gundem\/afad-duyurdu-3-9-buyuklugunde-deprem\/embed\/#?secret=sn4SiEwZlV\" width=\"600\" height=\"338\" title=\"&#8220;AFAD duyurdu: 3.9 b\u00fcy\u00fckl\u00fc\u011f\u00fcnde deprem!&#8221; &#8212; Av. Deniz Can K\u0131z\u0131l\" data-secret=\"sn4SiEwZlV\" frameborder=\"0\" marginwidth=\"0\" marginheight=\"0\" scrolling=\"no\" class=\"wp-embedded-content\"><\/iframe><script>\n\/*! This file is auto-generated *\/\n!function(d,l){\"use strict\";l.querySelector&&d.addEventListener&&\"undefined\"!=typeof URL&&(d.wp=d.wp||{},d.wp.receiveEmbedMessage||(d.wp.receiveEmbedMessage=function(e){var t=e.data;if((t||t.secret||t.message||t.value)&&!\/[^a-zA-Z0-9]\/.test(t.secret)){for(var s,r,n,a=l.querySelectorAll('iframe[data-secret=\"'+t.secret+'\"]'),o=l.querySelectorAll('blockquote[data-secret=\"'+t.secret+'\"]'),c=new RegExp(\"^https?:$\",\"i\"),i=0;i<o.length;i++)o[i].style.display=\"none\";for(i=0;i<a.length;i++)s=a[i],e.source===s.contentWindow&&(s.removeAttribute(\"style\"),\"height\"===t.message?(1e3<(r=parseInt(t.value,10))?r=1e3:~~r<200&&(r=200),s.height=r):\"link\"===t.message&&(r=new URL(s.getAttribute(\"src\")),n=new URL(t.value),c.test(n.protocol))&&n.host===r.host&&l.activeElement===s&&(d.top.location.href=t.value))}},d.addEventListener(\"message\",d.wp.receiveEmbedMessage,!1),l.addEventListener(\"DOMContentLoaded\",function(){for(var e,t,s=l.querySelectorAll(\"iframe.wp-embedded-content\"),r=0;r<s.length;r++)(t=(e=s[r]).getAttribute(\"data-secret\"))||(t=Math.random().toString(36).substring(2,12),e.src+=\"#?secret=\"+t,e.setAttribute(\"data-secret\",t)),e.contentWindow.postMessage({message:\"ready\",secret:t},\"*\")},!1)))}(window,document);\n\/\/# sourceURL=http:\/\/denizcankizil.tr\/wp-includes\/js\/wp-embed.min.js\n<\/script>","description":"Afet ve Acil Durum Y\u00f6netimi Ba\u015fkanl\u0131\u011f\u0131 (AFAD) verilerine g\u00f6re, deprem bug\u00fcn saat 19.09&#8217;da Ege Denizi&#8217;nde meydana geldi. Depremin b\u00fcy\u00fckl\u00fc\u011f\u00fc 3.9 olarak a\u00e7\u0131klan\u0131rken, derinli\u011fi ise 55.2 kilometre olarak \u00f6l\u00e7\u00fcld\u00fc. \u0130lk belirlemelere g\u00f6re deprem, herhangi bir olumsuzlu\u011fa yol a\u00e7mad\u0131. EN YAKIN YERLE\u015e\u0130M YER\u0130 DAT\u00c7A AFAD taraf\u0131ndan yap\u0131lan a\u00e7\u0131klamada, depreme en yak\u0131n yerle\u015fim yerinin, Mu\u011fla\u2019n\u0131n Dat\u00e7a il\u00e7esi oldu\u011fu belirtildi. Dat\u00e7a\u2019n\u0131n depremin merkezine 86.28 kilometre mesafede bulundu\u011fu \u00f6\u011frenildi. Yetkililer, \u015fu ana kadar herhangi bir can veya mal kayb\u0131 ya\u015fanmad\u0131\u011f\u0131na dair olumsuz bir ihbar al\u0131nmad\u0131\u011f\u0131n\u0131 ifade etti. Geli\u015fmeler AFAD ve ilgili kurumlar taraf\u0131ndan takip ediliyor. \u200bEge Denizi&#8217;nde 3.9 b\u00fcy\u00fckl\u00fc\u011f\u00fcnde bir deprem meydana geldi. Afet ve Acil Durum Y\u00f6netimi Ba\u015fkanl\u0131\u011f\u0131\u2019n\u0131n (AFAD) payla\u015ft\u0131\u011f\u0131 verilere g\u00f6re, sars\u0131nt\u0131 saat 19.09\u2019da kaydedildi.\u00a0 \u200bHaberin Al\u0131nt\u0131land\u0131\u011f\u0131 Kaynak: www.antalyakorfez.com"}