{"version":"1.0","provider_name":"Av. Deniz Can K\u0131z\u0131l","provider_url":"http:\/\/denizcankizil.tr\/uk","author_name":"admin","author_url":"http:\/\/denizcankizil.tr\/uk\/author\/admin\/","title":"64 ilde FET\u00d6'ye 306 g\u00f6zalt\u0131!","type":"rich","width":600,"height":338,"html":"<blockquote class=\"wp-embedded-content\" data-secret=\"Ggr4xzclu8\"><a href=\"http:\/\/denizcankizil.tr\/uk\/haberler\/gundem\/64-ilde-fetoye-306-gozalti\/\">64 ilde FET\u00d6&#8217;ye 306 g\u00f6zalt\u0131!<\/a><\/blockquote><iframe sandbox=\"allow-scripts\" security=\"restricted\" src=\"http:\/\/denizcankizil.tr\/uk\/haberler\/gundem\/64-ilde-fetoye-306-gozalti\/embed\/#?secret=Ggr4xzclu8\" width=\"600\" height=\"338\" title=\"&#8220;64 ilde FET\u00d6&#8217;ye 306 g\u00f6zalt\u0131!&#8221; &#8212; Av. Deniz Can K\u0131z\u0131l\" data-secret=\"Ggr4xzclu8\" frameborder=\"0\" marginwidth=\"0\" marginheight=\"0\" scrolling=\"no\" class=\"wp-embedded-content\"><\/iframe><script>\n\/*! This file is auto-generated *\/\n!function(d,l){\"use strict\";l.querySelector&&d.addEventListener&&\"undefined\"!=typeof URL&&(d.wp=d.wp||{},d.wp.receiveEmbedMessage||(d.wp.receiveEmbedMessage=function(e){var t=e.data;if((t||t.secret||t.message||t.value)&&!\/[^a-zA-Z0-9]\/.test(t.secret)){for(var s,r,n,a=l.querySelectorAll('iframe[data-secret=\"'+t.secret+'\"]'),o=l.querySelectorAll('blockquote[data-secret=\"'+t.secret+'\"]'),c=new RegExp(\"^https?:$\",\"i\"),i=0;i<o.length;i++)o[i].style.display=\"none\";for(i=0;i<a.length;i++)s=a[i],e.source===s.contentWindow&&(s.removeAttribute(\"style\"),\"height\"===t.message?(1e3<(r=parseInt(t.value,10))?r=1e3:~~r<200&&(r=200),s.height=r):\"link\"===t.message&&(r=new URL(s.getAttribute(\"src\")),n=new URL(t.value),c.test(n.protocol))&&n.host===r.host&&l.activeElement===s&&(d.top.location.href=t.value))}},d.addEventListener(\"message\",d.wp.receiveEmbedMessage,!1),l.addEventListener(\"DOMContentLoaded\",function(){for(var e,t,s=l.querySelectorAll(\"iframe.wp-embedded-content\"),r=0;r<s.length;r++)(t=(e=s[r]).getAttribute(\"data-secret\"))||(t=Math.random().toString(36).substring(2,12),e.src+=\"#?secret=\"+t,e.setAttribute(\"data-secret\",t)),e.contentWindow.postMessage({message:\"ready\",secret:t},\"*\")},!1)))}(window,document);\n\/\/# sourceURL=http:\/\/denizcankizil.tr\/wp-includes\/js\/wp-embed.min.js\n<\/script>","description":"\u0130\u00e7i\u015fleri Bakan\u0131 Ali Yerlikaya, \u0130stanbul ve \u0130zmir merkezli 64 ilde d\u00fczenlenen FET\u00d6 operasyonlar\u0131nda 306 \u015f\u00fcphelinin yakaland\u0131\u011f\u0131n\u0131 duyurdu.ANKARA (\u0130GFA) &#8211; \u0130\u00e7i\u015fleri Bakan\u0131 Ali Yerlikaya, 15 Temmuz 2025\u2019te sosyal medya hesab\u0131ndan yapt\u0131\u011f\u0131 payla\u015f\u0131mda, son iki g\u00fcnde \u0130stanbul ve \u0130zmir merkezli 64 ilde ger\u00e7ekle\u015ftirilen FET\u00d6 operasyonlar\u0131nda 306 \u015f\u00fcphelinin yakaland\u0131\u011f\u0131n\u0131 a\u00e7\u0131klad\u0131. Operasyonlarda yakalanan \u015f\u00fcphelilerin, FET\u00d6\u2019n\u00fcn finans ve g\u00fcncel yap\u0131lanmas\u0131 i\u00e7inde faaliyet g\u00f6sterdi\u011fi, ankes\u00f6rl\u00fc telefonlarla \u00f6rg\u00fct sorumlular\u0131yla irtibat kurdu\u011fu, s\u00f6zde ma\u011fdur ailelere maddi destek sa\u011flad\u0131\u011f\u0131, izdiva\u00e7 faaliyetleriyle \u00f6rg\u00fct birli\u011fini s\u00fcrd\u00fcrd\u00fc\u011f\u00fc ve yeni eleman kazanmaya \u00e7al\u0131\u015ft\u0131\u011f\u0131 belirtildi. &#8220;\u0130stanbul ve \u0130zmir\u201d merkezli son 2 g\u00fcnde 64 ilde FET\u00d6&#8217;ye y\u00f6nelik d\u00fczenlenen operasyonlar\u0131m\u0131zda 306 \u015f\u00fcpheliyi yakalad\u0131k.\u201d \u0130stanbul ve \u0130zmir merkezli Adana,Ad\u0131yaman, Afyonkarahisar, Aksaray, Amasya, Ankara, Antalya, Ayd\u0131n, Bal\u0131kesir, Bart\u0131n, Batman, Bilecik, Bing\u00f6l, Bitlis, Bolu,\u2026 pic.twitter.com\/TRZrl0YCGV \u2014 Ali Yerlikaya (@AliYerlikaya) July 15, 2025 FET\u00d6 soru\u015fturmalar\u0131nda ad\u0131 ge\u00e7en ve haklar\u0131nda kesinle\u015fmi\u015f hapis cezas\u0131 ile aranma kayd\u0131 bulunanlar\u0131n da g\u00f6zalt\u0131na al\u0131nd\u0131\u011f\u0131 operasyonlarda Bakan Yerlikaya, Valileri, Cumhuriyet Ba\u015fsavc\u0131l\u0131klar\u0131, EGM TEM ve \u0130stihbarat Ba\u015fkanl\u0131klar\u0131, \u0130l Emniyet M\u00fcd\u00fcrleri ve kahraman polislerini tebrik ederek, milletin birli\u011fine, devletimizin b\u00fct\u00fcnl\u00fc\u011f\u00fcne kastedenlere kar\u015f\u0131 m\u00fccadelelerinin aral\u0131ks\u0131z s\u00fcrece\u011fini kaydeti. \u200b\u0130\u00e7i\u015fleri Bakan\u0131 Ali Yerlikaya, \u0130stanbul ve \u0130zmir merkezli 64 ilde d\u00fczenlenen FET\u00d6 operasyonlar\u0131nda 306 \u015f\u00fcphelinin yakaland\u0131\u011f\u0131n\u0131 duyurdu.ANKARA (\u0130GFA) &#8211; \u0130\u00e7i\u015fleri Bakan\u0131 Ali Yerlikaya, 15 Temmuz 2025\u2019te sosyal medya hesab\u0131ndan yapt\u0131\u011f\u0131 payla\u015f\u0131mda, son &hellip;"}