{"version":"1.0","provider_name":"Av. Deniz Can K\u0131z\u0131l","provider_url":"http:\/\/denizcankizil.tr\/uk","author_name":"admin","author_url":"http:\/\/denizcankizil.tr\/uk\/author\/admin\/","title":"4 bin 36 Hakim savc\u0131n\u0131n g\u00f6rev yeri de\u011fi\u015fti\u2026","type":"rich","width":600,"height":338,"html":"<blockquote class=\"wp-embedded-content\" data-secret=\"gsR7BZ37tL\"><a href=\"http:\/\/denizcankizil.tr\/uk\/haberler\/gundem\/4-bin-36-hakim-savcinin-gorev-yeri-degisti\/\">4 bin 36 Hakim savc\u0131n\u0131n g\u00f6rev yeri de\u011fi\u015fti\u2026<\/a><\/blockquote><iframe sandbox=\"allow-scripts\" security=\"restricted\" src=\"http:\/\/denizcankizil.tr\/uk\/haberler\/gundem\/4-bin-36-hakim-savcinin-gorev-yeri-degisti\/embed\/#?secret=gsR7BZ37tL\" width=\"600\" height=\"338\" title=\"&#8220;4 bin 36 Hakim savc\u0131n\u0131n g\u00f6rev yeri de\u011fi\u015fti\u2026&#8221; &#8212; Av. Deniz Can K\u0131z\u0131l\" data-secret=\"gsR7BZ37tL\" frameborder=\"0\" marginwidth=\"0\" marginheight=\"0\" scrolling=\"no\" class=\"wp-embedded-content\"><\/iframe><script>\n\/*! This file is auto-generated *\/\n!function(d,l){\"use strict\";l.querySelector&&d.addEventListener&&\"undefined\"!=typeof URL&&(d.wp=d.wp||{},d.wp.receiveEmbedMessage||(d.wp.receiveEmbedMessage=function(e){var t=e.data;if((t||t.secret||t.message||t.value)&&!\/[^a-zA-Z0-9]\/.test(t.secret)){for(var s,r,n,a=l.querySelectorAll('iframe[data-secret=\"'+t.secret+'\"]'),o=l.querySelectorAll('blockquote[data-secret=\"'+t.secret+'\"]'),c=new RegExp(\"^https?:$\",\"i\"),i=0;i<o.length;i++)o[i].style.display=\"none\";for(i=0;i<a.length;i++)s=a[i],e.source===s.contentWindow&&(s.removeAttribute(\"style\"),\"height\"===t.message?(1e3<(r=parseInt(t.value,10))?r=1e3:~~r<200&&(r=200),s.height=r):\"link\"===t.message&&(r=new URL(s.getAttribute(\"src\")),n=new URL(t.value),c.test(n.protocol))&&n.host===r.host&&l.activeElement===s&&(d.top.location.href=t.value))}},d.addEventListener(\"message\",d.wp.receiveEmbedMessage,!1),l.addEventListener(\"DOMContentLoaded\",function(){for(var e,t,s=l.querySelectorAll(\"iframe.wp-embedded-content\"),r=0;r<s.length;r++)(t=(e=s[r]).getAttribute(\"data-secret\"))||(t=Math.random().toString(36).substring(2,12),e.src+=\"#?secret=\"+t,e.setAttribute(\"data-secret\",t)),e.contentWindow.postMessage({message:\"ready\",secret:t},\"*\")},!1)))}(window,document);\n\/\/# sourceURL=http:\/\/denizcankizil.tr\/wp-includes\/js\/wp-embed.min.js\n<\/script>","description":"HSK (H\u00e2kimler ve Savc\u0131lar Kurulu) Birinci Dairesi taraf\u0131ndan haz\u0131rlanan ana kararname kamuoyuna a\u00e7\u0131kland\u0131. Kararnameye g\u00f6re, toplam 4 bin 36 h\u00e2kim ve cumhuriyet savc\u0131s\u0131n\u0131n g\u00f6rev yeri de\u011fi\u015ftirildi. G\u00f6rev yeri de\u011fi\u015fiklikleri, h\u00e2kim ve savc\u0131lar\u0131n talepleri do\u011frultusunda yap\u0131lan de\u011ferlendirmeler sonucu belirlendi. Kararname, HSK\u2019n\u0131n resm\u00ee internet sitesinde yay\u0131mland\u0131. Adalet Bakan\u0131 Y\u0131lmaz Tun\u00e7, HSK ana kararnamesi \u00e7al\u0131\u015fmalar\u0131n\u0131n tamamland\u0131\u011f\u0131n\u0131 duyurarak, \u201cYarg\u0131 hizmetlerinin etkinli\u011fi ve verimlili\u011fi i\u00e7in \u00f6nemli bir ad\u0131m at\u0131lm\u0131\u015ft\u0131r\u201d a\u00e7\u0131klamas\u0131nda bulundu. 24 \u0130L\u0130N BA\u015eSAVCISI DE\u011e\u0130\u015eT\u0130 HSK kararnamesi kapsam\u0131nda 24 ilin ba\u015fsavc\u0131s\u0131 da de\u011fi\u015ftirildi. G\u00f6rev yeri de\u011fi\u015ftirilen baz\u0131 ba\u015fsavc\u0131lar \u015fu \u015fekilde: Manisa Cumhuriyet Ba\u015fsavc\u0131s\u0131 Kurt\u00e7a Eker, Kayseri B\u00f6lge Adliye Mahkemesi (BAM) Ba\u015fsavc\u0131l\u0131\u011f\u0131na, Ayd\u0131n Cumhuriyet Ba\u015fsavc\u0131s\u0131 Ali Ulvi Y\u0131lmaz, Yarg\u0131tay Cumhuriyet Savc\u0131l\u0131\u011f\u0131na, Konya Cumhuriyet Ba\u015fsavc\u0131s\u0131 Halil \u0130nal, Ankara BAM Ba\u015fsavc\u0131l\u0131\u011f\u0131na, Hatay Cumhuriyet Ba\u015fsavc\u0131s\u0131 Ahmet \u00c7elikkol, Mersin Cumhuriyet Ba\u015fsavc\u0131l\u0131\u011f\u0131na, Ankara Bat\u0131 Cumhuriyet Ba\u015fsavc\u0131s\u0131 Mustafa G\u00f6k\u00e7e, Yarg\u0131tay Cumhuriyet Savc\u0131l\u0131\u011f\u0131na, Afyonkarahisar Cumhuriyet Ba\u015fsavc\u0131s\u0131 Fatih Karabacak ise Yarg\u0131tay Savc\u0131l\u0131\u011f\u0131na atand\u0131. HSK\u2019n\u0131n kararnamesiyle yarg\u0131 te\u015fkilat\u0131nda b\u00fcy\u00fck bir de\u011fi\u015fiklik ya\u015fan\u0131rken, atamalar\u0131n \u00f6n\u00fcm\u00fczdeki g\u00fcnlerde y\u00fcr\u00fcrl\u00fc\u011fe girmesi bekleniyor. HATAY\u2019DA 7 YIL G\u00d6REV YAPTI Tecr\u00fcbeli hukuk\u00e7u, 2017-2021 y\u0131llar\u0131 aras\u0131nda \u0130skenderun Cumhuriyet Ba\u015fsavc\u0131s\u0131, 2021-2023 y\u0131llar\u0131 aras\u0131nda ise Trabzon Cumhuriyet Ba\u015fsavc\u0131s\u0131 olarak g\u00f6rev yapt\u0131. H\u00e2kimler ve Savc\u0131lar Kurulu (HSK) Birinci Dairesi&#8217;nin 17 Temmuz 2023 tarihli adli yarg\u0131 kararnamesi ile Hatay Cumhuriyet Ba\u015fsavc\u0131l\u0131\u011f\u0131 g\u00f6revine atanan Ahmet \u00c7elikkol, yarg\u0131 te\u015fkilat\u0131nda &hellip;"}