{"version":"1.0","provider_name":"Av. Deniz Can K\u0131z\u0131l","provider_url":"http:\/\/denizcankizil.tr\/uk","author_name":"Av. Deniz Can K\u0131z\u0131l","author_url":"http:\/\/denizcankizil.tr\/uk","title":"\u201cTersine D\u00fcnya\u201d isimli resim sergisi a\u00e7\u0131ld\u0131","type":"rich","width":600,"height":338,"html":"<blockquote class=\"wp-embedded-content\" data-secret=\"5KsKoErQcM\"><a href=\"http:\/\/denizcankizil.tr\/uk\/haberler\/antalya\/tersine-dunya-isimli-resim-sergisi-acildi\/\">\u201cTersine D\u00fcnya\u201d isimli resim sergisi a\u00e7\u0131ld\u0131<\/a><\/blockquote><iframe sandbox=\"allow-scripts\" security=\"restricted\" src=\"http:\/\/denizcankizil.tr\/uk\/haberler\/antalya\/tersine-dunya-isimli-resim-sergisi-acildi\/embed\/#?secret=5KsKoErQcM\" width=\"600\" height=\"338\" title=\"&#8220;\u201cTersine D\u00fcnya\u201d isimli resim sergisi a\u00e7\u0131ld\u0131&#8221; &#8212; Av. Deniz Can K\u0131z\u0131l\" data-secret=\"5KsKoErQcM\" frameborder=\"0\" marginwidth=\"0\" marginheight=\"0\" scrolling=\"no\" class=\"wp-embedded-content\"><\/iframe><script>\n\/*! This file is auto-generated *\/\n!function(d,l){\"use strict\";l.querySelector&&d.addEventListener&&\"undefined\"!=typeof URL&&(d.wp=d.wp||{},d.wp.receiveEmbedMessage||(d.wp.receiveEmbedMessage=function(e){var t=e.data;if((t||t.secret||t.message||t.value)&&!\/[^a-zA-Z0-9]\/.test(t.secret)){for(var s,r,n,a=l.querySelectorAll('iframe[data-secret=\"'+t.secret+'\"]'),o=l.querySelectorAll('blockquote[data-secret=\"'+t.secret+'\"]'),c=new RegExp(\"^https?:$\",\"i\"),i=0;i<o.length;i++)o[i].style.display=\"none\";for(i=0;i<a.length;i++)s=a[i],e.source===s.contentWindow&&(s.removeAttribute(\"style\"),\"height\"===t.message?(1e3<(r=parseInt(t.value,10))?r=1e3:~~r<200&&(r=200),s.height=r):\"link\"===t.message&&(r=new URL(s.getAttribute(\"src\")),n=new URL(t.value),c.test(n.protocol))&&n.host===r.host&&l.activeElement===s&&(d.top.location.href=t.value))}},d.addEventListener(\"message\",d.wp.receiveEmbedMessage,!1),l.addEventListener(\"DOMContentLoaded\",function(){for(var e,t,s=l.querySelectorAll(\"iframe.wp-embedded-content\"),r=0;r<s.length;r++)(t=(e=s[r]).getAttribute(\"data-secret\"))||(t=Math.random().toString(36).substring(2,12),e.src+=\"#?secret=\"+t,e.setAttribute(\"data-secret\",t)),e.contentWindow.postMessage({message:\"ready\",secret:t},\"*\")},!1)))}(window,document);\n\/\/# sourceURL=http:\/\/denizcankizil.tr\/wp-includes\/js\/wp-embed.min.js\n<\/script>","thumbnail_url":"http:\/\/denizcankizil.tr\/wp-content\/uploads\/2024\/12\/3457-01-8C1EWl.jpeg","thumbnail_width":1280,"thumbnail_height":720,"description":"Konyaalt\u0131 Belediyesi 5 Aral\u0131k D\u00fcnya Kad\u0131n Haklar\u0131 G\u00fcn\u00fc kapsam\u0131nda anlaml\u0131 bir etkinli\u011fe imza att\u0131. G\u00fczel Sanatlar Akademisi resim kursu kat\u0131l\u0131mc\u0131lar\u0131n\u0131n eserlerinden olu\u015fan \u2018Tersine D\u00fcnya\u2019 isimli sergi, Konyaalt\u0131 Belediyesi Hizmet Binas\u0131\u2019nda sanatseverlerle bulu\u015ftu. Serginin a\u00e7\u0131l\u0131\u015f\u0131na Konyaalt\u0131 Belediye Ba\u015fkan\u0131 Cem Kotan ve belediye \u00e7al\u0131\u015fanlar\u0131 kat\u0131ld\u0131. A\u00e7\u0131l\u0131\u015f\u0131n ard\u0131ndan Ba\u015fkan Kotan, belediyedeki kad\u0131n \u00e7al\u0131\u015fanlar\u0131yla birlikte foto\u011fraf \u00e7ektirdi. Ba\u015fkan Kotan, \u201c1934 y\u0131l\u0131nda Mustafa Kemal Atat\u00fcrk \u00f6nderli\u011finde kazan\u0131lan se\u00e7me ve se\u00e7ilme hakk\u0131n\u0131n y\u0131l d\u00f6n\u00fcm\u00fcnde bir araday\u0131z, 5 Aral\u0131k D\u00fcnya Kad\u0131n Haklar\u0131 G\u00fcn\u00fcn\u00fcz kutlu olsun\u201d dedi. \u201cKap\u0131m\u0131z her zaman a\u00e7\u0131k\u201d Konyaalt\u0131 Belediyesi olarak topluma duyarl\u0131 konularda kap\u0131lar\u0131n\u0131 her zaman a\u00e7\u0131k tuttuklar\u0131n\u0131 kaydeden Ba\u015fkan Kotan, \u201cBug\u00fcn yine anlaml\u0131 bir sergiye ev sahipli\u011fi yap\u0131yoruz. Biz her zaman deriz ki, bu devran b\u00f6yle geldi, b\u00f6yle devam eder ama kad\u0131nlar i\u015fin i\u00e7ine girince de\u011fi\u015fir. Bug\u00fcn, 5 Aral\u0131k D\u00fcnya Kad\u0131n Haklar\u0131 G\u00fcn\u00fc, anlaml\u0131 bir g\u00fcn. T\u00fcrk kad\u0131nlar\u0131na 1934 y\u0131l\u0131nda Mustafa Kemal Atat\u00fcrk taraf\u0131ndan se\u00e7me ve se\u00e7ilme hakk\u0131 tan\u0131nd\u0131. Bu, bir\u00e7ok Avrupa \u00fclkesinden \u00f6nce kazan\u0131lan \u00f6nemli bir hak. Bir \u00fclkenin nas\u0131l bir anda \u00e7a\u011f atlayabilece\u011fini Mustafa Kemal Atat\u00fcrk\u2019ten \u00f6\u011frendik. Belediye olarak, kad\u0131nlar\u0131n toplumsal hayatta ve siyasette g\u00fc\u00e7l\u00fc bir \u015fekilde yer almas\u0131n\u0131 \u00f6nemsiyoruz \u201d \u015feklinde konu\u015ftu. \u201cHaklar e\u015fit olmal\u0131\u201d Konyaalt\u0131 Belediyesi\u2019nin kad\u0131n haklar\u0131 \u00fczerinde fark\u0131ndal\u0131k olu\u015fturmak ad\u0131na bir s\u00fcre\u00e7 y\u00fcr\u00fctt\u00fc\u011f\u00fcn\u00fc kaydeden Ba\u015fkan Kotan, \u201cBelediyemizde &hellip;"}