{"version":"1.0","provider_name":"Av. Deniz Can K\u0131z\u0131l","provider_url":"http:\/\/denizcankizil.tr\/uk","author_name":"Av. Deniz Can K\u0131z\u0131l","author_url":"http:\/\/denizcankizil.tr\/uk\/author\/denizcankizil\/","title":"Kilo vermek i\u00e7in ba\u015flad\u0131\u011f\u0131 sporda d\u00fcnya \u015fampiyonu oldu","type":"rich","width":600,"height":338,"html":"<blockquote class=\"wp-embedded-content\" data-secret=\"LXJ55p1CkB\"><a href=\"http:\/\/denizcankizil.tr\/uk\/haberler\/antalya\/kilo-vermek-icin-basladigi-sporda-dunya-sampiyonu-oldu\/\">Kilo vermek i\u00e7in ba\u015flad\u0131\u011f\u0131 sporda d\u00fcnya \u015fampiyonu oldu<\/a><\/blockquote><iframe sandbox=\"allow-scripts\" security=\"restricted\" src=\"http:\/\/denizcankizil.tr\/uk\/haberler\/antalya\/kilo-vermek-icin-basladigi-sporda-dunya-sampiyonu-oldu\/embed\/#?secret=LXJ55p1CkB\" width=\"600\" height=\"338\" title=\"&#8220;Kilo vermek i\u00e7in ba\u015flad\u0131\u011f\u0131 sporda d\u00fcnya \u015fampiyonu oldu&#8221; &#8212; Av. Deniz Can K\u0131z\u0131l\" data-secret=\"LXJ55p1CkB\" frameborder=\"0\" marginwidth=\"0\" marginheight=\"0\" scrolling=\"no\" class=\"wp-embedded-content\"><\/iframe><script>\n\/*! This file is auto-generated *\/\n!function(d,l){\"use strict\";l.querySelector&&d.addEventListener&&\"undefined\"!=typeof URL&&(d.wp=d.wp||{},d.wp.receiveEmbedMessage||(d.wp.receiveEmbedMessage=function(e){var t=e.data;if((t||t.secret||t.message||t.value)&&!\/[^a-zA-Z0-9]\/.test(t.secret)){for(var s,r,n,a=l.querySelectorAll('iframe[data-secret=\"'+t.secret+'\"]'),o=l.querySelectorAll('blockquote[data-secret=\"'+t.secret+'\"]'),c=new RegExp(\"^https?:$\",\"i\"),i=0;i<o.length;i++)o[i].style.display=\"none\";for(i=0;i<a.length;i++)s=a[i],e.source===s.contentWindow&&(s.removeAttribute(\"style\"),\"height\"===t.message?(1e3<(r=parseInt(t.value,10))?r=1e3:~~r<200&&(r=200),s.height=r):\"link\"===t.message&&(r=new URL(s.getAttribute(\"src\")),n=new URL(t.value),c.test(n.protocol))&&n.host===r.host&&l.activeElement===s&&(d.top.location.href=t.value))}},d.addEventListener(\"message\",d.wp.receiveEmbedMessage,!1),l.addEventListener(\"DOMContentLoaded\",function(){for(var e,t,s=l.querySelectorAll(\"iframe.wp-embedded-content\"),r=0;r<s.length;r++)(t=(e=s[r]).getAttribute(\"data-secret\"))||(t=Math.random().toString(36).substring(2,12),e.src+=\"#?secret=\"+t,e.setAttribute(\"data-secret\",t)),e.contentWindow.postMessage({message:\"ready\",secret:t},\"*\")},!1)))}(window,document);\n\/\/# sourceURL=http:\/\/denizcankizil.tr\/wp-includes\/js\/wp-embed.min.js\n<\/script>","description":"Akdeniz \u00dcniversitesi M\u00fchendislik Fak\u00fcltesi Bilgisayar M\u00fchendisli\u011fi B\u00f6l\u00fcm\u00fc \u00f6\u011frencisi Zeliha Nur Kama\u00e7, obeziteyle m\u00fccadele i\u00e7in 12 ya\u015f\u0131nda ba\u015flad\u0131\u011f\u0131 muaythai sporunda, k\u0131sa s\u00fcrede b\u00fcy\u00fck de\u011fi\u015fime imza att\u0131. \u0130lk kez spor salonuna gitti\u011finde 86 kilo olan Kama\u00e7, disiplini, azmi ve antren\u00f6r\u00fc Yasin Urlu&#8217;nun deste\u011fiyle k\u0131sa s\u00fcrede form tutup, rakiplerinin korkulu r\u00fcyas\u0131 haline geldi. Spora ba\u015flad\u0131ktan 2 y\u0131l sonra, 2019 y\u0131l\u0131nda y\u0131ld\u0131zlar kategorisinde d\u00fcnya \u015fampiyonu olan Zeliha Nur Kama\u00e7, 2022&#8217;de Malezya&#8217;da gen\u00e7lerde d\u00fcnya 3&#8217;\u00fcnc\u00fcs\u00fc, 2024 ve 2025 y\u0131llar\u0131nda b\u00fcy\u00fckler A Class kategorisinde d\u00fcnya 2&#8217;ncisi olmay\u0131 ba\u015fard\u0131. Kendi ifadesiyle kilo vermek i\u00e7in \u00e7\u0131kt\u0131\u011f\u0131 yolda d\u00fcnya sporcusuna d\u00f6n\u00fc\u015fen Kama\u00e7, \u015fimdi kas\u0131m ay\u0131nda yap\u0131lacak Avrupa \u015eampiyonas\u0131&#8217;na haz\u0131rlan\u0131yor. B\u00fcy\u00fckler kategorisinde ilk Avrupa \u015fampiyonlu\u011funu kazanmak isteyen Zeliha Nur Kama\u00e7, 2032&#8217;de muaythainin olimpiyatlarda yer almas\u0131 halinde T\u00fcrkiye ad\u0131na m\u00fccadele etmek istiyor. HEDEF OL\u0130MP\u0130YATLAR Ba\u015far\u0131 hikayesiyle dikkati \u00e7eken Kama\u00e7, spora ba\u015flama s\u00fcrecini \u015f\u00f6yle anlatt\u0131: &#8220;Spor salonuna annemin y\u00f6nlendirmesiyle geldim. 12 ya\u015f\u0131nda 86 kiloydum. Kilo vermek i\u00e7in ba\u015flad\u0131m ama k\u0131sa s\u00fcrede spor hayat\u0131m\u0131n merkezine yerle\u015fti. Yasin hocam\u0131n deste\u011fiyle ilerledim. \u0130lk hedefim, y\u0131ld\u0131zlarda derece yapmakt\u0131 sonra gen\u00e7lerde d\u00fcnya 3&#8217;\u00fcnc\u00fcs\u00fc oldum. \u015eimdi b\u00fcy\u00fcklerde yar\u0131\u015f\u0131yorum. Haftada 6 g\u00fcn antrenman yap\u0131yorum. Bilgisayar m\u00fchendisli\u011fi okuyorum, okul ve sporu bir arada y\u00fcr\u00fctmek zor ama art\u0131k bu tempoya al\u0131\u015ft\u0131m. Hedefim, Avrupa ve d\u00fcnya \u015fampiyonlu\u011fu ard\u0131ndan olimpiyatlarda \u015fampiyon olmak&#8221; dedi. &hellip;"}