{"version":"1.0","provider_name":"Av. Deniz Can K\u0131z\u0131l","provider_url":"http:\/\/denizcankizil.tr\/uk","author_name":"Av. Deniz Can K\u0131z\u0131l","author_url":"http:\/\/denizcankizil.tr\/uk\/author\/denizcankizil\/","title":"Kemer'de Gran Fondo Antalya bisiklet yar\u0131\u015f\u0131 ba\u015flad\u0131","type":"rich","width":600,"height":338,"html":"<blockquote class=\"wp-embedded-content\" data-secret=\"2kzYqu1i4V\"><a href=\"http:\/\/denizcankizil.tr\/uk\/haberler\/antalya\/kemerde-gran-fondo-antalya-bisiklet-yarisi-basladi\/\">Kemer&#8217;de Gran Fondo Antalya bisiklet yar\u0131\u015f\u0131 ba\u015flad\u0131<\/a><\/blockquote><iframe sandbox=\"allow-scripts\" security=\"restricted\" src=\"http:\/\/denizcankizil.tr\/uk\/haberler\/antalya\/kemerde-gran-fondo-antalya-bisiklet-yarisi-basladi\/embed\/#?secret=2kzYqu1i4V\" width=\"600\" height=\"338\" title=\"&#8220;Kemer&#8217;de Gran Fondo Antalya bisiklet yar\u0131\u015f\u0131 ba\u015flad\u0131&#8221; &#8212; Av. Deniz Can K\u0131z\u0131l\" data-secret=\"2kzYqu1i4V\" frameborder=\"0\" marginwidth=\"0\" marginheight=\"0\" scrolling=\"no\" class=\"wp-embedded-content\"><\/iframe><script>\n\/*! This file is auto-generated *\/\n!function(d,l){\"use strict\";l.querySelector&&d.addEventListener&&\"undefined\"!=typeof URL&&(d.wp=d.wp||{},d.wp.receiveEmbedMessage||(d.wp.receiveEmbedMessage=function(e){var t=e.data;if((t||t.secret||t.message||t.value)&&!\/[^a-zA-Z0-9]\/.test(t.secret)){for(var s,r,n,a=l.querySelectorAll('iframe[data-secret=\"'+t.secret+'\"]'),o=l.querySelectorAll('blockquote[data-secret=\"'+t.secret+'\"]'),c=new RegExp(\"^https?:$\",\"i\"),i=0;i<o.length;i++)o[i].style.display=\"none\";for(i=0;i<a.length;i++)s=a[i],e.source===s.contentWindow&&(s.removeAttribute(\"style\"),\"height\"===t.message?(1e3<(r=parseInt(t.value,10))?r=1e3:~~r<200&&(r=200),s.height=r):\"link\"===t.message&&(r=new URL(s.getAttribute(\"src\")),n=new URL(t.value),c.test(n.protocol))&&n.host===r.host&&l.activeElement===s&&(d.top.location.href=t.value))}},d.addEventListener(\"message\",d.wp.receiveEmbedMessage,!1),l.addEventListener(\"DOMContentLoaded\",function(){for(var e,t,s=l.querySelectorAll(\"iframe.wp-embedded-content\"),r=0;r<s.length;r++)(t=(e=s[r]).getAttribute(\"data-secret\"))||(t=Math.random().toString(36).substring(2,12),e.src+=\"#?secret=\"+t,e.setAttribute(\"data-secret\",t)),e.contentWindow.postMessage({message:\"ready\",secret:t},\"*\")},!1)))}(window,document);\n\/\/# sourceURL=http:\/\/denizcankizil.tr\/wp-includes\/js\/wp-embed.min.js\n<\/script>","thumbnail_url":"https:\/\/denizcankizil.tr\/wp-content\/uploads\/2025\/04\/5889-01-JFA6OO.jpg","thumbnail_width":1280,"thumbnail_height":720,"description":"Organizasyonun start\u0131n\u0131 Kemer Kaymakam\u0131 Ahmet Solmaz, Gen\u00e7lik ve Spor \u0130l M\u00fcd\u00fcr\u00fc Yavuz G\u00fcrhan, Kemer \u0130l\u00e7e Jandarma Komutan\u0131 \u00d6mer Seyhan, Kemer Belediyesi Ba\u015fkan Yard\u0131mc\u0131s\u0131 Mehmet Derya Baytekin, Kemer Belediyesi Meclis \u00dcyesi Cans\u0131n Efir, T\u00fcrkiye Bisiklet Federasyonu Asba\u015fkan\u0131 Metin Cengiz, BHM Otelcilik Y\u00f6netim Kurulu Ba\u015fkan\u0131 Haydar Barut ve Ya\u015fam Hastaneleri Y\u00f6netim Kurulu Ba\u015fkan\u0131 Cemal \u00d6zkan birlikte verdi. Mustafa Ertu\u011frul Aker Park\u0131&#8217;nda d\u00fczenlenen start program\u0131n\u0131 \u00e7ok say\u0131da yerli ve yabanc\u0131 tatilci cep telefonlar\u0131 ile g\u00f6r\u00fcnt\u00fcledi. 10 \u00fclkeden 500 sporcunun k\u0131yas\u0131ya m\u00fccadele etti\u011fi yar\u0131\u015fmada ilk olarak 98 kilometrelik parkurun yakla\u015f\u0131k yar\u0131m saat sonra da 49 kilometrelik parkurun start\u0131 verildi. Renkli g\u00f6r\u00fcnt\u00fclerin olu\u015ftu\u011fu yar\u0131\u015flar, Mustafa Ertu\u011frul Aker Park\u0131&#8217;nda sona erecek. Yar\u0131\u015fman\u0131n ard\u0131ndan Mustafa Ertu\u011frul Aker Park\u0131&#8217;nda \u00f6d\u00fcl t\u00f6reni, \u00e7ekili\u015f ve Corendon Sahne&#8217;de \u00e7e\u015fitli e\u011flence programlar\u0131 d\u00fczenlenecek. Kaynak: www.kanalv.com.tr Haber Sitesinden Al\u0131nm\u0131\u015ft\u0131r."}