{"version":"1.0","provider_name":"Av. Deniz Can K\u0131z\u0131l","provider_url":"http:\/\/denizcankizil.tr\/uk","author_name":"Av. Deniz Can K\u0131z\u0131l","author_url":"http:\/\/denizcankizil.tr\/uk\/author\/denizcankizil\/","title":"Kemer spor organizasyonlar\u0131na bir yenisini daha ekledi","type":"rich","width":600,"height":338,"html":"<blockquote class=\"wp-embedded-content\" data-secret=\"pz3di5YYy5\"><a href=\"http:\/\/denizcankizil.tr\/uk\/haberler\/antalya\/kemer-spor-organizasyonlarina-bir-yenisini-daha-ekledi\/\">Kemer spor organizasyonlar\u0131na bir yenisini daha ekledi<\/a><\/blockquote><iframe sandbox=\"allow-scripts\" security=\"restricted\" src=\"http:\/\/denizcankizil.tr\/uk\/haberler\/antalya\/kemer-spor-organizasyonlarina-bir-yenisini-daha-ekledi\/embed\/#?secret=pz3di5YYy5\" width=\"600\" height=\"338\" title=\"&#8220;Kemer spor organizasyonlar\u0131na bir yenisini daha ekledi&#8221; &#8212; Av. Deniz Can K\u0131z\u0131l\" data-secret=\"pz3di5YYy5\" frameborder=\"0\" marginwidth=\"0\" marginheight=\"0\" scrolling=\"no\" class=\"wp-embedded-content\"><\/iframe><script>\n\/*! This file is auto-generated *\/\n!function(d,l){\"use strict\";l.querySelector&&d.addEventListener&&\"undefined\"!=typeof URL&&(d.wp=d.wp||{},d.wp.receiveEmbedMessage||(d.wp.receiveEmbedMessage=function(e){var t=e.data;if((t||t.secret||t.message||t.value)&&!\/[^a-zA-Z0-9]\/.test(t.secret)){for(var s,r,n,a=l.querySelectorAll('iframe[data-secret=\"'+t.secret+'\"]'),o=l.querySelectorAll('blockquote[data-secret=\"'+t.secret+'\"]'),c=new RegExp(\"^https?:$\",\"i\"),i=0;i<o.length;i++)o[i].style.display=\"none\";for(i=0;i<a.length;i++)s=a[i],e.source===s.contentWindow&&(s.removeAttribute(\"style\"),\"height\"===t.message?(1e3<(r=parseInt(t.value,10))?r=1e3:~~r<200&&(r=200),s.height=r):\"link\"===t.message&&(r=new URL(s.getAttribute(\"src\")),n=new URL(t.value),c.test(n.protocol))&&n.host===r.host&&l.activeElement===s&&(d.top.location.href=t.value))}},d.addEventListener(\"message\",d.wp.receiveEmbedMessage,!1),l.addEventListener(\"DOMContentLoaded\",function(){for(var e,t,s=l.querySelectorAll(\"iframe.wp-embedded-content\"),r=0;r<s.length;r++)(t=(e=s[r]).getAttribute(\"data-secret\"))||(t=Math.random().toString(36).substring(2,12),e.src+=\"#?secret=\"+t,e.setAttribute(\"data-secret\",t)),e.contentWindow.postMessage({message:\"ready\",secret:t},\"*\")},!1)))}(window,document);\n\/\/# sourceURL=http:\/\/denizcankizil.tr\/wp-includes\/js\/wp-embed.min.js\n<\/script>","description":"Kemer&#8217;de ekstrem spor festivalleri devam ediyor. Bu y\u0131l 12- 16 Kas\u0131m tarihlerinde yap\u0131lmas\u0131 planlanan paramotor festivali olan Earth to Sky ile ekstrem spor etkinlikleri g\u00f6ky\u00fcz\u00fcne ta\u015f\u0131nacak. Kemer Kaymakaml\u0131\u011f\u0131 destekleriyle hayata ge\u00e7irilecek olan etkinlik i\u00e7in \u015fu anda 30 sporcu ba\u015fvuru yapt\u0131 ve kas\u0131ma kadar ba\u015fvuru say\u0131s\u0131n\u0131n 100&#8217;\u00fcn \u00fczerinde olmas\u0131 bekleniyor. Kemer&#8217;de karada, deniz \u00fcst\u00fc ve alt\u0131nda yap\u0131lan etkinliklere g\u00f6ky\u00fcz\u00fc etkinli\u011finin de eklenmesiyle il\u00e7enin t\u00fcm g\u00fczellikleri spor organizasyonlar\u0131yla da tan\u0131t\u0131lmaya devam ediyor. Festival kapsam\u0131nda paramotor etkinliklerinin yan\u0131 s\u0131ra paramotorlardan serbest atlay\u0131\u015flar gibi aktiviteler de yer alacak. &#8216;KEMER EKSTREM SPOR ORGAN\u0130ZASYONLARIYLA ANILIYOR&#8217; Kemer Kaymakam\u0131 Ahmet Solmaz, &#8220;Kemer&#8217;in \u00f6nemli bir spor turizmi destinasyonu olmas\u0131 ad\u0131na karada, denizde ve g\u00f6ky\u00fcz\u00fcnde olabilecek \u015fekilde \u00e7e\u015fitli do\u011fa sporlar\u0131 ve ekstrem sporlar\u0131n planlamalar\u0131 i\u00e7erisindeyiz. Bu y\u0131l da ilk kez b\u00f6lgemizde hava sporlar\u0131, ekstrem sporlar\u0131 ad\u0131na paramotorla yap\u0131labilecek u\u00e7ma \u015fenlikleri kapsam\u0131nda bir festival planlamaktay\u0131z. Bu da ger\u00e7ekten il\u00e7emizin do\u011fal anlamdaki en \u00f6nemli g\u00f6r\u00fcnt\u00fcsel konumunu g\u00f6ky\u00fcz\u00fcnden al\u0131nabilece\u011fi bir festival olacak. Kas\u0131m ay\u0131 itibar\u0131yla planlad\u0131\u011f\u0131m\u0131z bir festival. Destinasyonumuzun deniz seviyesiyle en y\u00fcksek noktam\u0131z\u0131n ula\u015f\u0131labilirli\u011fi \u00f6nemli bir avantaj\u0131m\u0131z. G\u00f6ky\u00fcz\u00fc de bu noktada bizim en g\u00fczel temam\u0131z olacak ve Earth to Sky ismiyle yeni bir organizasyonun kas\u0131m ay\u0131nda ev sahipli\u011fini yapmak i\u00e7in sab\u0131rs\u0131zl\u0131kla bekliyoruz. Hem para\u015f\u00fct hem de paramotor \u00fczerine \u00e7al\u0131\u015fmalar\u0131m\u0131z vard\u0131. Bu alt &hellip;"}