{"version":"1.0","provider_name":"Av. Deniz Can K\u0131z\u0131l","provider_url":"http:\/\/denizcankizil.tr\/uk","author_name":"Av. Deniz Can K\u0131z\u0131l","author_url":"http:\/\/denizcankizil.tr\/uk\/author\/denizcankizil\/","title":"\u0130lk halk kafe a\u00e7\u0131ld\u0131","type":"rich","width":600,"height":338,"html":"<blockquote class=\"wp-embedded-content\" data-secret=\"3Fg99S3uIW\"><a href=\"http:\/\/denizcankizil.tr\/uk\/haberler\/antalya\/ilk-halk-kafe-acildi\/\">\u0130lk halk kafe a\u00e7\u0131ld\u0131<\/a><\/blockquote><iframe sandbox=\"allow-scripts\" security=\"restricted\" src=\"http:\/\/denizcankizil.tr\/uk\/haberler\/antalya\/ilk-halk-kafe-acildi\/embed\/#?secret=3Fg99S3uIW\" width=\"600\" height=\"338\" title=\"&#8220;\u0130lk halk kafe a\u00e7\u0131ld\u0131&#8221; &#8212; Av. Deniz Can K\u0131z\u0131l\" data-secret=\"3Fg99S3uIW\" frameborder=\"0\" marginwidth=\"0\" marginheight=\"0\" scrolling=\"no\" class=\"wp-embedded-content\"><\/iframe><script>\n\/*! This file is auto-generated *\/\n!function(d,l){\"use strict\";l.querySelector&&d.addEventListener&&\"undefined\"!=typeof URL&&(d.wp=d.wp||{},d.wp.receiveEmbedMessage||(d.wp.receiveEmbedMessage=function(e){var t=e.data;if((t||t.secret||t.message||t.value)&&!\/[^a-zA-Z0-9]\/.test(t.secret)){for(var s,r,n,a=l.querySelectorAll('iframe[data-secret=\"'+t.secret+'\"]'),o=l.querySelectorAll('blockquote[data-secret=\"'+t.secret+'\"]'),c=new RegExp(\"^https?:$\",\"i\"),i=0;i<o.length;i++)o[i].style.display=\"none\";for(i=0;i<a.length;i++)s=a[i],e.source===s.contentWindow&&(s.removeAttribute(\"style\"),\"height\"===t.message?(1e3<(r=parseInt(t.value,10))?r=1e3:~~r<200&&(r=200),s.height=r):\"link\"===t.message&&(r=new URL(s.getAttribute(\"src\")),n=new URL(t.value),c.test(n.protocol))&&n.host===r.host&&l.activeElement===s&&(d.top.location.href=t.value))}},d.addEventListener(\"message\",d.wp.receiveEmbedMessage,!1),l.addEventListener(\"DOMContentLoaded\",function(){for(var e,t,s=l.querySelectorAll(\"iframe.wp-embedded-content\"),r=0;r<s.length;r++)(t=(e=s[r]).getAttribute(\"data-secret\"))||(t=Math.random().toString(36).substring(2,12),e.src+=\"#?secret=\"+t,e.setAttribute(\"data-secret\",t)),e.contentWindow.postMessage({message:\"ready\",secret:t},\"*\")},!1)))}(window,document);\n\/\/# sourceURL=http:\/\/denizcankizil.tr\/wp-includes\/js\/wp-embed.min.js\n<\/script>","thumbnail_url":"https:\/\/denizcankizil.tr\/wp-content\/uploads\/2025\/05\/6350-01-i499AX.jpg","thumbnail_width":1280,"thumbnail_height":720,"description":"A\u00e7\u0131l\u0131\u015f konu\u015fmas\u0131nda, halkla bulu\u015fan projelere verdikleri \u00f6nemi vurgulayan Manavgat Belediye Ba\u015fkan\u0131 Niyazi Nefi Kara, g\u00fcn\u00fcm\u00fcz ekonomik \u015fartlar\u0131nda vatanda\u015flar\u0131n sosyalle\u015febilece\u011fi, uygun fiyatl\u0131 alanlara duydu\u011fu ihtiyac\u0131n artt\u0131\u011f\u0131n\u0131 belirtti. Halk Kafe\u2019nin bu ihtiyaca yan\u0131t olarak hayata ge\u00e7irildi\u011fini s\u00f6yleyen Kara, \u015f\u00f6yle devam etti: &#8220;\u0130nsanlar\u0131m\u0131z\u0131n bir araya gelebildi\u011fi, sohbet edebildi\u011fi, dertle\u015febildi\u011fi ortamlar\u0131m\u0131z gittik\u00e7e azal\u0131yor. \u00c7\u00fcnk\u00fc bir kahve ya da \u00e7ay i\u00e7meye gitti\u011finizde ciddi bir ekonomik zorlukla kar\u015f\u0131la\u015f\u0131yorsunuz. Bu y\u00fczden, bu sosyal tesisleri a\u00e7\u0131yoruz. Buralar ayn\u0131 zamanda sosyalle\u015fme alanlar\u0131m\u0131z. \u0130nsanlar\u0131 eve kapat\u0131rsan\u0131z erkenden bunamaya ba\u015flar. \u0130nsanlar, bir arada olmal\u0131, sohbet edebilmeli, gazetesini ve kitab\u0131n\u0131 okuyabilmeli. \u00d6n\u00fcm\u00fczdeki s\u00fcre\u00e7te mahallelilerimiz i\u00e7in at\u00f6lyeler olu\u015fturaca\u011f\u0131z. Manavgat\u2019\u0131n k\u00fclt\u00fcrel olarak zenginle\u015fmesini sa\u011flamam\u0131z gerekiyor. Biz, Manavgat\u2019a ve Manavgatl\u0131lara hizmet derdindeyiz. Bu memlekete hizmet eden, \u00e7ivi \u00e7akan herkesin ba\u015f\u0131m\u0131z\u0131n \u00fcst\u00fcnde yeri vard\u0131r. Bir araya gelirsek \u00e7ok daha g\u00fczel \u015feyleri hep beraber yapabiliriz. Manavgat, bir il olma yolunda ilerliyor.&#8221; Her hafta bir a\u00e7\u0131l\u0131\u015f hedefi Ge\u00e7ti\u011fimiz y\u0131l \u00fc\u00e7 halk plaj\u0131 a\u00e7t\u0131klar\u0131n\u0131 hat\u0131rlatan Kara, bu y\u0131l d\u00f6rt yeni halk plaj\u0131 a\u00e7acaklar\u0131n\u0131 belirterek, &#8220;\u0130n\u015fallah y\u0131l\u0131n sonuna kadar her hafta bir a\u00e7\u0131l\u0131\u015f yapaca\u011f\u0131z&#8221; \u015feklinde konu\u015ftu. Ba\u015fkan Kara, ayr\u0131ca Akdeniz B\u00f6lgesi\u2019nin ilk Otizm Merkezinin Manavgat\u2019ta a\u00e7\u0131laca\u011f\u0131n\u0131, kre\u015f ve et\u00fct merkezlerinin say\u0131s\u0131n\u0131n art\u0131r\u0131laca\u011f\u0131n\u0131 ve yeni bir huzurevi yap\u0131laca\u011f\u0131n\u0131 da dile getirdi. A\u00e7\u0131l\u0131\u015f t\u00f6renine, Manavgat Belediye Ba\u015fkan\u0131 Op. Dr. Niyazi Nefi Kara, &hellip;"}