{"version":"1.0","provider_name":"Av. Deniz Can K\u0131z\u0131l","provider_url":"http:\/\/denizcankizil.tr\/uk","author_name":"Av. Deniz Can K\u0131z\u0131l","author_url":"http:\/\/denizcankizil.tr\/uk","title":"F\u0131rt\u0131na 250 hektarl\u0131k sera alan\u0131n\u0131 vurdu","type":"rich","width":600,"height":338,"html":"<blockquote class=\"wp-embedded-content\" data-secret=\"Vjd8iaFleT\"><a href=\"http:\/\/denizcankizil.tr\/uk\/haberler\/antalya\/firtina-250-hektarlik-sera-alanini-vurdu\/\">F\u0131rt\u0131na 250 hektarl\u0131k sera alan\u0131n\u0131 vurdu<\/a><\/blockquote><iframe sandbox=\"allow-scripts\" security=\"restricted\" src=\"http:\/\/denizcankizil.tr\/uk\/haberler\/antalya\/firtina-250-hektarlik-sera-alanini-vurdu\/embed\/#?secret=Vjd8iaFleT\" width=\"600\" height=\"338\" title=\"&#8220;F\u0131rt\u0131na 250 hektarl\u0131k sera alan\u0131n\u0131 vurdu&#8221; &#8212; Av. Deniz Can K\u0131z\u0131l\" data-secret=\"Vjd8iaFleT\" frameborder=\"0\" marginwidth=\"0\" marginheight=\"0\" scrolling=\"no\" class=\"wp-embedded-content\"><\/iframe><script>\n\/*! This file is auto-generated *\/\n!function(d,l){\"use strict\";l.querySelector&&d.addEventListener&&\"undefined\"!=typeof URL&&(d.wp=d.wp||{},d.wp.receiveEmbedMessage||(d.wp.receiveEmbedMessage=function(e){var t=e.data;if((t||t.secret||t.message||t.value)&&!\/[^a-zA-Z0-9]\/.test(t.secret)){for(var s,r,n,a=l.querySelectorAll('iframe[data-secret=\"'+t.secret+'\"]'),o=l.querySelectorAll('blockquote[data-secret=\"'+t.secret+'\"]'),c=new RegExp(\"^https?:$\",\"i\"),i=0;i<o.length;i++)o[i].style.display=\"none\";for(i=0;i<a.length;i++)s=a[i],e.source===s.contentWindow&&(s.removeAttribute(\"style\"),\"height\"===t.message?(1e3<(r=parseInt(t.value,10))?r=1e3:~~r<200&&(r=200),s.height=r):\"link\"===t.message&&(r=new URL(s.getAttribute(\"src\")),n=new URL(t.value),c.test(n.protocol))&&n.host===r.host&&l.activeElement===s&&(d.top.location.href=t.value))}},d.addEventListener(\"message\",d.wp.receiveEmbedMessage,!1),l.addEventListener(\"DOMContentLoaded\",function(){for(var e,t,s=l.querySelectorAll(\"iframe.wp-embedded-content\"),r=0;r<s.length;r++)(t=(e=s[r]).getAttribute(\"data-secret\"))||(t=Math.random().toString(36).substring(2,12),e.src+=\"#?secret=\"+t,e.setAttribute(\"data-secret\",t)),e.contentWindow.postMessage({message:\"ready\",secret:t},\"*\")},!1)))}(window,document);\n\/\/# sourceURL=http:\/\/denizcankizil.tr\/wp-includes\/js\/wp-embed.min.js\n<\/script>","thumbnail_url":"http:\/\/denizcankizil.tr\/wp-content\/uploads\/2024\/11\/3268-01-XtmQOt.jpeg","thumbnail_width":1280,"thumbnail_height":720,"description":"Gazipa\u015fa&#8217;da d\u00fcn gece saatlerinde ba\u015flay\u0131p saatte 75-90 kilometre h\u0131zla esen f\u0131rt\u0131na, seralarda zarara yol a\u00e7t\u0131. \u015eiddetli r\u00fczgar, seralar\u0131n naylon \u00f6rt\u00fclerini y\u0131rtarak sera demirlerinin e\u011filmesine neden oldu. f\u0131rt\u0131na nedeniyle 150 hektar muz, 100 hektar fasulye, salatal\u0131k seras\u0131 zarar g\u00f6rd\u00fc. Tar\u0131m alanlar\u0131ndaki hasar, \u00f6zellikle muz ve di\u011fer meyve bah\u00e7elerinde b\u00fcy\u00fck kay\u0131plara yol a\u00e7t\u0131. A\u011fa\u00e7lar devrilirken, \u00fczerindeki \u00fcr\u00fcnler de yere d\u00f6k\u00fclerek kullan\u0131lmaz hale geldi. Ayr\u0131ca f\u0131rt\u0131na s\u0131ras\u0131nda \u00e7at\u0131 ve evlerden u\u00e7an cisimler ara\u00e7lara \u00e7arparak maddi hasar olu\u015fturdu. B\u00f6lgede incelemelerde bulunan Gazipa\u015fa Ziraat Odas\u0131 Ba\u015fkan\u0131 Yusuf \u00c7elik, \u201c\u0130l\u00e7emizde ya\u015fanan bu \u015fiddetli f\u0131rt\u0131nadan zarar g\u00f6ren t\u00fcm \u00e7ift\u00e7ilerimize ge\u00e7mi\u015f olsun dileklerimi iletiyorum. B\u00f6yle afetlerde, Tar\u0131m Sigortalar\u0131 Havuzu (TARS\u0130M) sigortas\u0131n\u0131n \u00f6nemi bir kez daha ortaya \u00e7\u0131k\u0131yor. Sigortas\u0131 olan \u00fcreticilerimiz, zarar durumlar\u0131n\u0131 bildirerek ke\u015fif talebinde bulunabilirler\u201d ifadelerini kulland\u0131. Ba\u015fkan \u00c7elik, \u00fcreticilere bir kez daha \u00e7a\u011fr\u0131da bulunarak TARS\u0130M sigortas\u0131n\u0131n \u00f6nemine vurgu yapt\u0131 ve \u00e7ift\u00e7ilerin bu t\u00fcr afetlere kar\u015f\u0131 \u00f6nlem almas\u0131 gerekti\u011fini belirtti. Hasar tespit \u00e7al\u0131\u015fmalar\u0131 ba\u015flad\u0131 Gazipa\u015fa&#8217;da tar\u0131msal \u00fcretimin bel kemi\u011fini olu\u015fturan seralarda ve meyve bah\u00e7elerinde meydana gelen hasar, \u00fcreticileri zorlu bir d\u00f6neme sokarken, il\u00e7ede hayat\u0131n normale d\u00f6nmesi i\u00e7in \u00e7al\u0131\u015fmalar\u0131n s\u00fcrd\u00fc\u011f\u00fc bildirildi. Tropikal park zarar g\u00f6rd\u00fc \u015eiddetli f\u0131rt\u0131na, Gazipa\u015fa Belediyesi Park ve Bah\u00e7eler M\u00fcd\u00fcrl\u00fc\u011f\u00fc&#8217;nce hizmete a\u00e7\u0131lan T\u00fcrkiye&#8217;nin ilk tropikal park\u0131 \u00f6zelli\u011fini ta\u015f\u0131yan Tropikal Park&#8217;ta zarara neden oldu. Seran\u0131n \u00fcst &hellip;"}