{"version":"1.0","provider_name":"Av. Deniz Can K\u0131z\u0131l","provider_url":"http:\/\/denizcankizil.tr\/uk","author_name":"Av. Deniz Can K\u0131z\u0131l","author_url":"http:\/\/denizcankizil.tr\/uk\/author\/denizcankizil\/","title":"An\u0131z yang\u0131n\u0131n s\u0131\u00e7rad\u0131\u011f\u0131 ev k\u00fcle d\u00f6nd\u00fc","type":"rich","width":600,"height":338,"html":"<blockquote class=\"wp-embedded-content\" data-secret=\"PwmP3b98L2\"><a href=\"http:\/\/denizcankizil.tr\/uk\/haberler\/antalya\/aniz-yanginin-sicradigi-ev-kule-dondu\/\">An\u0131z yang\u0131n\u0131n s\u0131\u00e7rad\u0131\u011f\u0131 ev k\u00fcle d\u00f6nd\u00fc<\/a><\/blockquote><iframe sandbox=\"allow-scripts\" security=\"restricted\" src=\"http:\/\/denizcankizil.tr\/uk\/haberler\/antalya\/aniz-yanginin-sicradigi-ev-kule-dondu\/embed\/#?secret=PwmP3b98L2\" width=\"600\" height=\"338\" title=\"&#8220;An\u0131z yang\u0131n\u0131n s\u0131\u00e7rad\u0131\u011f\u0131 ev k\u00fcle d\u00f6nd\u00fc&#8221; &#8212; Av. Deniz Can K\u0131z\u0131l\" data-secret=\"PwmP3b98L2\" frameborder=\"0\" marginwidth=\"0\" marginheight=\"0\" scrolling=\"no\" class=\"wp-embedded-content\"><\/iframe><script>\n\/*! This file is auto-generated *\/\n!function(d,l){\"use strict\";l.querySelector&&d.addEventListener&&\"undefined\"!=typeof URL&&(d.wp=d.wp||{},d.wp.receiveEmbedMessage||(d.wp.receiveEmbedMessage=function(e){var t=e.data;if((t||t.secret||t.message||t.value)&&!\/[^a-zA-Z0-9]\/.test(t.secret)){for(var s,r,n,a=l.querySelectorAll('iframe[data-secret=\"'+t.secret+'\"]'),o=l.querySelectorAll('blockquote[data-secret=\"'+t.secret+'\"]'),c=new RegExp(\"^https?:$\",\"i\"),i=0;i<o.length;i++)o[i].style.display=\"none\";for(i=0;i<a.length;i++)s=a[i],e.source===s.contentWindow&&(s.removeAttribute(\"style\"),\"height\"===t.message?(1e3<(r=parseInt(t.value,10))?r=1e3:~~r<200&&(r=200),s.height=r):\"link\"===t.message&&(r=new URL(s.getAttribute(\"src\")),n=new URL(t.value),c.test(n.protocol))&&n.host===r.host&&l.activeElement===s&&(d.top.location.href=t.value))}},d.addEventListener(\"message\",d.wp.receiveEmbedMessage,!1),l.addEventListener(\"DOMContentLoaded\",function(){for(var e,t,s=l.querySelectorAll(\"iframe.wp-embedded-content\"),r=0;r<s.length;r++)(t=(e=s[r]).getAttribute(\"data-secret\"))||(t=Math.random().toString(36).substring(2,12),e.src+=\"#?secret=\"+t,e.setAttribute(\"data-secret\",t)),e.contentWindow.postMessage({message:\"ready\",secret:t},\"*\")},!1)))}(window,document);\n\/\/# sourceURL=http:\/\/denizcankizil.tr\/wp-includes\/js\/wp-embed.min.js\n<\/script>","thumbnail_url":"http:\/\/denizcankizil.tr\/wp-content\/uploads\/2025\/05\/6172-01-Sv9J8H.jpg","thumbnail_width":1280,"thumbnail_height":720,"description":"Yang\u0131n, ak\u015fam saat 17.00 s\u0131ralar\u0131nda Alanya&#8217;n\u0131n Hac\u0131mehmetli Mahallesi B\u00f6c\u00fcl\u00fc Sokak&#8217;ta meydana geldi. Edinilen bilgilere g\u00f6re, sokak \u00fczerinde bulunan 3 katl\u0131 bir binan\u0131n yan\u0131nda vatanda\u015flar taraf\u0131ndan an\u0131z yak\u0131ld\u0131. R\u00fczgar\u0131n da etkisiyle alevler kontrolden \u00e7\u0131karak 3 katl\u0131 binan\u0131n giri\u015f kat\u0131na s\u0131\u00e7rad\u0131. Yang\u0131n\u0131n 112 Acil \u00c7a\u011fr\u0131 Merkezi&#8217;ne bildirilmesi \u00fczerine olay yerine itfaiye ve polis ekipleri sevk edildi. \u0130tfaiye ekiplerinin m\u00fcdahalesiyle yang\u0131n k\u0131sa s\u00fcrede kontrol alt\u0131na al\u0131n\u0131rken, evin 1. kat\u0131nda b\u00fcy\u00fck \u00e7apl\u0131 maddi hasar olu\u015ftu. Yang\u0131nla ilgili inceleme ba\u015flat\u0131ld\u0131. Kaynak: www.kanalv.com.tr Haber Sitesinden Al\u0131nm\u0131\u015ft\u0131r."}