{"version":"1.0","provider_name":"Av. Deniz Can K\u0131z\u0131l","provider_url":"http:\/\/denizcankizil.tr\/uk","author_name":"Av. Deniz Can K\u0131z\u0131l","author_url":"http:\/\/denizcankizil.tr\/uk\/author\/denizcankizil\/","title":"Alanyaspor, Joao Pereira ile el s\u0131k\u0131\u015ft\u0131","type":"rich","width":600,"height":338,"html":"<blockquote class=\"wp-embedded-content\" data-secret=\"tLKcrsaQc3\"><a href=\"http:\/\/denizcankizil.tr\/uk\/haberler\/antalya\/alanyaspor-joao-pereira-ile-el-sikisti\/\">Alanyaspor, Joao Pereira ile el s\u0131k\u0131\u015ft\u0131<\/a><\/blockquote><iframe sandbox=\"allow-scripts\" security=\"restricted\" src=\"http:\/\/denizcankizil.tr\/uk\/haberler\/antalya\/alanyaspor-joao-pereira-ile-el-sikisti\/embed\/#?secret=tLKcrsaQc3\" width=\"600\" height=\"338\" title=\"&#8220;Alanyaspor, Joao Pereira ile el s\u0131k\u0131\u015ft\u0131&#8221; &#8212; Av. Deniz Can K\u0131z\u0131l\" data-secret=\"tLKcrsaQc3\" frameborder=\"0\" marginwidth=\"0\" marginheight=\"0\" scrolling=\"no\" class=\"wp-embedded-content\"><\/iframe><script>\n\/*! This file is auto-generated *\/\n!function(d,l){\"use strict\";l.querySelector&&d.addEventListener&&\"undefined\"!=typeof URL&&(d.wp=d.wp||{},d.wp.receiveEmbedMessage||(d.wp.receiveEmbedMessage=function(e){var t=e.data;if((t||t.secret||t.message||t.value)&&!\/[^a-zA-Z0-9]\/.test(t.secret)){for(var s,r,n,a=l.querySelectorAll('iframe[data-secret=\"'+t.secret+'\"]'),o=l.querySelectorAll('blockquote[data-secret=\"'+t.secret+'\"]'),c=new RegExp(\"^https?:$\",\"i\"),i=0;i<o.length;i++)o[i].style.display=\"none\";for(i=0;i<a.length;i++)s=a[i],e.source===s.contentWindow&&(s.removeAttribute(\"style\"),\"height\"===t.message?(1e3<(r=parseInt(t.value,10))?r=1e3:~~r<200&&(r=200),s.height=r):\"link\"===t.message&&(r=new URL(s.getAttribute(\"src\")),n=new URL(t.value),c.test(n.protocol))&&n.host===r.host&&l.activeElement===s&&(d.top.location.href=t.value))}},d.addEventListener(\"message\",d.wp.receiveEmbedMessage,!1),l.addEventListener(\"DOMContentLoaded\",function(){for(var e,t,s=l.querySelectorAll(\"iframe.wp-embedded-content\"),r=0;r<s.length;r++)(t=(e=s[r]).getAttribute(\"data-secret\"))||(t=Math.random().toString(36).substring(2,12),e.src+=\"#?secret=\"+t,e.setAttribute(\"data-secret\",t)),e.contentWindow.postMessage({message:\"ready\",secret:t},\"*\")},!1)))}(window,document);\n\/\/# sourceURL=http:\/\/denizcankizil.tr\/wp-includes\/js\/wp-embed.min.js\n<\/script>","thumbnail_url":"http:\/\/denizcankizil.tr\/wp-content\/uploads\/2025\/03\/5663-01-8q7yhv.jpeg","thumbnail_width":1280,"thumbnail_height":720,"description":"Alanyaspor&#8217;da Sami U\u011furlu ile yollar\u0131n ayr\u0131lmas\u0131n\u0131n ard\u0131ndan teknik direkt\u00f6rl\u00fc\u011fe Joao Pereira getirildi. Portekizli teknik adam i\u00e7in tesislerde imza t\u00f6reni d\u00fczenlendi. \u0130mza t\u00f6reninde konu\u015fan Alanyaspor Ba\u015fkan\u0131 Hasan \u00c7avu\u015fo\u011flu, &#8220;\u00d6ncelikle kar\u015f\u0131l\u0131kl\u0131 anla\u015farak s\u00f6zle\u015fmesini feshetti\u011fimiz Sami U\u011furlu hocam\u0131za ve ekibine, Alanyaspor\u2019umuza vermi\u015f olduklar\u0131 hizmetlerden dolay\u0131 kendim ve kul\u00fcb\u00fcm ad\u0131na te\u015fekk\u00fcr ediyorum. Bug\u00fcn itibar\u0131yla Joao Pereira hocam\u0131zla anla\u015fm\u0131\u015f bulunmaktay\u0131z. Trabzonspor gibi g\u00fczide bir kul\u00fcb\u00fcm\u00fczde y\u0131llarca futbol oynam\u0131\u015f ve Sporting tak\u0131m\u0131nda da teknik direkt\u00f6rl\u00fck yapt\u0131\u011f\u0131 i\u00e7in hocam\u0131z\u0131 herkes yak\u0131ndan tan\u0131yor. Kendisine ho\u015f geldin diyorum. Alanyaspor\u2019umuzda ba\u015far\u0131l\u0131 olaca\u011f\u0131na inan\u0131yorum&#8221; dedi. Joao Pereira: &#8220;Karakteri ve y\u00fcksek enerjisi olan bir tak\u0131m olu\u015fturmak istiyoruz&#8221; Turuncu-ye\u015fillilerin yeni teknik direkt\u00f6r\u00fc Joao Pereira ise, &#8220;\u00d6ncelikle ba\u015fkan\u0131ma, bana ve ekibime g\u00fcvendi\u011fi i\u00e7in \u00e7ok te\u015fekk\u00fcr ediyorum. T\u00fcrkiye\u2019ye d\u00f6nd\u00fc\u011f\u00fcm i\u00e7in \u00e7ok mutluyum. Bana ve aileme \u00e7ok iyi davranan bir \u00fclke buras\u0131. Buraya \u00e7ok b\u00fcy\u00fck projelerle ve h\u0131rsl\u0131 bir \u015fekilde geldim. Ekibimle birlikte hedeflerimize ula\u015fmak istiyoruz. Karakteri ve y\u00fcksek enerjisi olan bir tak\u0131m olu\u015fturmak istiyoruz. Bunu saha i\u00e7erisinde g\u00f6stermek i\u00e7in \u00e7ok \u00e7al\u0131\u015faca\u011f\u0131z. Futbolcuyken elde etti\u011fim ba\u015far\u0131lar\u0131 hocayken de elde etmek i\u00e7in \u00e7ok \u00e7al\u0131\u015faca\u011f\u0131m. Tekrardan ba\u015fkan\u0131m\u0131za ve Alanyaspor\u2019daki t\u00fcm yetkililere bana g\u00fcvendikleri i\u00e7in \u00e7ok te\u015fekk\u00fcr ediyorum&#8221; diye konu\u015ftu. Kaynak: www.kanalv.com.tr Haber Sitesinden Al\u0131nm\u0131\u015ft\u0131r."}