{"version":"1.0","provider_name":"Av. Deniz Can K\u0131z\u0131l","provider_url":"http:\/\/denizcankizil.tr\/uk","author_name":"Av. Deniz Can K\u0131z\u0131l","author_url":"http:\/\/denizcankizil.tr\/uk\/author\/denizcankizil\/","title":"Alanya'da Uluslararas\u0131 Halk Danslar\u0131 ve M\u00fczik Festivali","type":"rich","width":600,"height":338,"html":"<blockquote class=\"wp-embedded-content\" data-secret=\"xQzDI9bZ0g\"><a href=\"http:\/\/denizcankizil.tr\/uk\/haberler\/antalya\/alanyada-uluslararasi-halk-danslari-ve-muzik-festivali\/\">Alanya&#8217;da Uluslararas\u0131 Halk Danslar\u0131 ve M\u00fczik Festivali<\/a><\/blockquote><iframe sandbox=\"allow-scripts\" security=\"restricted\" src=\"http:\/\/denizcankizil.tr\/uk\/haberler\/antalya\/alanyada-uluslararasi-halk-danslari-ve-muzik-festivali\/embed\/#?secret=xQzDI9bZ0g\" width=\"600\" height=\"338\" title=\"&#8220;Alanya&#8217;da Uluslararas\u0131 Halk Danslar\u0131 ve M\u00fczik Festivali&#8221; &#8212; Av. Deniz Can K\u0131z\u0131l\" data-secret=\"xQzDI9bZ0g\" frameborder=\"0\" marginwidth=\"0\" marginheight=\"0\" scrolling=\"no\" class=\"wp-embedded-content\"><\/iframe><script>\n\/*! This file is auto-generated *\/\n!function(d,l){\"use strict\";l.querySelector&&d.addEventListener&&\"undefined\"!=typeof URL&&(d.wp=d.wp||{},d.wp.receiveEmbedMessage||(d.wp.receiveEmbedMessage=function(e){var t=e.data;if((t||t.secret||t.message||t.value)&&!\/[^a-zA-Z0-9]\/.test(t.secret)){for(var s,r,n,a=l.querySelectorAll('iframe[data-secret=\"'+t.secret+'\"]'),o=l.querySelectorAll('blockquote[data-secret=\"'+t.secret+'\"]'),c=new RegExp(\"^https?:$\",\"i\"),i=0;i<o.length;i++)o[i].style.display=\"none\";for(i=0;i<a.length;i++)s=a[i],e.source===s.contentWindow&&(s.removeAttribute(\"style\"),\"height\"===t.message?(1e3<(r=parseInt(t.value,10))?r=1e3:~~r<200&&(r=200),s.height=r):\"link\"===t.message&&(r=new URL(s.getAttribute(\"src\")),n=new URL(t.value),c.test(n.protocol))&&n.host===r.host&&l.activeElement===s&&(d.top.location.href=t.value))}},d.addEventListener(\"message\",d.wp.receiveEmbedMessage,!1),l.addEventListener(\"DOMContentLoaded\",function(){for(var e,t,s=l.querySelectorAll(\"iframe.wp-embedded-content\"),r=0;r<s.length;r++)(t=(e=s[r]).getAttribute(\"data-secret\"))||(t=Math.random().toString(36).substring(2,12),e.src+=\"#?secret=\"+t,e.setAttribute(\"data-secret\",t)),e.contentWindow.postMessage({message:\"ready\",secret:t},\"*\")},!1)))}(window,document);\n\/\/# sourceURL=http:\/\/denizcankizil.tr\/wp-includes\/js\/wp-embed.min.js\n<\/script>","thumbnail_url":"http:\/\/denizcankizil.tr\/wp-content\/uploads\/2025\/05\/6317-01-LUlO9G.jpg","thumbnail_width":1280,"thumbnail_height":720,"description":"Geleneksel hale getirilen festivalin a\u00e7\u0131l\u0131\u015f\u0131, Atat\u00fcrk heykeli \u00f6n\u00fcnde ba\u015flad\u0131. \u0130skele Caddesi \u00fczerinden eski belediye binas\u0131 arkas\u0131na kadar s\u00fcren kortej y\u00fcr\u00fcy\u00fc\u015f\u00fc ise renkli anlara sahne oldu. Y\u00f6resel m\u00fczikler ile mar\u015flar e\u015fli\u011finde y\u00fcr\u00fcyen dans\u00e7\u0131lar, e\u011fitmenler ve kat\u0131l\u0131mc\u0131lar, ellerinde \u00fclkelerinin bayraklar\u0131yla g\u00f6rsel bir \u015f\u00f6len sundu. Korteje \u00e7evredeki vatanda\u015flar alk\u0131\u015flarla e\u015flik etti. Daha sonra Alanya A\u00e7\u0131khava Tiyatrosu&#8217;na ge\u00e7ildi. Programa Alanya Belediye Ba\u015fkan Yard\u0131mc\u0131s\u0131 Murat Levent Ko\u00e7ak, CHP \u0130l\u00e7e Ba\u015fkan\u0131 B\u00fclent Kandemir, Belediye Meclis \u00dcyeleri Ahmet Top ve Asr\u0131n Ate\u015fo\u011flu ile ilk g\u00fcn sahne alacak Ukrayna, Kazakistan, G\u00fcrcistan ve T\u00fcrkiye&#8217;den 850 dans\u00e7\u0131 kat\u0131ld\u0131. Vatanda\u015flar da bu g\u00f6rsel \u015f\u00f6leni ka\u00e7\u0131rmamak i\u00e7in yerlerini ald\u0131. &#8220;Festivalimiz g\u00fczelliklerle devam edecek&#8221; Alanya Belediye Ba\u015fkan Yard\u0131mc\u0131s\u0131 Murat Levent Ko\u00e7ak, co\u015fkulu kalabal\u0131\u011fa hitaben yapt\u0131\u011f\u0131 konu\u015fmada Belediye Ba\u015fkan\u0131 Osman Tar\u0131k \u00d6z\u00e7elik&#8217;in selamlar\u0131n\u0131 ileterek, &#8220;G\u00fcne\u015fin g\u00fcl\u00fcmsedi\u011fi \u015fehir Alanya&#8217;ya hepiniz ho\u015f geldiniz. Festivalimiz co\u015fkulu bir \u015fekilde ba\u015flad\u0131 ve sizin \u015fehrimize katt\u0131\u011f\u0131n\u0131z g\u00fczelliklerle de devam edecek. Sizlerle olmaktan b\u00fcy\u00fck mutluluk duyuyoruz. Eme\u011fi ge\u00e7en herkese te\u015fekk\u00fcr ediyor, g\u00fczel bir festival ge\u00e7irmeyi diliyorum&#8221; dedi. G\u00f6steriler nefes kesti Ukrayna&#8217;dan Kazakistan&#8217;a, G\u00fcrcistan&#8217;dan T\u00fcrkiye&#8217;ye kadar birbirinden etkileyici ekipler, y\u00f6resel ezgiler ve danslarla sahnede performanslar\u0131n\u0131 sergiledi. G\u00f6steriler seyircileri mest ederken, dakikalarca ayakta alk\u0131\u015fland\u0131. Festival, 14 May\u0131s \u00c7ar\u015famba g\u00fcn\u00fc saat 19.30&#8217;da Alanya A\u00e7\u0131khava Tiyatrosu&#8217;nda devam edecek. K\u00fclt\u00fcr \u015f\u00f6leni, 17-18 May\u0131s tarihlerinde \u0130skele \u015eelale &hellip;"}