{"version":"1.0","provider_name":"Av. Deniz Can K\u0131z\u0131l","provider_url":"http:\/\/denizcankizil.tr\/uk","author_name":"Av. Deniz Can K\u0131z\u0131l","author_url":"http:\/\/denizcankizil.tr\/uk\/author\/denizcankizil\/","title":"Alanya \u00dcniversitesi'nde mezuniyet","type":"rich","width":600,"height":338,"html":"<blockquote class=\"wp-embedded-content\" data-secret=\"8tTmjQdbtG\"><a href=\"http:\/\/denizcankizil.tr\/uk\/haberler\/antalya\/alanya-universitesinde-mezuniyet\/\">Alanya \u00dcniversitesi&#8217;nde mezuniyet<\/a><\/blockquote><iframe sandbox=\"allow-scripts\" security=\"restricted\" src=\"http:\/\/denizcankizil.tr\/uk\/haberler\/antalya\/alanya-universitesinde-mezuniyet\/embed\/#?secret=8tTmjQdbtG\" width=\"600\" height=\"338\" title=\"&#8220;Alanya \u00dcniversitesi&#8217;nde mezuniyet&#8221; &#8212; Av. Deniz Can K\u0131z\u0131l\" data-secret=\"8tTmjQdbtG\" frameborder=\"0\" marginwidth=\"0\" marginheight=\"0\" scrolling=\"no\" class=\"wp-embedded-content\"><\/iframe><script>\n\/*! This file is auto-generated *\/\n!function(d,l){\"use strict\";l.querySelector&&d.addEventListener&&\"undefined\"!=typeof URL&&(d.wp=d.wp||{},d.wp.receiveEmbedMessage||(d.wp.receiveEmbedMessage=function(e){var t=e.data;if((t||t.secret||t.message||t.value)&&!\/[^a-zA-Z0-9]\/.test(t.secret)){for(var s,r,n,a=l.querySelectorAll('iframe[data-secret=\"'+t.secret+'\"]'),o=l.querySelectorAll('blockquote[data-secret=\"'+t.secret+'\"]'),c=new RegExp(\"^https?:$\",\"i\"),i=0;i<o.length;i++)o[i].style.display=\"none\";for(i=0;i<a.length;i++)s=a[i],e.source===s.contentWindow&&(s.removeAttribute(\"style\"),\"height\"===t.message?(1e3<(r=parseInt(t.value,10))?r=1e3:~~r<200&&(r=200),s.height=r):\"link\"===t.message&&(r=new URL(s.getAttribute(\"src\")),n=new URL(t.value),c.test(n.protocol))&&n.host===r.host&&l.activeElement===s&&(d.top.location.href=t.value))}},d.addEventListener(\"message\",d.wp.receiveEmbedMessage,!1),l.addEventListener(\"DOMContentLoaded\",function(){for(var e,t,s=l.querySelectorAll(\"iframe.wp-embedded-content\"),r=0;r<s.length;r++)(t=(e=s[r]).getAttribute(\"data-secret\"))||(t=Math.random().toString(36).substring(2,12),e.src+=\"#?secret=\"+t,e.setAttribute(\"data-secret\",t)),e.contentWindow.postMessage({message:\"ready\",secret:t},\"*\")},!1)))}(window,document);\n\/\/# sourceURL=http:\/\/denizcankizil.tr\/wp-includes\/js\/wp-embed.min.js\n<\/script>","thumbnail_url":"http:\/\/denizcankizil.tr\/wp-content\/uploads\/2025\/05\/6607-01-aSKodA.jpg","thumbnail_width":1280,"thumbnail_height":720,"description":"Alanya \u00dcniversitesi, 2024-2025 akademik y\u0131l\u0131 7. d\u00f6nem mezunlar\u0131n\u0131 g\u00f6rkemli bir t\u00f6renle u\u011furlad\u0131. Hamdullah Emin Pa\u015fa Kamp\u00fcs\u00fc&#8217;nde ger\u00e7ekle\u015fen mezuniyet t\u00f6reni, unutulmaz anlara sahne oldu. Sayg\u0131 duru\u015fu ve \u0130stiklal Mar\u015f\u0131&#8217;n\u0131n ard\u0131ndan sahne alan K\u0131r\u0131kkale \u00dcniversitesi Oda Orkestras\u0131, konuklara sundu\u011fu mini konserle t\u00f6rene anlam katt\u0131. Ard\u0131ndan, mezun \u00f6\u011frenciler sahneye alk\u0131\u015flar e\u015fli\u011finde \u00e7\u0131kt\u0131. &#8220;Bu bir son de\u011fil, g\u00fc\u00e7l\u00fc bir ba\u015flang\u0131\u00e7&#8221; T\u00f6renin a\u00e7\u0131l\u0131\u015f konu\u015fmas\u0131n\u0131 Alanya \u00dcniversitesi Rekt\u00f6r\u00fc Prof. Dr. Turan Sa\u011fer ger\u00e7ekle\u015ftirdi. Konu\u015fmas\u0131nda \u00fcniversitenin 2011 y\u0131l\u0131ndaki kurulu\u015fundan bu yana kat etti\u011fi geli\u015fim s\u00fcrecine dikkat \u00e7eken Sa\u011fer, duygusal s\u00f6zleriyle mezunlara, &#8220;Belki y\u0131llar \u00f6nce \u00fcniversitenin kap\u0131s\u0131ndan i\u00e7eriye att\u0131\u011f\u0131n\u0131z ilk ad\u0131m\u0131 hat\u0131rl\u0131yorsunuzdur. Heyecanla, umutla \u00e7\u0131kt\u0131\u011f\u0131n\u0131z bu yolculu\u011fun sonuna geldiniz. Art\u0131k sadece bilgiyle de\u011fil, \u00f6zg\u00fcvenle ve sorumlulukla donanm\u0131\u015f bireylersiniz. Bu mezuniyet, sadece bir biti\u015f de\u011fil; ayn\u0131 zamanda yeni bir ba\u015flang\u0131\u00e7. Yolunuz a\u00e7\u0131k, inanc\u0131n\u0131z g\u00fc\u00e7l\u00fc olsun. Alanya \u00dcniversitesi ailesi olarak sizinle her zaman gurur duyaca\u011f\u0131z&#8221; ifadelerini kulland\u0131. &#8220;Yedi y\u0131lda 29&#8217;dan 129&#8217;a.\u2026&#8221; Rekt\u00f6r Sa\u011fer &#8216;in ard\u0131ndan k\u00fcrs\u00fcye \u00e7\u0131kan Alanya Belediye Ba\u015fkan\u0131 Osman Tar\u0131k \u00d6z\u00e7elik, t\u00f6rende duygusal bir an\u0131s\u0131n\u0131 payla\u015ft\u0131. \u0130lk mezuniyet t\u00f6reninde ya\u015fad\u0131klar\u0131n\u0131 anlatan \u00d6z\u00e7elik, bug\u00fcn ula\u015f\u0131lan noktan\u0131n \u00fcniversitenin geli\u015fiminin bir g\u00f6stergesi oldu\u011funu \u00d6\u011frencilere gelecek ya\u015famlar\u0131nda ba\u015far\u0131lar dileyen \u00d6z\u00e7elik, &#8220;Bug\u00fcn, 100&#8217;\u00fcn \u00fczerinde \u00f6\u011frencimizi mezun ediyoruz. Oysa ilk mezuniyetimizde sadece 29 \u00f6\u011frencimiz vard\u0131. Bug\u00fcn sahnede bir \u00f6\u011frencimizin y\u00fcr\u00fcy\u00fc\u015f\u00fc s\u0131ras\u0131nda annesinin h\u00fcng\u00fcr h\u00fcng\u00fcr &hellip;"}