{"version":"1.0","provider_name":"Av. Deniz Can K\u0131z\u0131l","provider_url":"http:\/\/denizcankizil.tr\/uk","author_name":"Av. Deniz Can K\u0131z\u0131l","author_url":"http:\/\/denizcankizil.tr\/uk\/author\/denizcankizil\/","title":"Alacak verecek meselesi kanl\u0131 bitti :1 \u00f6l\u00fc","type":"rich","width":600,"height":338,"html":"<blockquote class=\"wp-embedded-content\" data-secret=\"6cDsmKoc6B\"><a href=\"http:\/\/denizcankizil.tr\/uk\/haberler\/antalya\/alacak-verecek-meselesi-kanli-bitti-1-olu\/\">Alacak verecek meselesi kanl\u0131 bitti :1 \u00f6l\u00fc<\/a><\/blockquote><iframe sandbox=\"allow-scripts\" security=\"restricted\" src=\"http:\/\/denizcankizil.tr\/uk\/haberler\/antalya\/alacak-verecek-meselesi-kanli-bitti-1-olu\/embed\/#?secret=6cDsmKoc6B\" width=\"600\" height=\"338\" title=\"&#8220;Alacak verecek meselesi kanl\u0131 bitti :1 \u00f6l\u00fc&#8221; &#8212; Av. Deniz Can K\u0131z\u0131l\" data-secret=\"6cDsmKoc6B\" frameborder=\"0\" marginwidth=\"0\" marginheight=\"0\" scrolling=\"no\" class=\"wp-embedded-content\"><\/iframe><script>\n\/*! This file is auto-generated *\/\n!function(d,l){\"use strict\";l.querySelector&&d.addEventListener&&\"undefined\"!=typeof URL&&(d.wp=d.wp||{},d.wp.receiveEmbedMessage||(d.wp.receiveEmbedMessage=function(e){var t=e.data;if((t||t.secret||t.message||t.value)&&!\/[^a-zA-Z0-9]\/.test(t.secret)){for(var s,r,n,a=l.querySelectorAll('iframe[data-secret=\"'+t.secret+'\"]'),o=l.querySelectorAll('blockquote[data-secret=\"'+t.secret+'\"]'),c=new RegExp(\"^https?:$\",\"i\"),i=0;i<o.length;i++)o[i].style.display=\"none\";for(i=0;i<a.length;i++)s=a[i],e.source===s.contentWindow&&(s.removeAttribute(\"style\"),\"height\"===t.message?(1e3<(r=parseInt(t.value,10))?r=1e3:~~r<200&&(r=200),s.height=r):\"link\"===t.message&&(r=new URL(s.getAttribute(\"src\")),n=new URL(t.value),c.test(n.protocol))&&n.host===r.host&&l.activeElement===s&&(d.top.location.href=t.value))}},d.addEventListener(\"message\",d.wp.receiveEmbedMessage,!1),l.addEventListener(\"DOMContentLoaded\",function(){for(var e,t,s=l.querySelectorAll(\"iframe.wp-embedded-content\"),r=0;r<s.length;r++)(t=(e=s[r]).getAttribute(\"data-secret\"))||(t=Math.random().toString(36).substring(2,12),e.src+=\"#?secret=\"+t,e.setAttribute(\"data-secret\",t)),e.contentWindow.postMessage({message:\"ready\",secret:t},\"*\")},!1)))}(window,document);\n\/\/# sourceURL=http:\/\/denizcankizil.tr\/wp-includes\/js\/wp-embed.min.js\n<\/script>","thumbnail_url":"http:\/\/denizcankizil.tr\/wp-content\/uploads\/2025\/01\/4195-01-TQfwfE.jpeg","thumbnail_width":1280,"thumbnail_height":720,"description":"Olay ak\u015fam saat 21:00 s\u0131ralar\u0131nda Alanya&#8217;n\u0131n G\u00fcllerp\u0131nar\u0131 Mahallesi K\u0131ymal\u0131 Sokak&#8217;ta bulunan bir i\u015fyerinin \u00f6n\u00fcnde meydana geldi. Edinilen bilgilere g\u00f6re ismi \u00f6\u011frenilemeyen 2 \u015f\u00fcpheli motosikletle Medeni \u00d6nem&#8217;in i\u015fletti\u011fi k\u0131raathaneye geldi. Alkoll\u00fc oldu\u011fu iddia edilen \u015f\u00fcpheliler, i\u015fyerinde Medeni \u00d6nem ile tart\u0131\u015ft\u0131ktan sonra d\u0131\u015far\u0131 \u00e7\u0131kt\u0131. D\u0131\u015far\u0131da s\u00fcren tart\u0131\u015fma sonras\u0131nda \u015f\u00fcphelilerden birisi yan\u0131nda getirdi\u011fi b\u0131\u00e7akla Medeni \u00d6nem&#8217;i b\u0131\u00e7aklayarak a\u011f\u0131r yaralad\u0131. B\u0131\u00e7aklayan \u015fah\u0131s olay yerinden ayr\u0131lmazken, di\u011fer \u015f\u00fcpheli b\u0131\u00e7a\u011f\u0131 al\u0131p ka\u00e7arak uzakla\u015ft\u0131 ve ka\u00e7arken b\u0131\u00e7a\u011f\u0131 gizlemek i\u00e7in otomobilin alt\u0131na att\u0131. \u00c7evredeki vatanda\u015flar olay\u0131 112 Acil \u00c7a\u011fr\u0131 merkezine bildirdi. Olay yerine polis, ambulans ve olay yeri inceleme ekibi sevk edildi. Olay yerine gelen ambulans ekipleri durumu a\u011f\u0131r olan Medeni \u00d6nem&#8217;i Alanya Devlet Hastanesi&#8217;ne kald\u0131rd\u0131. Medeni \u00d6nem, yap\u0131lan t\u00fcm m\u00fcdahalelere ra\u011fmen kurtar\u0131lamad\u0131. Medeni \u00d6nem&#8217;i a\u011f\u0131r yaralayan \u015f\u00fcpheli olay yerine gelen polis ekipleri taraf\u0131ndan g\u00f6zalt\u0131na al\u0131n\u0131rken, ka\u00e7an \u015f\u00fcpheli de motorize polis ekipleri taraf\u0131ndan k\u0131sk\u0131vrak yakaland\u0131. Olayla ilgili geni\u015f kapsaml\u0131 inceleme ba\u015flat\u0131ld\u0131. Kaynak: www.kanalv.com.tr Haber Sitesinden Al\u0131nm\u0131\u015ft\u0131r."}