{"version":"1.0","provider_name":"Av. Deniz Can K\u0131z\u0131l","provider_url":"http:\/\/denizcankizil.tr\/ru","author_name":"Hukuki Haber.net","author_url":"http:\/\/denizcankizil.tr\/ru\/author\/hukukihabernet\/","title":"T\u00dcKET\u0130C\u0130 HAKEM HEYETLER\u0130N\u0130N YARGISAL DENET\u0130M\u0130N\u0130N SINIRLARI","type":"rich","width":600,"height":338,"html":"<blockquote class=\"wp-embedded-content\" data-secret=\"zWfjYUiWgw\"><a href=\"http:\/\/denizcankizil.tr\/ru\/hukukihaber\/tuketici-hakem-heyetlerinin-yargisal-denetiminin-sinirlari\/\">T\u00dcKET\u0130C\u0130 HAKEM HEYETLER\u0130N\u0130N YARGISAL DENET\u0130M\u0130N\u0130N SINIRLARI<\/a><\/blockquote><iframe sandbox=\"allow-scripts\" security=\"restricted\" src=\"http:\/\/denizcankizil.tr\/ru\/hukukihaber\/tuketici-hakem-heyetlerinin-yargisal-denetiminin-sinirlari\/embed\/#?secret=zWfjYUiWgw\" width=\"600\" height=\"338\" title=\"\u00abT\u00dcKET\u0130C\u0130 HAKEM HEYETLER\u0130N\u0130N YARGISAL DENET\u0130M\u0130N\u0130N SINIRLARI\u00bb &#8212; Av. Deniz Can K\u0131z\u0131l\" data-secret=\"zWfjYUiWgw\" frameborder=\"0\" marginwidth=\"0\" marginheight=\"0\" scrolling=\"no\" class=\"wp-embedded-content\"><\/iframe><script>\n\/*! This file is auto-generated *\/\n!function(d,l){\"use strict\";l.querySelector&&d.addEventListener&&\"undefined\"!=typeof URL&&(d.wp=d.wp||{},d.wp.receiveEmbedMessage||(d.wp.receiveEmbedMessage=function(e){var t=e.data;if((t||t.secret||t.message||t.value)&&!\/[^a-zA-Z0-9]\/.test(t.secret)){for(var s,r,n,a=l.querySelectorAll('iframe[data-secret=\"'+t.secret+'\"]'),o=l.querySelectorAll('blockquote[data-secret=\"'+t.secret+'\"]'),c=new RegExp(\"^https?:$\",\"i\"),i=0;i<o.length;i++)o[i].style.display=\"none\";for(i=0;i<a.length;i++)s=a[i],e.source===s.contentWindow&&(s.removeAttribute(\"style\"),\"height\"===t.message?(1e3<(r=parseInt(t.value,10))?r=1e3:~~r<200&&(r=200),s.height=r):\"link\"===t.message&&(r=new URL(s.getAttribute(\"src\")),n=new URL(t.value),c.test(n.protocol))&&n.host===r.host&&l.activeElement===s&&(d.top.location.href=t.value))}},d.addEventListener(\"message\",d.wp.receiveEmbedMessage,!1),l.addEventListener(\"DOMContentLoaded\",function(){for(var e,t,s=l.querySelectorAll(\"iframe.wp-embedded-content\"),r=0;r<s.length;r++)(t=(e=s[r]).getAttribute(\"data-secret\"))||(t=Math.random().toString(36).substring(2,12),e.src+=\"#?secret=\"+t,e.setAttribute(\"data-secret\",t)),e.contentWindow.postMessage({message:\"ready\",secret:t},\"*\")},!1)))}(window,document);\n\/\/# sourceURL=http:\/\/denizcankizil.tr\/wp-includes\/js\/wp-embed.min.js\n<\/script>","description":"6502 say\u0131l\u0131 T\u00fcketicinin Korunmas\u0131 Hakk\u0131nda Kanun ile d\u00fczenlenen T\u00fcketici Hakem Heyetleri (THH), \u00f6zellikle d\u00fc\u015f\u00fck mebla\u011fl\u0131 t\u00fcketici uyu\u015fmazl\u0131klar\u0131n\u0131n yarg\u0131ya intikal etmeden \u00e7\u00f6z\u00fcmlenmesini hedefleyen, h\u0131zl\u0131 ve pratik bir alternatif uyu\u015fmazl\u0131k \u00e7\u00f6z\u00fcm mekanizmas\u0131 olarak \u00f6ng\u00f6r\u00fclm\u00fc\u015ft\u00fcr. Ancak zamanla bu heyetlerin verdi\u011fi kararlar\u0131n ba\u011flay\u0131c\u0131l\u0131\u011f\u0131, kararlar\u0131n hukuk\u00e7ular taraf\u0131ndan de\u011fil \u00e7o\u011funlukla idari nitelikteki g\u00f6revlilerce tesis edilmesi ve bu kararlar\u0131n s\u0131n\u0131rl\u0131 yarg\u0131sal denetime tabi olmas\u0131, hukuk devleti ilkesi \u00e7er\u00e7evesinde ele\u015ftiri konusu olmu\u015ftur. T\u00fcketici Hakem Heyetlerinin Hukuki Niteli\u011fi Anayasa Mahkemesinin 2007 tarihli karar\u0131nda yarg\u0131 yetkisini T\u00fcrk Milleti ad\u0131na kullanacak olan bir merciin mahkeme olarak kabul edilmesi i\u00e7in kurulu\u015fu, g\u00f6rev ve yetkileri, i\u015fleyi\u015fi ve yarg\u0131lama usullerinin yasayla itiraz\u0131 d\u00fczenlenmesi, karar organlar\u0131n\u0131n h\u00e2kimlerden te\u015fekk\u00fcl etmesi, yarg\u0131lama tekniklerini uygulayarak ve genelde dava yoluyla uyu\u015fmazl\u0131klar\u0131 ve anla\u015fmazl\u0131klar\u0131 \u00e7\u00f6z\u00fcmlemekle g\u00f6revli olmas\u0131, g\u00f6rev yapan \u00fcyelerin atanmalar\u0131n\u0131n, hak ve \u00f6devlerinin, emekliye ayr\u0131lmalar\u0131n\u0131n, Anayasa&#8217;n\u0131n \u00f6ng\u00f6rd\u00fc\u011f\u00fc mahkemelerin ba\u011f\u0131ms\u0131zl\u0131\u011f\u0131 ve h\u00e2kim teminat\u0131 esaslar\u0131na g\u00f6re d\u00fczenlenmi\u015f olmas\u0131 ve Anayasa&#8217;da say\u0131lan ve ba\u015f\u0131nda bir y\u00fcksek mahkemenin bulundu\u011fu yarg\u0131 d\u00fczenlerinden birinde yer almas\u0131n\u0131n gerekli oldu\u011fu, T\u00fcketici Sorunlar\u0131 Hakem Heyetinin ise, 4077 say\u0131l\u0131 T\u00fcketicinin Korunmas\u0131 Hakk\u0131nda Kanun&#8217;un de\u011fi\u015fik 22nci maddesine g\u00f6re, illerde Sanayi ve Ticaret \u0130l M\u00fcd\u00fcr\u00fc veya g\u00f6revlendirece\u011fi bir memur, il\u00e7elerde kaymakam veya g\u00f6revlendirece\u011fi bir memur ba\u015fkanl\u0131\u011f\u0131nda, belediye, baro, ticaret ve sanayi odas\u0131yla esnaf ve sanatkar odas\u0131 ve t\u00fcketici \u00f6rg\u00fctlerinden se\u00e7ilerek g\u00f6revlendirilecek &hellip;"}