{"version":"1.0","provider_name":"Av. Deniz Can K\u0131z\u0131l","provider_url":"http:\/\/denizcankizil.tr\/ru","author_name":"Hukuki Haber.net","author_url":"http:\/\/denizcankizil.tr\/ru\/author\/hukukihabernet\/","title":"San\u0131\u011fa Ne Zaman Ek Savunma Hakk\u0131 Verilmelidir?","type":"rich","width":600,"height":338,"html":"<blockquote class=\"wp-embedded-content\" data-secret=\"P1QMnwSMSz\"><a href=\"http:\/\/denizcankizil.tr\/ru\/hukukihaber\/saniga-ne-zaman-ek-savunma-hakki-verilmelidir\/\">San\u0131\u011fa Ne Zaman Ek Savunma Hakk\u0131 Verilmelidir?<\/a><\/blockquote><iframe sandbox=\"allow-scripts\" security=\"restricted\" src=\"http:\/\/denizcankizil.tr\/ru\/hukukihaber\/saniga-ne-zaman-ek-savunma-hakki-verilmelidir\/embed\/#?secret=P1QMnwSMSz\" width=\"600\" height=\"338\" title=\"\u00abSan\u0131\u011fa Ne Zaman Ek Savunma Hakk\u0131 Verilmelidir?\u00bb &#8212; Av. Deniz Can K\u0131z\u0131l\" data-secret=\"P1QMnwSMSz\" frameborder=\"0\" marginwidth=\"0\" marginheight=\"0\" scrolling=\"no\" class=\"wp-embedded-content\"><\/iframe><script>\n\/*! This file is auto-generated *\/\n!function(d,l){\"use strict\";l.querySelector&&d.addEventListener&&\"undefined\"!=typeof URL&&(d.wp=d.wp||{},d.wp.receiveEmbedMessage||(d.wp.receiveEmbedMessage=function(e){var t=e.data;if((t||t.secret||t.message||t.value)&&!\/[^a-zA-Z0-9]\/.test(t.secret)){for(var s,r,n,a=l.querySelectorAll('iframe[data-secret=\"'+t.secret+'\"]'),o=l.querySelectorAll('blockquote[data-secret=\"'+t.secret+'\"]'),c=new RegExp(\"^https?:$\",\"i\"),i=0;i<o.length;i++)o[i].style.display=\"none\";for(i=0;i<a.length;i++)s=a[i],e.source===s.contentWindow&&(s.removeAttribute(\"style\"),\"height\"===t.message?(1e3<(r=parseInt(t.value,10))?r=1e3:~~r<200&&(r=200),s.height=r):\"link\"===t.message&&(r=new URL(s.getAttribute(\"src\")),n=new URL(t.value),c.test(n.protocol))&&n.host===r.host&&l.activeElement===s&&(d.top.location.href=t.value))}},d.addEventListener(\"message\",d.wp.receiveEmbedMessage,!1),l.addEventListener(\"DOMContentLoaded\",function(){for(var e,t,s=l.querySelectorAll(\"iframe.wp-embedded-content\"),r=0;r<s.length;r++)(t=(e=s[r]).getAttribute(\"data-secret\"))||(t=Math.random().toString(36).substring(2,12),e.src+=\"#?secret=\"+t,e.setAttribute(\"data-secret\",t)),e.contentWindow.postMessage({message:\"ready\",secret:t},\"*\")},!1)))}(window,document);\n\/\/# sourceURL=http:\/\/denizcankizil.tr\/wp-includes\/js\/wp-embed.min.js\n<\/script>","description":"Ceza davas\u0131n\u0131n konusu, iddianamede anlat\u0131lan eylemdir. H\u00fck\u00fcm, ancak iddianamede anlat\u0131lan eyleme ili\u015fkin olarak verilebilir. Davas\u0131z yarg\u0131lama olmaz. Fakat eylemin hukuksal nitelendirmesi, mahkeme taraf\u0131ndan serbest\u00e7e yap\u0131l\u0131r. Mahkeme, iddianamede anlat\u0131lan eylemin d\u0131\u015f\u0131na \u00e7\u0131kamasa da bu eylemi kendisi nitelendirir. Yeri gelmi\u015fken belirtelim ki, hangi eylemin dava konusu edildi\u011fi, iddianamenin anlat\u0131m\u0131ndan belirlenir ve dava konusu eylem anlat\u0131l\u0131rken ba\u015fka eylemlerden de bahsedilmesi, o eylemlerden dava a\u00e7\u0131ld\u0131\u011f\u0131 anlam\u0131na gelmez. Buna g\u00f6re savunma, hem iddianamede anlat\u0131lan eyleme hem de eylemin hukuksal nitelendirmesine ili\u015fkindir. Dava konusu eylem, yarg\u0131lama boyunca sabit kalmak zorunda ise de mahkemenin hukuksal nitelendirmeyi de\u011fi\u015ftirme yetkisi, savunma hakk\u0131n\u0131 zedeleyebilir. Savunma, do\u011fal olarak iddia edilen hukuksal nitelendirmeye kar\u015f\u0131 yap\u0131lacakt\u0131r. Fakat mahkeme, iddia edilen nitelendirme d\u0131\u015f\u0131nda bir hukuksal niteleme yaparsa, bu nitelemeye kar\u015f\u0131 savunma yap\u0131lmadan karar verilmi\u015f olacakt\u0131r. Bu nedenlerle, yarg\u0131lama yasam\u0131z\u0131n 226. maddesine g\u00f6re, su\u00e7un hukuksal niteli\u011fi de\u011fi\u015fmeden \u00f6nce san\u0131\u011fa, de\u011fi\u015fen bu yeni nitelemeye kar\u015f\u0131 savunma yapmas\u0131 i\u00e7in haber verilmesi gerekir. Bu do\u011frultuda, ek savunma hakk\u0131 tan\u0131nmas\u0131 i\u00e7in hukuksal nitelemenin de\u011fi\u015fmesi yeterlidir. Cezan\u0131n miktar\u0131 \u00f6nemli de\u011fildir. \u00d6rne\u011fin, irtikap su\u00e7undan a\u00e7\u0131lan bir davada savunma da irtikap su\u00e7una ili\u015fkin yap\u0131lacakt\u0131r. E\u011fer eylemin g\u00f6revi k\u00f6t\u00fcye kullanma olabilece\u011fi de\u011ferlendiriliyorsa savunmaya, bu su\u00e7a kar\u015f\u0131 da savunma yapma imk\u00e2n\u0131 tan\u0131nmal\u0131d\u0131r. \u0130lgili maddenin ikinci f\u0131kras\u0131na g\u00f6re, cezan\u0131n art\u0131r\u0131lmas\u0131n\u0131 gereken bir durum ilk defa &hellip;"}