{"version":"1.0","provider_name":"Av. Deniz Can K\u0131z\u0131l","provider_url":"http:\/\/denizcankizil.tr\/ru","author_name":"Hukuki Haber.net","author_url":"http:\/\/denizcankizil.tr\/ru\/author\/hukukihabernet\/","title":"\u0130stanbul Barosu 23 \u015eubat'ta Ola\u011fan\u00fcst\u00fc Kurultay'a gidiyor!","type":"rich","width":600,"height":338,"html":"<blockquote class=\"wp-embedded-content\" data-secret=\"0pMmbENsbj\"><a href=\"http:\/\/denizcankizil.tr\/ru\/hukukihaber\/istanbul-barosu-23-subatta-olaganustu-kurultaya-gidiyor\/\">\u0130stanbul Barosu 23 \u015eubat&#8217;ta Ola\u011fan\u00fcst\u00fc Kurultay&#8217;a gidiyor!<\/a><\/blockquote><iframe sandbox=\"allow-scripts\" security=\"restricted\" src=\"http:\/\/denizcankizil.tr\/ru\/hukukihaber\/istanbul-barosu-23-subatta-olaganustu-kurultaya-gidiyor\/embed\/#?secret=0pMmbENsbj\" width=\"600\" height=\"338\" title=\"\u00ab\u0130stanbul Barosu 23 \u015eubat&#8217;ta Ola\u011fan\u00fcst\u00fc Kurultay&#8217;a gidiyor!\u00bb &#8212; Av. Deniz Can K\u0131z\u0131l\" data-secret=\"0pMmbENsbj\" frameborder=\"0\" marginwidth=\"0\" marginheight=\"0\" scrolling=\"no\" class=\"wp-embedded-content\"><\/iframe><script>\n\/*! This file is auto-generated *\/\n!function(d,l){\"use strict\";l.querySelector&&d.addEventListener&&\"undefined\"!=typeof URL&&(d.wp=d.wp||{},d.wp.receiveEmbedMessage||(d.wp.receiveEmbedMessage=function(e){var t=e.data;if((t||t.secret||t.message||t.value)&&!\/[^a-zA-Z0-9]\/.test(t.secret)){for(var s,r,n,a=l.querySelectorAll('iframe[data-secret=\"'+t.secret+'\"]'),o=l.querySelectorAll('blockquote[data-secret=\"'+t.secret+'\"]'),c=new RegExp(\"^https?:$\",\"i\"),i=0;i<o.length;i++)o[i].style.display=\"none\";for(i=0;i<a.length;i++)s=a[i],e.source===s.contentWindow&&(s.removeAttribute(\"style\"),\"height\"===t.message?(1e3<(r=parseInt(t.value,10))?r=1e3:~~r<200&&(r=200),s.height=r):\"link\"===t.message&&(r=new URL(s.getAttribute(\"src\")),n=new URL(t.value),c.test(n.protocol))&&n.host===r.host&&l.activeElement===s&&(d.top.location.href=t.value))}},d.addEventListener(\"message\",d.wp.receiveEmbedMessage,!1),l.addEventListener(\"DOMContentLoaded\",function(){for(var e,t,s=l.querySelectorAll(\"iframe.wp-embedded-content\"),r=0;r<s.length;r++)(t=(e=s[r]).getAttribute(\"data-secret\"))||(t=Math.random().toString(36).substring(2,12),e.src+=\"#?secret=\"+t,e.setAttribute(\"data-secret\",t)),e.contentWindow.postMessage({message:\"ready\",secret:t},\"*\")},!1)))}(window,document);\n\/\/# sourceURL=http:\/\/denizcankizil.tr\/wp-includes\/js\/wp-embed.min.js\n<\/script>","description":"\u0130stanbul Barosu Ba\u015fkan\u0131 Kabo\u011flu, Ola\u011fan\u00fcst\u00fc Kurultay&#8217;a gideceklerini a\u00e7\u0131klad\u0131. Kabo\u011flu, Kurultay&#8217;\u0131n 23 \u015eubat&#8217;ta ger\u00e7ekle\u015fece\u011fini bildirdi. Ayr\u0131nt\u0131lar geliyor&#8230; &#8220;ME\u015eRU DAYANA\u011eI YOK&#8221; Barodan bas\u0131n toplant\u0131s\u0131 i\u00e7in yap\u0131lan \u00e7a\u011fr\u0131da, &#8220;\u0130stanbul Cumhuriyet Ba\u015fsavc\u0131l\u0131\u011f\u0131 taraf\u0131ndan haz\u0131rlanan 14.01.2025 tarihli Davaname ile \u0130stanbul Barosu Y\u00f6netim Kurulu Ba\u015fkan ve \u00fcyelerinin g\u00f6revlerine son verilmesi, yeni baro ba\u015fkan\u0131 ve y\u00f6netim kurulu \u00fcyeleri se\u00e7ilmesi talebiyle Asliye Hukuk Mahkemesinde dava a\u00e7\u0131ld\u0131\u011f\u0131n\u0131 \u00f6\u011frenmi\u015f bulunmaktay\u0131z. Y\u00f6netim Kurulumuz \u0130stanbul Barosu Genel Kurulu iradesi ile se\u00e7ilmi\u015f olup, Anayasaya, demokrasi ve hukuka ba\u011fl\u0131 olarak g\u00f6rev ve sorumluluklar\u0131n\u0131 yerine getirmektedir. Hi\u00e7bir hukuki ve me\u015fru dayana\u011f\u0131 olmayan bu g\u00f6revden uzakla\u015ft\u0131rma giri\u015fimine kar\u015f\u0131 \u0130stanbul Barosu Genel Kurul iradesine sahip \u00e7\u0131kmak, \u00fcyelerimizi ve kamuoyunu bilgilendirmek y\u00fck\u00fcml\u00fcl\u00fc\u011f\u00fcm\u00fczd\u00fcr.&#8221; denilmi\u015fti. \u200b\u0130stanbul Barosu Ba\u015fkan\u0131 Kabo\u011flu, Ola\u011fan\u00fcst\u00fc Kurultay&#8217;a gideceklerini a\u00e7\u0131klad\u0131. Kabo\u011flu, Kurultay&#8217;\u0131n 23 \u015eubat&#8217;ta ger\u00e7ekle\u015fece\u011fini bildirdi.\u00a0Hukuki Haber"}