{"version":"1.0","provider_name":"Av. Deniz Can K\u0131z\u0131l","provider_url":"http:\/\/denizcankizil.tr\/ru","author_name":"Hukuki Haber.net","author_url":"http:\/\/denizcankizil.tr\/ru\/author\/hukukihabernet\/","title":"\u0130darenin S\u00f6zle\u015fmeye M\u00fcdahalesi","type":"rich","width":600,"height":338,"html":"<blockquote class=\"wp-embedded-content\" data-secret=\"7iKvmXAsek\"><a href=\"http:\/\/denizcankizil.tr\/ru\/hukukihaber\/idarenin-sozlesmeye-mudahalesi\/\">\u0130darenin S\u00f6zle\u015fmeye M\u00fcdahalesi<\/a><\/blockquote><iframe sandbox=\"allow-scripts\" security=\"restricted\" src=\"http:\/\/denizcankizil.tr\/ru\/hukukihaber\/idarenin-sozlesmeye-mudahalesi\/embed\/#?secret=7iKvmXAsek\" width=\"600\" height=\"338\" title=\"\u00ab\u0130darenin S\u00f6zle\u015fmeye M\u00fcdahalesi\u00bb &#8212; Av. Deniz Can K\u0131z\u0131l\" data-secret=\"7iKvmXAsek\" frameborder=\"0\" marginwidth=\"0\" marginheight=\"0\" scrolling=\"no\" class=\"wp-embedded-content\"><\/iframe><script>\n\/*! This file is auto-generated *\/\n!function(d,l){\"use strict\";l.querySelector&&d.addEventListener&&\"undefined\"!=typeof URL&&(d.wp=d.wp||{},d.wp.receiveEmbedMessage||(d.wp.receiveEmbedMessage=function(e){var t=e.data;if((t||t.secret||t.message||t.value)&&!\/[^a-zA-Z0-9]\/.test(t.secret)){for(var s,r,n,a=l.querySelectorAll('iframe[data-secret=\"'+t.secret+'\"]'),o=l.querySelectorAll('blockquote[data-secret=\"'+t.secret+'\"]'),c=new RegExp(\"^https?:$\",\"i\"),i=0;i<o.length;i++)o[i].style.display=\"none\";for(i=0;i<a.length;i++)s=a[i],e.source===s.contentWindow&&(s.removeAttribute(\"style\"),\"height\"===t.message?(1e3<(r=parseInt(t.value,10))?r=1e3:~~r<200&&(r=200),s.height=r):\"link\"===t.message&&(r=new URL(s.getAttribute(\"src\")),n=new URL(t.value),c.test(n.protocol))&&n.host===r.host&&l.activeElement===s&&(d.top.location.href=t.value))}},d.addEventListener(\"message\",d.wp.receiveEmbedMessage,!1),l.addEventListener(\"DOMContentLoaded\",function(){for(var e,t,s=l.querySelectorAll(\"iframe.wp-embedded-content\"),r=0;r<s.length;r++)(t=(e=s[r]).getAttribute(\"data-secret\"))||(t=Math.random().toString(36).substring(2,12),e.src+=\"#?secret=\"+t,e.setAttribute(\"data-secret\",t)),e.contentWindow.postMessage({message:\"ready\",secret:t},\"*\")},!1)))}(window,document);\n\/\/# sourceURL=http:\/\/denizcankizil.tr\/wp-includes\/js\/wp-embed.min.js\n<\/script>","description":"6306 say\u0131l\u0131 Afet Riski Alt\u0131ndaki Alanlar\u0131n D\u00f6n\u00fc\u015ft\u00fcr\u00fclmesi Hakk\u0131nda Kanun, afet riski ta\u015f\u0131yan yap\u0131lar\u0131n h\u0131zl\u0131 ve etkin bi\u00e7imde d\u00f6n\u00fc\u015ft\u00fcr\u00fclmesini sa\u011flamak amac\u0131yla idareye ola\u011fan\u00fcst\u00fc yetkiler tan\u0131maktad\u0131r. Bu yetkilerden biri, riskli yap\u0131lar\u0131n bulundu\u011fu ta\u015f\u0131nmazlarda maliklerin yapm\u0131\u015f oldu\u011fu \u00f6zel hukuk s\u00f6zle\u015fmelerine m\u00fcdahale edebilme yetkisidir. \u00d6zellikle Kanun\u2019un 6\/A maddesiyle birlikte, idareye maliklerin kendi aralar\u0131nda ya da y\u00fckleniciyle yapt\u0131\u011f\u0131 in\u015faat s\u00f6zle\u015fmelerini feshetme ve s\u00fcrece m\u00fcdahale etme yetkisi verilmi\u015ftir. Bu d\u00fczenleme, s\u00f6zle\u015fme serbestisi ve m\u00fclkiyet hakk\u0131 gibi temel anayasal g\u00fcvencelere do\u011frudan m\u00fcdahale anlam\u0131na gelmektedir. Yetkinin s\u0131n\u0131rlar\u0131, kapsam\u0131 ve dayana\u011f\u0131 ise hem idari uygulama hem de yarg\u0131 kararlar\u0131 \u0131\u015f\u0131\u011f\u0131nda \u015fekillenmi\u015ftir. \u0130dareye tan\u0131nan bu m\u00fcdahale yetkisi, bireyler aras\u0131nda ge\u00e7erli \u00f6zel hukuk s\u00f6zle\u015fmelerini yok sayma g\u00fcc\u00fcne sahiptir. Bu nedenle, s\u00f6z konusu m\u00fcdahale ancak belirli \u00f6l\u00e7\u00fctler ve anayasal ilkeler \u00e7er\u00e7evesinde me\u015fru kabul edilebilir. Anayasa Mahkemesi\u2019nin 10.07.2019 tarihli ve E. 2018\/71, K. 2019\/56 say\u0131l\u0131 karar\u0131nda, 6\/A maddesinin iptali talebi de\u011ferlendirilmi\u015f; afet riski ta\u015f\u0131yan yap\u0131lar\u0131n d\u00f6n\u00fc\u015f\u00fcm\u00fcn\u00fcn kamu g\u00fcvenli\u011fi ve kamu yarar\u0131 a\u00e7\u0131s\u0131ndan zorunlu oldu\u011fu vurgulanm\u0131\u015ft\u0131r. Mahkeme, idarenin s\u00f6zle\u015fmeye m\u00fcdahale yetkisinin kamu yarar\u0131n\u0131 ger\u00e7ekle\u015ftirme amac\u0131 ta\u015f\u0131d\u0131\u011f\u0131n\u0131 ve bu m\u00fcdahalenin \u00f6l\u00e7\u00fcl\u00fcl\u00fck ilkesine uygun oldu\u011funu belirterek d\u00fczenlemenin Anayasa\u2019ya ayk\u0131r\u0131 olmad\u0131\u011f\u0131na h\u00fckmetmi\u015ftir. Bu karar, s\u00f6z konusu m\u00fcdahalenin anayasal dayana\u011f\u0131n\u0131 ortaya koymakla birlikte, yetkinin s\u0131n\u0131rlar\u0131n\u0131n keyfi \u015fekilde geni\u015fletilemeyece\u011fini de ima etmektedir. Nitekim Anayasa\u2019n\u0131n 13. ve 35. maddeleri uyar\u0131nca, &hellip;"}