{"version":"1.0","provider_name":"Av. Deniz Can K\u0131z\u0131l","provider_url":"http:\/\/denizcankizil.tr\/ru","author_name":"Hukuki Haber.net","author_url":"http:\/\/denizcankizil.tr\/ru\/author\/hukukihabernet\/","title":"HSK \u00fcyeli\u011fi se\u00e7imi i\u00e7in 15 aday belirlendi","type":"rich","width":600,"height":338,"html":"<blockquote class=\"wp-embedded-content\" data-secret=\"1wpHHYeMb9\"><a href=\"http:\/\/denizcankizil.tr\/ru\/hukukihaber\/hsk-uyeligi-secimi-icin-15-aday-belirlendi\/\">HSK \u00fcyeli\u011fi se\u00e7imi i\u00e7in 15 aday belirlendi<\/a><\/blockquote><iframe sandbox=\"allow-scripts\" security=\"restricted\" src=\"http:\/\/denizcankizil.tr\/ru\/hukukihaber\/hsk-uyeligi-secimi-icin-15-aday-belirlendi\/embed\/#?secret=1wpHHYeMb9\" width=\"600\" height=\"338\" title=\"\u00abHSK \u00fcyeli\u011fi se\u00e7imi i\u00e7in 15 aday belirlendi\u00bb &#8212; Av. Deniz Can K\u0131z\u0131l\" data-secret=\"1wpHHYeMb9\" frameborder=\"0\" marginwidth=\"0\" marginheight=\"0\" scrolling=\"no\" class=\"wp-embedded-content\"><\/iframe><script>\n\/*! This file is auto-generated *\/\n!function(d,l){\"use strict\";l.querySelector&&d.addEventListener&&\"undefined\"!=typeof URL&&(d.wp=d.wp||{},d.wp.receiveEmbedMessage||(d.wp.receiveEmbedMessage=function(e){var t=e.data;if((t||t.secret||t.message||t.value)&&!\/[^a-zA-Z0-9]\/.test(t.secret)){for(var s,r,n,a=l.querySelectorAll('iframe[data-secret=\"'+t.secret+'\"]'),o=l.querySelectorAll('blockquote[data-secret=\"'+t.secret+'\"]'),c=new RegExp(\"^https?:$\",\"i\"),i=0;i<o.length;i++)o[i].style.display=\"none\";for(i=0;i<a.length;i++)s=a[i],e.source===s.contentWindow&&(s.removeAttribute(\"style\"),\"height\"===t.message?(1e3<(r=parseInt(t.value,10))?r=1e3:~~r<200&&(r=200),s.height=r):\"link\"===t.message&&(r=new URL(s.getAttribute(\"src\")),n=new URL(t.value),c.test(n.protocol))&&n.host===r.host&&l.activeElement===s&&(d.top.location.href=t.value))}},d.addEventListener(\"message\",d.wp.receiveEmbedMessage,!1),l.addEventListener(\"DOMContentLoaded\",function(){for(var e,t,s=l.querySelectorAll(\"iframe.wp-embedded-content\"),r=0;r<s.length;r++)(t=(e=s[r]).getAttribute(\"data-secret\"))||(t=Math.random().toString(36).substring(2,12),e.src+=\"#?secret=\"+t,e.setAttribute(\"data-secret\",t)),e.contentWindow.postMessage({message:\"ready\",secret:t},\"*\")},!1)))}(window,document);\n\/\/# sourceURL=http:\/\/denizcankizil.tr\/wp-includes\/js\/wp-embed.min.js\n<\/script>","description":"TBMM Anayasa ve Adalet Karma Komisyonu&#8217;nda H\u00e2kimler ve Savc\u0131lar Kurulu se\u00e7imi i\u00e7in topland\u0131. Toplant\u0131 \u00f6ncesinde AK Parti ve CHP aras\u0131nda anla\u015fma sa\u011flanm\u0131\u015ft\u0131. Buna g\u00f6re; Meclis Genel Kurulu\u2019nda se\u00e7ilecek 5 \u00fcyeden 3\u2019\u00fcn\u00fcn AK Parti, 1\u2019nin MHP, 1\u2019nin ise CHP kontenjan\u0131ndan olmas\u0131 kararla\u015ft\u0131r\u0131ld\u0131. Ancak; toplant\u0131ya saatler kala CHP, 5 HSK \u00fcyeli\u011finden 2\u2019sinin kendilerine verilmesini isteyince uzla\u015f\u0131 bozuldu. 101 isim i\u00e7in oylama yap\u0131ld\u0131. Se\u00e7imlerin 1&#8217;inci turunda sonu\u00e7 \u00e7\u0131kmay\u0131nca 2&#8217;inci tura ge\u00e7ildi. 2&#8217;inci turda CHP usul tart\u0131\u015fmas\u0131 a\u00e7t\u0131. CHP&#8217;li komisyon \u00fcyeleri, se\u00e7imde i\u00e7 t\u00fcz\u00fck ve anayasa ihlali oldu\u011funu belirterek se\u00e7imden \u00e7ekildi. CHP ile birlikte Yeni Yol Grubu da se\u00e7imi terk etti. CHP\u2019nin Anayasa Mahkemesi\u2019ne gidece\u011fi \u00f6\u011frenildi. GENEL KURUL BEL\u0130RLEND\u0130 Karma Komisyonda daha sonra 5\u2019te 3 \u00e7o\u011funlukla 15 \u00fcye belirlendi. 15 isimden 5\u2019i Meclis Genel Kurulu\u2019nda yeni HSK \u00fcyesi olarak belirlenecek. Bu isimlerden 3\u2019\u00fc Yarg\u0131tay, 1\u2019i Dan\u0131\u015ftay, 1\u2019i ise avukat ya da akademisyen kontenjan\u0131ndan se\u00e7ilecek. \u0130\u015eTE 15 \u0130S\u0130M Karma Komisyonda belirlenen 15 isim \u015f\u00f6yle; Yarg\u0131tay kontenjan\u0131 adaylar\u0131; 1. \u00dcyelik; Fuzuli Aydo\u011fdu, \u00d6mer Faruk Ayd\u0131ner, Mustafa Yap\u0131c\u0131 2. \u00dcyelik; \u0130brahim Temir, Hakan T\u00fcrk\u00f6n, Hakan Y\u00fcksel 3. \u00dcyelik; Seyfi Han, \u015eerafettin Saka, Erg\u00fcn \u015eahin Dan\u0131\u015ftay \u00fcyeleri kontenjan\u0131 adaylar\u0131; Kemal A\u00e7\u0131kg\u00f6z, Aysel Demirel, Cengiz Aydemir Y\u00fcksek\u00f6\u011fretim ve avukat kontenjan\u0131 adaylar\u0131; Hasan O\u011fuz Alt\u0131nkaynak, Figen \u015ea\u015ft\u0131m, Ali\u015fan Tiryaki HSK\u2019NIN &hellip;"}