{"version":"1.0","provider_name":"Av. Deniz Can K\u0131z\u0131l","provider_url":"http:\/\/denizcankizil.tr\/ru","author_name":"Hukuki Haber.net","author_url":"http:\/\/denizcankizil.tr\/ru\/author\/hukukihabernet\/","title":"CHP - GENEL KURUL - KAYYUM","type":"rich","width":600,"height":338,"html":"<blockquote class=\"wp-embedded-content\" data-secret=\"n6Boen7VSp\"><a href=\"http:\/\/denizcankizil.tr\/ru\/hukukihaber\/chp-genel-kurul-kayyum\/\">CHP &#8211; GENEL KURUL &#8211; KAYYUM<\/a><\/blockquote><iframe sandbox=\"allow-scripts\" security=\"restricted\" src=\"http:\/\/denizcankizil.tr\/ru\/hukukihaber\/chp-genel-kurul-kayyum\/embed\/#?secret=n6Boen7VSp\" width=\"600\" height=\"338\" title=\"\u00abCHP &#8211; GENEL KURUL &#8211; KAYYUM\u00bb &#8212; Av. Deniz Can K\u0131z\u0131l\" data-secret=\"n6Boen7VSp\" frameborder=\"0\" marginwidth=\"0\" marginheight=\"0\" scrolling=\"no\" class=\"wp-embedded-content\"><\/iframe><script>\n\/*! This file is auto-generated *\/\n!function(d,l){\"use strict\";l.querySelector&&d.addEventListener&&\"undefined\"!=typeof URL&&(d.wp=d.wp||{},d.wp.receiveEmbedMessage||(d.wp.receiveEmbedMessage=function(e){var t=e.data;if((t||t.secret||t.message||t.value)&&!\/[^a-zA-Z0-9]\/.test(t.secret)){for(var s,r,n,a=l.querySelectorAll('iframe[data-secret=\"'+t.secret+'\"]'),o=l.querySelectorAll('blockquote[data-secret=\"'+t.secret+'\"]'),c=new RegExp(\"^https?:$\",\"i\"),i=0;i<o.length;i++)o[i].style.display=\"none\";for(i=0;i<a.length;i++)s=a[i],e.source===s.contentWindow&&(s.removeAttribute(\"style\"),\"height\"===t.message?(1e3<(r=parseInt(t.value,10))?r=1e3:~~r<200&&(r=200),s.height=r):\"link\"===t.message&&(r=new URL(s.getAttribute(\"src\")),n=new URL(t.value),c.test(n.protocol))&&n.host===r.host&&l.activeElement===s&&(d.top.location.href=t.value))}},d.addEventListener(\"message\",d.wp.receiveEmbedMessage,!1),l.addEventListener(\"DOMContentLoaded\",function(){for(var e,t,s=l.querySelectorAll(\"iframe.wp-embedded-content\"),r=0;r<s.length;r++)(t=(e=s[r]).getAttribute(\"data-secret\"))||(t=Math.random().toString(36).substring(2,12),e.src+=\"#?secret=\"+t,e.setAttribute(\"data-secret\",t)),e.contentWindow.postMessage({message:\"ready\",secret:t},\"*\")},!1)))}(window,document);\n\/\/# sourceURL=http:\/\/denizcankizil.tr\/wp-includes\/js\/wp-embed.min.js\n<\/script>","description":"Cumhuriyet halk Partisi Genel Kurul\u2019unun iptali i\u00e7in a\u00e7\u0131lan davada bir\u00e7ok bilinmeyen var. Hangi tarihli Genel Kurul\u2019un iptali isteminin, kimin taraf\u0131ndan, hangi nedenle istendi\u011fi, a\u00e7\u0131lan davan\u0131n yasalara ve hukuka uygun olup olmad\u0131\u011f\u0131 bilinmeden ve tart\u0131\u015f\u0131lmadan, sanki iptal karar\u0131 verilmi\u015f gibi, kimin kayyum veya ge\u00e7ici Genel Ba\u015fkan olaca\u011f\u0131 tart\u0131\u015f\u0131l\u0131yor. Dava kabul edilmese dahi, yap\u0131lan bu tart\u0131\u015fmalar, Partiye ve demokrasiye, davan\u0131n kabul\u00fcnden daha fazla zarar veriyor. CHP\u2019nin 4-5 Kas\u0131m 2023 tarihinde ger\u00e7ekle\u015fen 38. Ola\u011fan Kurultay\u2019\u0131n\u0131n iptali i\u00e7in, Cumhuriyet Savc\u0131l\u0131\u011f\u0131\u2019na yap\u0131lan su\u00e7 ihbar\u0131 ve ba\u015fvuru sonras\u0131nda, kurultaya kat\u0131lan bir ka\u00e7 CHP\u2019li taraf\u0131ndan Genel Kurul\u2019un iptali davas\u0131 a\u00e7\u0131ld\u0131. Dava, Ankara 42. Asliye Hukuk Mahkemesinde g\u00f6r\u00fclmekte idi. Bu davan\u0131n kabul\u00fc halinde, Partinin zarar g\u00f6rmemesi i\u00e7in, 6 Nisan 2025 tarihinde 21. Ola\u011fan\u00fcst\u00fc Genel Kurul yap\u0131ld\u0131 ve \u00f6nceki Ola\u011fan Genel Kurul\u2019da se\u00e7ilen Genel Ba\u015fkan ve Y\u00f6netim tekrar se\u00e7ildi. Bu Ola\u011fan\u00fcst\u00fc Genel Kurul\u2019un iptali i\u00e7in de Ankara 41. Asliye Hukuk Mahkemesinde bir dava daha a\u00e7\u0131ld\u0131. Her iki dava Ankara 42. Asliye Hukuk Mahkemesinde birle\u015ftirildi. \u0130lk duru\u015fma 17 Nisan 2025 tarihinde yap\u0131ld\u0131 ve eksik evrak ve belgeler istendi. 26 May\u0131s 2025 tarihindeki ikinci duru\u015fmada, evraklar\u0131n istemi ile ilgili s\u00fcre\u00e7 uzat\u0131larak duru\u015fma 30 Haziran tarihine b\u0131rak\u0131ld\u0131. Normal olarak ilk duru\u015fman\u0131n ve sonraki duru\u015fmalar\u0131n aylar sonras\u0131na b\u0131rak\u0131lmas\u0131na al\u0131\u015f\u0131lan yarg\u0131lama s\u00fcrecinde, duru\u015fmalar\u0131n bu &hellip;"}