{"version":"1.0","provider_name":"Av. Deniz Can K\u0131z\u0131l","provider_url":"http:\/\/denizcankizil.tr\/ru","author_name":"Hukuki Haber.net","author_url":"http:\/\/denizcankizil.tr\/ru\/author\/hukukihabernet\/","title":"AYM'nin 2021\/32238 ba\u015fvuru numaral\u0131 karar\u0131","type":"rich","width":600,"height":338,"html":"<blockquote class=\"wp-embedded-content\" data-secret=\"fSnhtnKP9p\"><a href=\"http:\/\/denizcankizil.tr\/ru\/hukukihaber\/aymnin-2021-32238-basvuru-numarali-karari\/\">AYM&#8217;nin 2021\/32238 ba\u015fvuru numaral\u0131 karar\u0131<\/a><\/blockquote><iframe sandbox=\"allow-scripts\" security=\"restricted\" src=\"http:\/\/denizcankizil.tr\/ru\/hukukihaber\/aymnin-2021-32238-basvuru-numarali-karari\/embed\/#?secret=fSnhtnKP9p\" width=\"600\" height=\"338\" title=\"\u00abAYM&#8217;nin 2021\/32238 ba\u015fvuru numaral\u0131 karar\u0131\u00bb &#8212; Av. Deniz Can K\u0131z\u0131l\" data-secret=\"fSnhtnKP9p\" frameborder=\"0\" marginwidth=\"0\" marginheight=\"0\" scrolling=\"no\" class=\"wp-embedded-content\"><\/iframe><script>\n\/*! This file is auto-generated *\/\n!function(d,l){\"use strict\";l.querySelector&&d.addEventListener&&\"undefined\"!=typeof URL&&(d.wp=d.wp||{},d.wp.receiveEmbedMessage||(d.wp.receiveEmbedMessage=function(e){var t=e.data;if((t||t.secret||t.message||t.value)&&!\/[^a-zA-Z0-9]\/.test(t.secret)){for(var s,r,n,a=l.querySelectorAll('iframe[data-secret=\"'+t.secret+'\"]'),o=l.querySelectorAll('blockquote[data-secret=\"'+t.secret+'\"]'),c=new RegExp(\"^https?:$\",\"i\"),i=0;i<o.length;i++)o[i].style.display=\"none\";for(i=0;i<a.length;i++)s=a[i],e.source===s.contentWindow&&(s.removeAttribute(\"style\"),\"height\"===t.message?(1e3<(r=parseInt(t.value,10))?r=1e3:~~r<200&&(r=200),s.height=r):\"link\"===t.message&&(r=new URL(s.getAttribute(\"src\")),n=new URL(t.value),c.test(n.protocol))&&n.host===r.host&&l.activeElement===s&&(d.top.location.href=t.value))}},d.addEventListener(\"message\",d.wp.receiveEmbedMessage,!1),l.addEventListener(\"DOMContentLoaded\",function(){for(var e,t,s=l.querySelectorAll(\"iframe.wp-embedded-content\"),r=0;r<s.length;r++)(t=(e=s[r]).getAttribute(\"data-secret\"))||(t=Math.random().toString(36).substring(2,12),e.src+=\"#?secret=\"+t,e.setAttribute(\"data-secret\",t)),e.contentWindow.postMessage({message:\"ready\",secret:t},\"*\")},!1)))}(window,document);\n\/\/# sourceURL=http:\/\/denizcankizil.tr\/wp-includes\/js\/wp-embed.min.js\n<\/script>","description":"T\u00dcRK\u0130YE CUMHUR\u0130YET\u0130 ANAYASA MAHKEMES\u0130 \u0130K\u0130NC\u0130 B\u00d6L\u00dcM KARAR PINAR ALKAN BA\u015eVURUSU (Ba\u015fvuru Numaras\u0131: 2021\/32238) Karar Tarihi: 15\/4\/2025 \u0130K\u0130NC\u0130 B\u00d6L\u00dcM KARAR Ba\u015fkan : Basri BA\u011eCI \u00dcyeler : Y\u0131ld\u0131z SEFER\u0130NO\u011eLU Kenan YA\u015eAR \u00d6mer \u00c7INAR Metin KIRATLI Raport\u00f6r : \u015eehadet \u00d6ZT\u00dcRK Ba\u015fvurucu : P\u0131nar ALKAN Vekili : Av. Bedia BORAN BULUT I. BA\u015eVURUNUN \u00d6ZET\u0130 1. Ba\u015fvuru, kamu makamlar\u0131 taraf\u0131ndan \u00f6ng\u00f6r\u00fclebilir ve \u00f6nlenebilir nitelikteki canl\u0131 bomba sald\u0131r\u0131s\u0131 sonucu meydana gelen yaralanma ve bu olaydan do\u011fan zararlar\u0131n tazmini talebiyle a\u00e7\u0131lan davan\u0131n k\u0131smen reddedilmesi nedeniyle ya\u015fam hakk\u0131 ba\u015fta olmak \u00fczere anayasal haklar\u0131n ihlal edildi\u011fi iddialar\u0131na ili\u015fkindir. 2. Baz\u0131 sivil toplum kurulu\u015flar\u0131nca gerekli yasal izinler al\u0131narak 10\/10\/2015 Cumartesi g\u00fcn\u00fc 12.00-16.00 saatleri aras\u0131nda Ankara&#8217;da bar\u0131\u015f, emek ve demokrasi konulu bir miting yap\u0131lmas\u0131 kararla\u015ft\u0131r\u0131lm\u0131\u015ft\u0131r. Planlamaya g\u00f6re farkl\u0131 \u015fehirlerden gelen gruplar Ankara Tren Gar\u0131&#8217;nda toplanacak ve Talatpa\u015fa Bulvar\u0131, Opera Meydan\u0131 ile Atat\u00fcrk Bulvar\u0131&#8217;n\u0131 takiben S\u0131hh\u0131ye Meydan\u0131&#8217;na y\u00fcr\u00fcyecektir. Ankara Tren Gar\u0131 \u00f6n\u00fcnde 10\/10\/2015 tarihinde toplanan kalabal\u0131\u011f\u0131n haz\u0131rl\u0131klar\u0131 s\u00fcrerken saat 10.04 s\u0131ralar\u0131nda pe\u015f pe\u015fe iki patlama meydana gelmi\u015f, olay nedeniyle pek \u00e7ok ki\u015fi \u00f6lm\u00fc\u015f ve yaralanm\u0131\u015ft\u0131r (Hasan K\u0131l\u0131\u00e7 [2. B.], B. No: 2018\/22085, 27\/1\/2021, \u00a7\u00a7 7, 8). Mitinge kat\u0131lmak i\u00e7in Antalya&#8217;dan Ankara&#8217;ya gelen ba\u015fvurucu da patlama sonucu v\u00fccuduna isabet eden bilye taneleri nedeniyle yaralanm\u0131\u015ft\u0131r. 3. Ankara Cumhuriyet Ba\u015fsavc\u0131l\u0131\u011f\u0131n\u0131n olay hakk\u0131nda y\u00fcr\u00fctt\u00fc\u011f\u00fc soru\u015fturmada sald\u0131r\u0131n\u0131n &hellip;"}